{"id":21045,"date":"2026-02-09T13:51:13","date_gmt":"2026-02-09T13:51:13","guid":{"rendered":"https:\/\/cameratanordica.com\/konsert-arkiv\/"},"modified":"2026-02-09T20:21:00","modified_gmt":"2026-02-09T20:21:00","slug":"konsert-arkiv","status":"publish","type":"page","link":"https:\/\/cameratanordica.com\/sv\/konsert-arkiv\/","title":{"rendered":"Konsert arkiv"},"content":{"rendered":"<p><div class=\"fusion-bg-parallax\" data-bg-align=\"center center\" data-direction=\"down\" data-mute=\"false\" data-opacity=\"100\" data-velocity=\"-0.3\" data-mobile-enabled=\"false\" data-break_parents=\"0\" data-bg-image=\"https:\/\/cameratanordica.com\/wp-content\/uploads\/2023\/06\/1-scaled.jpg\" data-bg-repeat=\"false\" data-blend-mode=\"overlay\" ><\/div><div class=\"fusion-fullwidth fullwidth-box fusion-builder-row-1 fusion-flex-container has-pattern-background has-mask-background fusion-parallax-down nonhundred-percent-fullwidth non-hundred-percent-height-scrolling\" style=\"--awb-background-blend-mode:overlay;--awb-border-radius-top-left:0px;--awb-border-radius-top-right:0px;--awb-border-radius-bottom-right:0px;--awb-border-radius-bottom-left:0px;--awb-padding-right:6vw;--awb-padding-left:6vw;--awb-margin-top:0px;--awb-min-height:700px;--awb-background-color:rgba(0,0,0,0);--awb-background-image:url(&quot;https:\/\/cameratanordica.com\/wp-content\/uploads\/2023\/06\/1-scaled.jpg&quot;);--awb-background-size:cover;--awb-flex-wrap:wrap;\" ><div class=\"fusion-builder-row fusion-row fusion-flex-align-items-flex-start fusion-flex-content-wrap\" style=\"max-width:1248px;margin-left: calc(-4% \/ 2 );margin-right: calc(-4% \/ 2 );\"><div class=\"fusion-layout-column fusion_builder_column fusion-builder-column-0 fusion_builder_column_2_3 2_3 fusion-flex-column fusion-flex-align-self-flex-end\" style=\"--awb-bg-size:cover;--awb-width-large:66.666666666667%;--awb-margin-top-large:10px;--awb-spacing-right-large:2.88%;--awb-margin-bottom-large:10px;--awb-spacing-left-large:2.88%;--awb-width-medium:100%;--awb-order-medium:0;--awb-spacing-right-medium:1.92%;--awb-spacing-left-medium:1.92%;--awb-width-small:100%;--awb-order-small:0;--awb-spacing-right-small:1.92%;--awb-spacing-left-small:1.92%;\"><div class=\"fusion-column-wrapper fusion-column-has-shadow fusion-flex-justify-content-flex-start fusion-content-layout-column\"><div class=\"fusion-title title fusion-title-1 fusion-sep-none fusion-title-text fusion-title-size-one\" style=\"--awb-text-color:#ffffff;--awb-margin-top-small:0px;--awb-margin-right-small:0px;--awb-margin-bottom-small:20px;--awb-margin-left-small:0px;\"><h1 class=\"fusion-title-heading title-heading-left fusion-responsive-typography-calculated\" style=\"font-family:-apple-system, BlinkMacSystemFont, &#039;Segoe UI&#039;, Roboto, Oxygen-Sans, Ubuntu, Cantarell, &#039;Helvetica Neue&#039; ,sans-serif;font-style:normal;font-weight:700;margin:0;text-transform:uppercase;--fontSize:120;line-height:1;\">Konsert arkiv<\/h1><\/div><div class=\"fusion-title title fusion-title-2 fusion-title-text fusion-title-size-four\" style=\"--awb-margin-top-small:0px;--awb-margin-right-small:0px;--awb-margin-bottom-small:20px;--awb-margin-left-small:0px;\"><div class=\"title-sep-container title-sep-container-left fusion-no-large-visibility fusion-no-medium-visibility fusion-no-small-visibility\"><div class=\"title-sep sep-double sep-solid\" style=\"border-color:#e0dede;\"><\/div><\/div><span class=\"awb-title-spacer fusion-no-large-visibility fusion-no-medium-visibility fusion-no-small-visibility\"><\/span><h4 class=\"fusion-title-heading title-heading-left fusion-responsive-typography-calculated\" style=\"margin:0;--fontSize:20;line-height:1.5;\">Utforska ett urval av tidigare konserter, f\u00f6rest\u00e4llningar, turn\u00e9er, festivaler och sammankomster.<\/h4><span class=\"awb-title-spacer\"><\/span><div class=\"title-sep-container title-sep-container-right\"><div class=\"title-sep sep-double sep-solid\" style=\"border-color:#e0dede;\"><\/div><\/div><\/div><\/div><\/div><\/div><\/div><div class=\"fusion-fullwidth fullwidth-box fusion-builder-row-2 fusion-flex-container has-pattern-background has-mask-background nonhundred-percent-fullwidth non-hundred-percent-height-scrolling fusion-sticky-container\" style=\"--awb-border-radius-top-left:0px;--awb-border-radius-top-right:0px;--awb-border-radius-bottom-right:0px;--awb-border-radius-bottom-left:0px;--awb-margin-bottom:5%;--awb-background-color:#000000;--awb-sticky-background-color:#000000 !important;--awb-flex-wrap:wrap;\" data-transition-offset=\"0\" data-sticky-offset=\"70\" data-scroll-offset=\"0\" data-sticky-small-visibility=\"1\" data-sticky-medium-visibility=\"1\" data-sticky-large-visibility=\"1\" ><div class=\"fusion-builder-row fusion-row fusion-flex-align-items-flex-start fusion-flex-content-wrap\" style=\"max-width:1248px;margin-left: calc(-4% \/ 2 );margin-right: calc(-4% \/ 2 );\"><div class=\"fusion-layout-column fusion_builder_column fusion-builder-column-1 awb-sticky awb-sticky-small awb-sticky-medium awb-sticky-large fusion_builder_column_1_1 1_1 fusion-flex-column\" style=\"--awb-bg-size:cover;--awb-width-large:100%;--awb-margin-top-large:10px;--awb-spacing-right-large:1.92%;--awb-margin-bottom-large:10px;--awb-spacing-left-large:1.92%;--awb-width-medium:100%;--awb-order-medium:0;--awb-spacing-right-medium:1.92%;--awb-spacing-left-medium:1.92%;--awb-width-small:100%;--awb-order-small:0;--awb-spacing-right-small:1.92%;--awb-spacing-left-small:1.92%;\"><div class=\"fusion-column-wrapper fusion-column-has-shadow fusion-flex-justify-content-flex-start fusion-content-layout-column\"><nav class=\"awb-menu awb-menu_row awb-menu_em-hover mobile-mode-collapse-to-button awb-menu_icons-left awb-menu_dc-yes mobile-trigger-fullwidth-off awb-menu_mobile-toggle awb-menu_indent-left mobile-size-full-absolute loading mega-menu-loading awb-menu_desktop awb-menu_dropdown awb-menu_expand-right awb-menu_transition-fade\" style=\"--awb-font-size:13px;--awb-text-transform:uppercase;--awb-gap:1%;--awb-align-items:center;--awb-items-padding-bottom:2px;--awb-items-padding-left:5px;--awb-color:#ffffff;--awb-active-color:#ff0000;--awb-active-border-bottom:1px;--awb-active-border-left:1px;--awb-active-border-color:#ff0000;--awb-icons-size:14;--awb-main-justify-content:flex-start;--awb-mobile-justify:flex-start;--awb-mobile-caret-left:auto;--awb-mobile-caret-right:0;--awb-fusion-font-family-typography:&quot;Montserrat&quot;;--awb-fusion-font-style-typography:normal;--awb-fusion-font-weight-typography:400;--awb-fusion-font-family-submenu-typography:inherit;--awb-fusion-font-style-submenu-typography:normal;--awb-fusion-font-weight-submenu-typography:400;--awb-fusion-font-family-mobile-typography:inherit;--awb-fusion-font-style-mobile-typography:normal;--awb-fusion-font-weight-mobile-typography:400;\" aria-label=\"Off canvas 1\" data-breakpoint=\"0\" data-count=\"0\" data-transition-type=\"fade\" data-transition-time=\"300\" data-expand=\"right\"><ul id=\"menu-off-canvas-1-swedish\" class=\"fusion-menu awb-menu__main-ul awb-menu__main-ul_row\"><li  id=\"menu-item-19809\"  class=\"menu-item menu-item-type-post_type menu-item-object-page menu-item-19809 awb-menu__li awb-menu__main-li awb-menu__main-li_regular\"  data-item-id=\"19809\"><span class=\"awb-menu__main-background-default awb-menu__main-background-default_fade\"><\/span><span class=\"awb-menu__main-background-active awb-menu__main-background-active_fade\"><\/span><a  href=\"https:\/\/cameratanordica.com\/sv\/program-biljetter\/\" class=\"awb-menu__main-a awb-menu__main-a_regular\"><span class=\"menu-text\">Program &amp; biljetter<\/span><\/a><\/li><li  id=\"menu-item-21060\"  class=\"menu-item menu-item-type-post_type menu-item-object-page menu-item-21060 awb-menu__li awb-menu__main-li awb-menu__main-li_regular\"  data-item-id=\"21060\"><span class=\"awb-menu__main-background-default awb-menu__main-background-default_fade\"><\/span><span class=\"awb-menu__main-background-active awb-menu__main-background-active_fade\"><\/span><a  href=\"https:\/\/cameratanordica.com\/sv\/konsert-arkiv\/\" class=\"awb-menu__main-a awb-menu__main-a_regular\"><span class=\"menu-text\">Konsert arkiv<\/span><\/a><\/li><li  id=\"menu-item-19811\"  class=\"menu-item menu-item-type-post_type menu-item-object-page menu-item-19811 awb-menu__li awb-menu__main-li awb-menu__main-li_regular\"  data-item-id=\"19811\"><span class=\"awb-menu__main-background-default awb-menu__main-background-default_fade\"><\/span><span class=\"awb-menu__main-background-active awb-menu__main-background-active_fade\"><\/span><a  href=\"https:\/\/cameratanordica.com\/sv\/presentkort\/\" class=\"awb-menu__main-a awb-menu__main-a_regular\"><span class=\"menu-text\">Presentkort<\/span><\/a><\/li><li  id=\"menu-item-19812\"  class=\"menu-item menu-item-type-post_type menu-item-object-page menu-item-19812 awb-menu__li awb-menu__main-li awb-menu__main-li_regular\"  data-item-id=\"19812\"><span class=\"awb-menu__main-background-default awb-menu__main-background-default_fade\"><\/span><span class=\"awb-menu__main-background-active awb-menu__main-background-active_fade\"><\/span><a  href=\"https:\/\/cameratanordica.com\/sv\/biljettinformation\/\" class=\"awb-menu__main-a awb-menu__main-a_regular\"><span class=\"menu-text\">Biljettinformation<\/span><\/a><\/li><li  id=\"menu-item-19810\"  class=\"menu-item menu-item-type-post_type menu-item-object-page menu-item-19810 awb-menu__li awb-menu__main-li awb-menu__main-li_regular\"  data-item-id=\"19810\"><span class=\"awb-menu__main-background-default awb-menu__main-background-default_fade\"><\/span><span class=\"awb-menu__main-background-active awb-menu__main-background-active_fade\"><\/span><a  href=\"https:\/\/cameratanordica.com\/sv\/sasong-23-24\/\" class=\"awb-menu__main-a awb-menu__main-a_regular\"><span class=\"menu-text\">Arkiv s\u00e4songsprogram<\/span><\/a><\/li><li  id=\"menu-item-20795\"  class=\"menu-item menu-item-type-post_type menu-item-object-page menu-item-20795 awb-menu__li awb-menu__main-li awb-menu__main-li_regular\"  data-item-id=\"20795\"><span class=\"awb-menu__main-background-default awb-menu__main-background-default_fade\"><\/span><span class=\"awb-menu__main-background-active awb-menu__main-background-active_fade\"><\/span><a  href=\"https:\/\/cameratanordica.com\/sv\/camerata-nordicas-vanner\/\" class=\"awb-menu__main-a awb-menu__main-a_regular\"><span class=\"menu-text\">Camerata v\u00e4nner<\/span><\/a><\/li><\/ul><\/nav><\/div><\/div><\/div><\/div><div class=\"fusion-fullwidth fullwidth-box fusion-builder-row-3 fusion-flex-container has-pattern-background has-mask-background nonhundred-percent-fullwidth non-hundred-percent-height-scrolling\" style=\"--awb-border-radius-top-left:0px;--awb-border-radius-top-right:0px;--awb-border-radius-bottom-right:0px;--awb-border-radius-bottom-left:0px;--awb-background-color:#000000;--awb-flex-wrap:wrap;\" ><div class=\"fusion-builder-row fusion-row fusion-flex-align-items-flex-start fusion-flex-content-wrap\" style=\"max-width:1248px;margin-left: calc(-4% \/ 2 );margin-right: calc(-4% \/ 2 );\"><div class=\"fusion-layout-column fusion_builder_column fusion-builder-column-2 fusion_builder_column_1_4 1_4 fusion-flex-column fusion-flex-align-self-stretch\" style=\"--awb-bg-size:cover;--awb-width-large:25%;--awb-margin-top-large:2%;--awb-spacing-right-large:7.68%;--awb-margin-bottom-large:0px;--awb-spacing-left-large:7.68%;--awb-width-medium:100%;--awb-order-medium:0;--awb-spacing-right-medium:1.92%;--awb-spacing-left-medium:1.92%;--awb-width-small:100%;--awb-order-small:0;--awb-spacing-right-small:1.92%;--awb-spacing-left-small:1.92%;\"><div class=\"fusion-column-wrapper fusion-column-has-shadow fusion-flex-justify-content-flex-start fusion-content-layout-column\"><div class=\"fusion-title title fusion-title-3 fusion-sep-none fusion-title-text fusion-title-size-three\" style=\"--awb-text-color:#ffffff;--awb-margin-top-small:0px;--awb-margin-right-small:0px;--awb-margin-bottom-small:20px;--awb-margin-left-small:0px;--awb-font-size:30px;\"><h3 class=\"fusion-title-heading title-heading-left fusion-responsive-typography-calculated\" style=\"margin:0;font-size:1em;--fontSize:30;line-height:1.5;\">Filtrera efter<\/h3><\/div><\/div><\/div><div class=\"fusion-layout-column fusion_builder_column fusion-builder-column-3 fusion_builder_column_1_4 1_4 fusion-flex-column\" style=\"--awb-bg-size:cover;--awb-width-large:25%;--awb-margin-top-large:2%;--awb-spacing-right-large:7.68%;--awb-margin-bottom-large:0px;--awb-spacing-left-large:7.68%;--awb-width-medium:100%;--awb-order-medium:0;--awb-spacing-right-medium:1.92%;--awb-spacing-left-medium:1.92%;--awb-width-small:100%;--awb-order-small:0;--awb-spacing-right-small:1.92%;--awb-spacing-left-small:1.92%;\"><div class=\"fusion-column-wrapper fusion-column-has-shadow fusion-flex-justify-content-flex-start fusion-content-layout-column\"><div class=\"wpgb-facet wpgb-loading wpgb-facet-3\" data-facet=\"3\" data-grid=\"1\">\t<fieldset>\n\t\t<legend class=\"wpgb-facet-title wpgb-sr-only\">Location<\/legend>\n\t\t<div class=\"wpgb-select-facet\"><label><span class=\"wpgb-sr-only\">Select content<\/span><select class=\"wpgb-select\" name=\"location\"><option value=\"\">Ort<\/option><option value=\"goteborg\">G\u00f6teborg<\/option><option value=\"new-york\">New-York<\/option><option value=\"stockholm\">Stockholm<\/option><option value=\"cedar-city\">Cedar City<\/option><option value=\"durham\">Durham<\/option><option value=\"edmond\">Edmond<\/option><option value=\"greenville\">Greenville<\/option><option value=\"healdsburg\">Healdsburg<\/option><option value=\"holland\">Holland<\/option><option value=\"kalmar-sv\">Kalmar<\/option><option value=\"laguna-woods\">Laguna Woods<\/option><option value=\"minneapolis\">Minneapolis<\/option><option value=\"san-francisco\">San Francisco<\/option><option value=\"tigerville\">Tigerville<\/option><option value=\"vimmerby-sv\">Vimmerby<\/option><option value=\"washington\">Washington<\/option><\/select><span class=\"wpgb-select-controls\"><span class=\"wpgb-select-separator\"><\/span><svg class=\"wpgb-select-toggle\" viewBox=\"0 0 24 24\" height=\"24\" width=\"24\" aria-hidden=\"true\" focusable=\"false\"><path d=\"m12 14.536-.045.043.045-.043-5.3-5.114 5.3 5.114 5.3-5.114-5.3 5.114.045.043Z\"\/><\/svg><\/span><\/label><\/div>\t<\/fieldset>\n\t<\/div><\/div><\/div><div class=\"fusion-layout-column fusion_builder_column fusion-builder-column-4 fusion_builder_column_1_4 1_4 fusion-flex-column\" style=\"--awb-bg-size:cover;--awb-width-large:25%;--awb-margin-top-large:2%;--awb-spacing-right-large:7.68%;--awb-margin-bottom-large:0px;--awb-spacing-left-large:7.68%;--awb-width-medium:100%;--awb-order-medium:0;--awb-spacing-right-medium:1.92%;--awb-spacing-left-medium:1.92%;--awb-width-small:100%;--awb-order-small:0;--awb-spacing-right-small:1.92%;--awb-spacing-left-small:1.92%;\"><div class=\"fusion-column-wrapper fusion-column-has-shadow fusion-flex-justify-content-flex-start fusion-content-layout-column\"><div class=\"wpgb-facet wpgb-loading wpgb-facet-2\" data-facet=\"2\" data-grid=\"1\">\t<fieldset>\n\t\t<legend class=\"wpgb-facet-title wpgb-sr-only\">Dates<\/legend>\n\t\t<div class=\"wpgb-select-facet\"><label><span class=\"wpgb-sr-only\">Select content<\/span><select class=\"wpgb-select\" name=\"dates\"><option value=\"\">Datum<\/option><option value=\"januari-2027\">Januari 2027<\/option><option value=\"maj-2027\">maj 2027<\/option><option value=\"november-2026\">November 2026<\/option><option value=\"oktober-2026\">Oktober 2026<\/option><option value=\"september-2026\">September 2026<\/option><option value=\"april-2027\">April 2027<\/option><option value=\"december-2026\">december 2026<\/option><\/select><span class=\"wpgb-select-controls\"><span class=\"wpgb-select-separator\"><\/span><svg class=\"wpgb-select-toggle\" viewBox=\"0 0 24 24\" height=\"24\" width=\"24\" aria-hidden=\"true\" focusable=\"false\"><path d=\"m12 14.536-.045.043.045-.043-5.3-5.114 5.3 5.114 5.3-5.114-5.3 5.114.045.043Z\"\/><\/svg><\/span><\/label><\/div>\t<\/fieldset>\n\t<\/div><\/div><\/div><div class=\"fusion-layout-column fusion_builder_column fusion-builder-column-5 fusion_builder_column_1_4 1_4 fusion-flex-column\" style=\"--awb-bg-size:cover;--awb-width-large:25%;--awb-margin-top-large:2%;--awb-spacing-right-large:7.68%;--awb-margin-bottom-large:0px;--awb-spacing-left-large:7.68%;--awb-width-medium:100%;--awb-order-medium:0;--awb-spacing-right-medium:1.92%;--awb-spacing-left-medium:1.92%;--awb-width-small:100%;--awb-order-small:0;--awb-spacing-right-small:1.92%;--awb-spacing-left-small:1.92%;\"><div class=\"fusion-column-wrapper fusion-column-has-shadow fusion-flex-justify-content-flex-start fusion-content-layout-column\"><div class=\"wpgb-facet wpgb-loading wpgb-facet-1\" data-facet=\"1\" data-grid=\"1\">\t<fieldset>\n\t\t<legend class=\"wpgb-facet-title wpgb-sr-only\">Production<\/legend>\n\t\t<div class=\"wpgb-select-facet\"><label><span class=\"wpgb-sr-only\">Select content<\/span><select class=\"wpgb-select\" name=\"production\"><option value=\"\">Produktion<\/option><option value=\"sasong-26-27\">S\u00e4song 26-27<\/option><option value=\"samarbete\">Samarbete<\/option><option value=\"on-tour-sv\">On tour<\/option><option value=\"chamber-ensemble-sv\">Chamber Ensemble<\/option><\/select><span class=\"wpgb-select-controls\"><span class=\"wpgb-select-separator\"><\/span><svg class=\"wpgb-select-toggle\" viewBox=\"0 0 24 24\" height=\"24\" width=\"24\" aria-hidden=\"true\" focusable=\"false\"><path d=\"m12 14.536-.045.043.045-.043-5.3-5.114 5.3 5.114 5.3-5.114-5.3 5.114.045.043Z\"\/><\/svg><\/span><\/label><\/div>\t<\/fieldset>\n\t<\/div><\/div><\/div><div class=\"fusion-layout-column fusion_builder_column fusion-builder-column-6 fusion_builder_column_1_1 1_1 fusion-flex-column\" style=\"--awb-padding-right:1px;--awb-padding-left:1px;--awb-bg-size:cover;--awb-width-large:100%;--awb-margin-top-large:10px;--awb-spacing-right-large:1.92%;--awb-margin-bottom-large:10px;--awb-spacing-left-large:1.92%;--awb-width-medium:100%;--awb-order-medium:0;--awb-spacing-right-medium:1.92%;--awb-spacing-left-medium:1.92%;--awb-width-small:100%;--awb-order-small:0;--awb-spacing-right-small:1.92%;--awb-spacing-left-small:1.92%;\"><div class=\"fusion-column-wrapper fusion-column-has-shadow fusion-flex-justify-content-flex-start fusion-content-layout-column\"><!-- Gridbuilder \u1d42\u1d3e Plugin (https:\/\/wpgridbuilder.com) -->\n<div class=\"wp-grid-builder wpgb-grid-7 prod_detail\" data-options=\"{&quot;id&quot;:7,&quot;type&quot;:&quot;masonry&quot;,&quot;source&quot;:&quot;post_type&quot;,&quot;loader&quot;:false,&quot;layout&quot;:&quot;vertical&quot;,&quot;reveal&quot;:0,&quot;isMainQuery&quot;:0,&quot;lazyLoad&quot;:false,&quot;cardSizes&quot;:{&quot;9999&quot;:{&quot;columns&quot;:1,&quot;height&quot;:240,&quot;gutter&quot;:5,&quot;ratio&quot;:&quot;1.33333&quot;},&quot;1200&quot;:{&quot;columns&quot;:1,&quot;height&quot;:240,&quot;gutter&quot;:5,&quot;ratio&quot;:&quot;1.33333&quot;},&quot;992&quot;:{&quot;columns&quot;:1,&quot;height&quot;:220,&quot;gutter&quot;:5,&quot;ratio&quot;:&quot;1.33333&quot;},&quot;768&quot;:{&quot;columns&quot;:1,&quot;height&quot;:220,&quot;gutter&quot;:5,&quot;ratio&quot;:&quot;1.33333&quot;},&quot;576&quot;:{&quot;columns&quot;:1,&quot;height&quot;:200,&quot;gutter&quot;:5,&quot;ratio&quot;:&quot;1.33333&quot;},&quot;320&quot;:{&quot;columns&quot;:1,&quot;height&quot;:200,&quot;gutter&quot;:5,&quot;ratio&quot;:&quot;1.33333&quot;}},&quot;fitRows&quot;:true,&quot;equalRows&quot;:0,&quot;equalColumns&quot;:true,&quot;fillLastRow&quot;:0,&quot;centerLastRow&quot;:0,&quot;horizontalOrder&quot;:true,&quot;fullWidth&quot;:true,&quot;transitionDelay&quot;:100,&quot;gallerySlideshow&quot;:false,&quot;rowsNumber&quot;:1,&quot;slideAlign&quot;:&quot;left&quot;,&quot;groupCells&quot;:1,&quot;draggable&quot;:true,&quot;initialIndex&quot;:0,&quot;contain&quot;:false,&quot;freeScroll&quot;:false,&quot;freeFriction&quot;:&quot;0.075&quot;,&quot;friction&quot;:&quot;0.285&quot;,&quot;attraction&quot;:&quot;0.025&quot;,&quot;autoPlay&quot;:0,&quot;pageDotAriaLabel&quot;:&quot;Page dot %d&quot;,&quot;isPreview&quot;:false,&quot;isGutenberg&quot;:false,&quot;rightToLeft&quot;:false}\"><div class=\"wpgb-svg-icons\" hidden>\n\t<svg viewBox=\"0 0 120 24\" width=\"0\" height=\"0\">\n\t<defs>\n        <polygon id=\"wpgb-star-svg\" points=\"12 2.5 15.1 8.8 22 9.8 17 14.6 18.2 21.5 12 18.3 5.8 21.5 7 14.6 2 9.8 8.9 8.8\"><\/polygon>\n    <\/defs>\n    <symbol id=\"wpgb-rating-stars-svg\">\n        <use xlink:href=\"#wpgb-star-svg\"><\/use>\n        <use xlink:href=\"#wpgb-star-svg\" x=\"24\"><\/use>\n        <use xlink:href=\"#wpgb-star-svg\" x=\"48\"><\/use>\n        <use xlink:href=\"#wpgb-star-svg\" x=\"72\"><\/use>\n        <use xlink:href=\"#wpgb-star-svg\" x=\"96\"><\/use>\n    <\/symbol>\n<\/svg>\n<\/div>\n<div class=\"wpgb-wrapper\">\n\t<div class=\"wpgb-main\">\n\t<div class=\"wpgb-layout\">\n\t<div class=\"wpgb-viewport\">\n\t\t<div class=\"wpgb-masonry\">\n\t\t\t<article class=\"wpgb-card wpgb-card-23 wpgb-post-21189\" data-col=\"1\" data-row=\"1\" data-format=\"standard\"><div class=\"wpgb-card-wrapper\"><div class=\"wpgb-card-inner\"><div class=\"wpgb-card-media wpgb-scheme-light\"><svg data-ratio style=\"padding-top:56.25%\" viewBox=\"0 0 768 432\" aria-hidden=\"true\"><\/svg><div class=\"wpgb-card-media-thumbnail\"><a href=\"https:\/\/cameratanordica.com\/wp-content\/uploads\/2026\/05\/@cameratanordica-lisa-madestam-042124006.jpg\" tabindex=\"-1\" class=\"wpgb-handle-lb wpgb-lightbox\" data-type=\"image\" data-rel=\"7\" data-title=\"@cameratanordica-lisa madestam-042124006\" title=\"Enlarge photo\"><div style=\"background-image:url(https:\/\/cameratanordica.com\/wp-content\/uploads\/2026\/05\/@cameratanordica-lisa-madestam-042124006-768x432.jpg)\"><\/div><noscript><img decoding=\"async\" class=\"wpgb-noscript-img\" src=\"https:\/\/cameratanordica.com\/wp-content\/uploads\/2026\/05\/@cameratanordica-lisa-madestam-042124006-768x432.jpg\" alt=\"\" height=\"432\" width=\"768\"><\/noscript><\/a><\/div><\/div><div class=\"wpgb-card-content wpgb-scheme-dark\"><div class=\"wpgb-card-body\"><div class=\"wpgb-block-8\"><span class=\"wpgb-block-term\" data-id=\"198\">Kalmar<\/span><\/div><h3 class=\"wpgb-block-2\"><a href=\"https:\/\/cameratanordica.com\/sv\/production\/oppen-provspelning-med-camerata-nordica\/\">\u00d6ppen provspelning med Camerata Nordica<\/a><\/h3><a class=\"wpgb-block-6\" href=\"https:\/\/cameratanordica.com\/sv\/production\/oppen-provspelning-med-camerata-nordica\/\">30 MAJ 2026<\/a><div class=\"wpgb-block-3\">Camerata Nordica rekryterar en ny violinist och altviolinist som ska b\u00f6rja v\u00e5ren 2027. Normalt \u00e4r provspelningen en sluten tillst\u00e4llning men denna g\u00e5ng bjuder vi in publiken som f\u00e5r m\u00f6jlighet uppleva hur olika musiker s\u00e4tter sin egen konstn\u00e4rliga pr\u00e4gel, klang och tolkning p\u00e5 samma musik. Provspelningarna ger en inblick i de m\u00e5nga s\u00e4tt som teknik, musikalitet och kommunikation kan ta form p\u00e5 scen i b\u00e5de konsert- och kammarmusikaliska sammanhang. <\/div><\/div><div class=\"wpgb-card-footer\" data-action><a class=\"wpgb-block-4\" href=\"https:\/\/cameratanordica.com\/sv\/production\/oppen-provspelning-med-camerata-nordica\/\">info &amp; biljetter<\/a><a class=\"wpgb-card-layer-link\" aria-label=\"Produktioner\" href=\"https:\/\/cameratanordica.com\/sv\/production\/oppen-provspelning-med-camerata-nordica\/\"><\/a><\/div><\/div><\/div><\/div><\/article><article class=\"wpgb-card wpgb-card-23 wpgb-post-20968\" data-col=\"1\" data-row=\"1\" data-format=\"standard\"><div class=\"wpgb-card-wrapper\"><div class=\"wpgb-card-inner\"><div class=\"wpgb-card-media wpgb-scheme-light\"><svg data-ratio style=\"padding-top:56.25%\" viewBox=\"0 0 768 432\" aria-hidden=\"true\"><\/svg><div class=\"wpgb-card-media-thumbnail\"><a href=\"https:\/\/cameratanordica.com\/wp-content\/uploads\/2025\/11\/Verdi_Giuseppe_by_Giovanni_Boldini.jpg\" tabindex=\"-1\" class=\"wpgb-handle-lb wpgb-lightbox\" data-type=\"image\" data-rel=\"7\" data-title=\"Verdi_Giuseppe_by_Giovanni_Boldini\" data-desc=\"Verdi_Giuseppe_by_Giovanni_Boldini\" title=\"Enlarge photo\"><div style=\"background-image:url(https:\/\/cameratanordica.com\/wp-content\/uploads\/2025\/11\/Verdi_Giuseppe_by_Giovanni_Boldini-768x432.jpg)\"><\/div><noscript><img decoding=\"async\" class=\"wpgb-noscript-img\" src=\"https:\/\/cameratanordica.com\/wp-content\/uploads\/2025\/11\/Verdi_Giuseppe_by_Giovanni_Boldini-768x432.jpg\" alt=\"Verdi_Giuseppe_by_Giovanni_Boldini\" height=\"432\" width=\"768\"><\/noscript><\/a><\/div><\/div><div class=\"wpgb-card-content wpgb-scheme-dark\"><div class=\"wpgb-card-body\"><div class=\"wpgb-block-8\"><span class=\"wpgb-block-term\" data-id=\"255\">Vimmerby<\/span><span class=\"wpgb-block-term\" data-id=\"198\">Kalmar<\/span><\/div><h3 class=\"wpgb-block-2\"><a href=\"https:\/\/cameratanordica.com\/sv\/production\/verdi-requiem-2\/\">Verdi Requiem<\/a><\/h3><a class=\"wpgb-block-6\" href=\"https:\/\/cameratanordica.com\/sv\/production\/verdi-requiem-2\/\">15-16 ovember 2025<\/a><a class=\"wpgb-block-1\" href=\"https:\/\/cameratanordica.com\/sv\/production\/verdi-requiem-2\/\">Oratoriek\u00f6ren Vimmerby<\/a><a class=\"wpgb-block-5\" href=\"https:\/\/cameratanordica.com\/sv\/production\/verdi-requiem-2\/\">Christian von Goldbeck dirigent<\/a><div class=\"wpgb-block-3\">Requiem by Giuseppe Verdi in Vimmerby kyrka and Kalmar domkyrka in collaboration with Svenska kyrkan in Vimmerby pastorat and Sensus.<\/div><\/div><div class=\"wpgb-card-footer\" data-action><a class=\"wpgb-block-4\" href=\"https:\/\/cameratanordica.com\/sv\/production\/verdi-requiem-2\/\">info &amp; biljetter<\/a><a class=\"wpgb-card-layer-link\" aria-label=\"Produktioner\" href=\"https:\/\/cameratanordica.com\/sv\/production\/verdi-requiem-2\/\"><\/a><\/div><\/div><\/div><\/div><\/article><article class=\"wpgb-card wpgb-card-23 wpgb-post-21063\" data-col=\"1\" data-row=\"1\" data-format=\"standard\"><div class=\"wpgb-card-wrapper\"><div class=\"wpgb-card-inner\"><div class=\"wpgb-card-media wpgb-scheme-light\"><svg data-ratio style=\"padding-top:56.25%\" viewBox=\"0 0 768 432\" aria-hidden=\"true\"><\/svg><div class=\"wpgb-card-media-thumbnail\"><a href=\"https:\/\/cameratanordica.com\/wp-content\/uploads\/2025\/09\/CN-OCTET-1-\u00a9-Lisa-Madestam-16-9-scaled.jpg\" tabindex=\"-1\" class=\"wpgb-handle-lb wpgb-lightbox\" data-type=\"image\" data-rel=\"7\" data-title=\"CN OCTET 1 \u00a9 Lisa Madestam 16-9\" title=\"Enlarge photo\"><div style=\"background-image:url(https:\/\/cameratanordica.com\/wp-content\/uploads\/2025\/09\/CN-OCTET-1-\u00a9-Lisa-Madestam-16-9-768x432.jpg)\"><\/div><noscript><img decoding=\"async\" class=\"wpgb-noscript-img\" src=\"https:\/\/cameratanordica.com\/wp-content\/uploads\/2025\/09\/CN-OCTET-1-\u00a9-Lisa-Madestam-16-9-768x432.jpg\" alt=\"\" height=\"432\" width=\"768\"><\/noscript><\/a><\/div><\/div><div class=\"wpgb-card-content wpgb-scheme-dark\"><div class=\"wpgb-card-body\"><div class=\"wpgb-block-8\"><span class=\"wpgb-block-term\" data-id=\"436\">New-York<\/span><span class=\"wpgb-block-term\" data-id=\"435\">Lacey<\/span><\/div><h3 class=\"wpgb-block-2\"><a href=\"https:\/\/cameratanordica.com\/sv\/production\/usa-turne-varen-2026\/\">USA-turn\u00e9 v\u00e5ren 2026<\/a><\/h3><a class=\"wpgb-block-6\" href=\"https:\/\/cameratanordica.com\/sv\/production\/usa-turne-varen-2026\/\">20\u201324 februari 2026<\/a><a class=\"wpgb-block-1\" href=\"https:\/\/cameratanordica.com\/sv\/production\/usa-turne-varen-2026\/\">Camerata Nordica Chamber Ensemble<\/a><div class=\"wpgb-block-3\">I februari \u00e5terv\u00e4nder Camerata Nordica till USA p\u00e5 en transatlantisk turn\u00e9 med h\u00f6jdpunkt i New York-debuten i Carnegie Hall. \nProgrammet v\u00e4ver samman nordisk fantasi, klassiska m\u00e4sterverk och den uttrycksfulla kraften i 1900-talets musik.<\/div><\/div><div class=\"wpgb-card-footer\" data-action><a class=\"wpgb-block-4\" href=\"https:\/\/cameratanordica.com\/sv\/production\/usa-turne-varen-2026\/\">info &amp; biljetter<\/a><a class=\"wpgb-card-layer-link\" aria-label=\"Produktioner\" href=\"https:\/\/cameratanordica.com\/sv\/production\/usa-turne-varen-2026\/\"><\/a><\/div><\/div><\/div><\/div><\/article><article class=\"wpgb-card wpgb-card-23 wpgb-post-20782\" data-col=\"1\" data-row=\"1\" data-format=\"standard\"><div class=\"wpgb-card-wrapper\"><div class=\"wpgb-card-inner\"><div class=\"wpgb-card-media wpgb-scheme-light\"><svg data-ratio style=\"padding-top:56.25%\" viewBox=\"0 0 768 432\" aria-hidden=\"true\"><\/svg><div class=\"wpgb-card-media-thumbnail\"><a href=\"https:\/\/cameratanordica.com\/wp-content\/uploads\/2023\/06\/11-scaled.jpg\" tabindex=\"-1\" class=\"wpgb-handle-lb wpgb-lightbox\" data-type=\"image\" data-rel=\"7\" data-title=\"11\" title=\"Enlarge photo\"><div style=\"background-image:url(https:\/\/cameratanordica.com\/wp-content\/uploads\/2023\/06\/11-768x432.jpg)\"><\/div><noscript><img decoding=\"async\" class=\"wpgb-noscript-img\" src=\"https:\/\/cameratanordica.com\/wp-content\/uploads\/2023\/06\/11-768x432.jpg\" alt=\"\" height=\"432\" width=\"768\"><\/noscript><\/a><\/div><\/div><div class=\"wpgb-card-content wpgb-scheme-dark\"><div class=\"wpgb-card-body\"><div class=\"wpgb-block-8\"><span class=\"wpgb-block-term\" data-id=\"198\">Kalmar<\/span><span class=\"wpgb-block-term\" data-id=\"199\">V\u00e4stervik<\/span><span class=\"wpgb-block-term\" data-id=\"197\">Oskarshamn<\/span><\/div><h3 class=\"wpgb-block-2\"><a href=\"https:\/\/cameratanordica.com\/sv\/production\/sommarkonserter-med-camerata-nordica-cello-ensemble\/\">Sommarkonserter med Camerata Nordica Cello Ensemble<\/a><\/h3><a class=\"wpgb-block-6\" href=\"https:\/\/cameratanordica.com\/sv\/production\/sommarkonserter-med-camerata-nordica-cello-ensemble\/\">16-19 juli 2025<\/a><a class=\"wpgb-block-1\" href=\"https:\/\/cameratanordica.com\/sv\/production\/sommarkonserter-med-camerata-nordica-cello-ensemble\/\">Z\u00e9phyrin Rey-Bellet, Olga Chwaszczewska, Saga de L\u00e9on, Kevin Kirs Verstege<\/a><a class=\"wpgb-block-5\" href=\"https:\/\/cameratanordica.com\/sv\/production\/sommarkonserter-med-camerata-nordica-cello-ensemble\/\">Lydia Hillerud, Rapha\u00ebl Meulemans, Hedda Aadland, Sabina Sandri-Olsson<\/a><div class=\"wpgb-block-3\">F\u00f6lj med oss \u200b\u200bp\u00e5 f\u00f6rtrollande sommarkv\u00e4llar med v\u00e5r celloktett som framf\u00f6r en unik och f\u00e4ngslande repertoar<\/div><\/div><div class=\"wpgb-card-footer\" data-action><a class=\"wpgb-block-4\" href=\"https:\/\/cameratanordica.com\/sv\/production\/sommarkonserter-med-camerata-nordica-cello-ensemble\/\">info &amp; biljetter<\/a><a class=\"wpgb-card-layer-link\" aria-label=\"Produktioner\" href=\"https:\/\/cameratanordica.com\/sv\/production\/sommarkonserter-med-camerata-nordica-cello-ensemble\/\"><\/a><\/div><\/div><\/div><\/div><\/article><article class=\"wpgb-card wpgb-card-23 wpgb-post-20640\" data-col=\"1\" data-row=\"1\" data-format=\"standard\"><div class=\"wpgb-card-wrapper\"><div class=\"wpgb-card-inner\"><div class=\"wpgb-card-media wpgb-scheme-light\"><svg data-ratio style=\"padding-top:56.25%\" viewBox=\"0 0 768 432\" aria-hidden=\"true\"><\/svg><div class=\"wpgb-card-media-thumbnail\"><a href=\"https:\/\/cameratanordica.com\/wp-content\/uploads\/2025\/05\/Schubert.jpg\" tabindex=\"-1\" class=\"wpgb-handle-lb wpgb-lightbox\" data-type=\"image\" data-rel=\"7\" data-title=\"Schubert\" title=\"Enlarge photo\"><div style=\"background-image:url(https:\/\/cameratanordica.com\/wp-content\/uploads\/2025\/05\/Schubert-768x432.jpg)\"><\/div><noscript><img decoding=\"async\" class=\"wpgb-noscript-img\" src=\"https:\/\/cameratanordica.com\/wp-content\/uploads\/2025\/05\/Schubert-768x432.jpg\" alt=\"\" height=\"432\" width=\"768\"><\/noscript><\/a><\/div><\/div><div class=\"wpgb-card-content wpgb-scheme-dark\"><div class=\"wpgb-card-body\"><div class=\"wpgb-block-8\"><span class=\"wpgb-block-term\" data-id=\"198\">Kalmar<\/span><span class=\"wpgb-block-term\" data-id=\"199\">V\u00e4stervik<\/span><span class=\"wpgb-block-term\" data-id=\"396\">V\u00e4xj\u00f6<\/span><span class=\"wpgb-block-term\" data-id=\"197\">Oskarshamn<\/span><\/div><h3 class=\"wpgb-block-2\"><a href=\"https:\/\/cameratanordica.com\/sv\/production\/schuberts-oktett\/\">Schuberts Oktett<\/a><\/h3><a class=\"wpgb-block-6\" href=\"https:\/\/cameratanordica.com\/sv\/production\/schuberts-oktett\/\">27-30 September 2025<\/a><a class=\"wpgb-block-1\" href=\"https:\/\/cameratanordica.com\/sv\/production\/schuberts-oktett\/\">Camerata Nordica Chamber Ensemble<\/a><div class=\"wpgb-block-3\">Camerata Nordica Chamber Ensemble presenterar Franz Schuberts expansiva och rikt orkestrerade oktett i F-dur, D. 803 \u2013 ett m\u00e4sterverk i sex satser inspirerat av Beethovens septett och influerad av Schuberts egna lyriska teman, komponerad 1824 f\u00f6r klarinettist Ferdinand Troyer.<\/div><\/div><div class=\"wpgb-card-footer\" data-action><a class=\"wpgb-block-4\" href=\"https:\/\/cameratanordica.com\/sv\/production\/schuberts-oktett\/\">info &amp; biljetter<\/a><a class=\"wpgb-card-layer-link\" aria-label=\"Produktioner\" href=\"https:\/\/cameratanordica.com\/sv\/production\/schuberts-oktett\/\"><\/a><\/div><\/div><\/div><\/div><\/article><article class=\"wpgb-card wpgb-card-23 wpgb-post-20904\" data-col=\"1\" data-row=\"1\" data-format=\"standard\"><div class=\"wpgb-card-wrapper\"><div class=\"wpgb-card-inner\"><div class=\"wpgb-card-media wpgb-scheme-light\"><svg data-ratio style=\"padding-top:56.25%\" viewBox=\"0 0 768 432\" aria-hidden=\"true\"><\/svg><div class=\"wpgb-card-media-thumbnail\"><a href=\"https:\/\/cameratanordica.com\/wp-content\/uploads\/2025\/09\/CN-OCTET-1-\u00a9-Lisa-Madestam-16-9-scaled.jpg\" tabindex=\"-1\" class=\"wpgb-handle-lb wpgb-lightbox\" data-type=\"image\" data-rel=\"7\" data-title=\"CN OCTET 1 \u00a9 Lisa Madestam 16-9\" title=\"Enlarge photo\"><div style=\"background-image:url(https:\/\/cameratanordica.com\/wp-content\/uploads\/2025\/09\/CN-OCTET-1-\u00a9-Lisa-Madestam-16-9-768x432.jpg)\"><\/div><noscript><img decoding=\"async\" class=\"wpgb-noscript-img\" src=\"https:\/\/cameratanordica.com\/wp-content\/uploads\/2025\/09\/CN-OCTET-1-\u00a9-Lisa-Madestam-16-9-768x432.jpg\" alt=\"\" height=\"432\" width=\"768\"><\/noscript><\/a><\/div><\/div><div class=\"wpgb-card-content wpgb-scheme-dark\"><div class=\"wpgb-card-body\"><div class=\"wpgb-block-8\"><span class=\"wpgb-block-term\" data-id=\"430\">Jacksonville<\/span><span class=\"wpgb-block-term\" data-id=\"431\">Grand Forks<\/span><span class=\"wpgb-block-term\" data-id=\"432\">Columbia<\/span><span class=\"wpgb-block-term\" data-id=\"429\">Athens<\/span><\/div><h3 class=\"wpgb-block-2\"><a href=\"https:\/\/cameratanordica.com\/sv\/production\/usa-turne-hosten-2025\/\">USA-turn\u00e9 h\u00f6sten 2025<\/a><\/h3><a class=\"wpgb-block-6\" href=\"https:\/\/cameratanordica.com\/sv\/production\/usa-turne-hosten-2025\/\">9-21 Oktober 2025<\/a><a class=\"wpgb-block-1\" href=\"https:\/\/cameratanordica.com\/sv\/production\/usa-turne-hosten-2025\/\">Camerata Nordica Chamber Ensemble<\/a><div class=\"wpgb-block-3\">I oktober reser Camerata Nordica \u00f6ver Atlanten f\u00f6r sin allra f\u00f6rsta turn\u00e9 i USA. Programmet f\u00f6renar nordisk skaparkraft, klassiska m\u00e4sterverk och starka uttryck fr\u00e5n 1900-talet. <\/div><\/div><div class=\"wpgb-card-footer\" data-action><a class=\"wpgb-block-4\" href=\"https:\/\/cameratanordica.com\/sv\/production\/usa-turne-hosten-2025\/\">info &amp; biljetter<\/a><a class=\"wpgb-card-layer-link\" aria-label=\"Produktioner\" href=\"https:\/\/cameratanordica.com\/sv\/production\/usa-turne-hosten-2025\/\"><\/a><\/div><\/div><\/div><\/div><\/article><article class=\"wpgb-card wpgb-card-23 wpgb-post-20641\" data-col=\"1\" data-row=\"1\" data-format=\"standard\"><div class=\"wpgb-card-wrapper\"><div class=\"wpgb-card-inner\"><div class=\"wpgb-card-media wpgb-scheme-light\"><svg data-ratio style=\"padding-top:56.25%\" viewBox=\"0 0 768 432\" aria-hidden=\"true\"><\/svg><div class=\"wpgb-card-media-thumbnail\"><a href=\"https:\/\/cameratanordica.com\/wp-content\/uploads\/2025\/06\/Fanny-Manuel-scaled.jpg\" tabindex=\"-1\" class=\"wpgb-handle-lb wpgb-lightbox\" data-type=\"image\" data-rel=\"7\" data-title=\"Fanny Manuel\" title=\"Enlarge photo\"><div style=\"background-image:url(https:\/\/cameratanordica.com\/wp-content\/uploads\/2025\/06\/Fanny-Manuel-768x432.jpg)\"><\/div><noscript><img decoding=\"async\" class=\"wpgb-noscript-img\" src=\"https:\/\/cameratanordica.com\/wp-content\/uploads\/2025\/06\/Fanny-Manuel-768x432.jpg\" alt=\"\" height=\"432\" width=\"768\"><\/noscript><\/a><\/div><\/div><div class=\"wpgb-card-content wpgb-scheme-dark\"><div class=\"wpgb-card-body\"><div class=\"wpgb-block-8\"><span class=\"wpgb-block-term\" data-id=\"198\">Kalmar<\/span><span class=\"wpgb-block-term\" data-id=\"199\">V\u00e4stervik<\/span><span class=\"wpgb-block-term\" data-id=\"256\">Karlshamn<\/span><span class=\"wpgb-block-term\" data-id=\"197\">Oskarshamn<\/span><\/div><h3 class=\"wpgb-block-2\"><a href=\"https:\/\/cameratanordica.com\/sv\/production\/de-sista-satserna\/\">De Sista Satserna<\/a><\/h3><a class=\"wpgb-block-6\" href=\"https:\/\/cameratanordica.com\/sv\/production\/de-sista-satserna\/\">4-7 September 2025<\/a><a class=\"wpgb-block-1\" href=\"https:\/\/cameratanordica.com\/sv\/production\/de-sista-satserna\/\">Manuel Vioque-Judde, solist, viola<\/a><a class=\"wpgb-block-5\" href=\"https:\/\/cameratanordica.com\/sv\/production\/de-sista-satserna\/\">Fanny Robilliard, ledare, violin<\/a><div class=\"wpgb-block-3\">S\u00e4songs\u00f6ppningen 2025\/2026 inleds med en efterl\u00e4ngtad \u00e5terf\u00f6rening av den franske violisten Manuel Vioque-Judde, som tillsammans med Camerata Nordica kommer att framf\u00f6ra tv\u00e5 sena verk av Beethoven och Sjostakovitj.<\/div><\/div><div class=\"wpgb-card-footer\" data-action><a class=\"wpgb-block-4\" href=\"https:\/\/cameratanordica.com\/sv\/production\/de-sista-satserna\/\">info &amp; biljetter<\/a><a class=\"wpgb-card-layer-link\" aria-label=\"Produktioner\" href=\"https:\/\/cameratanordica.com\/sv\/production\/de-sista-satserna\/\"><\/a><\/div><\/div><\/div><\/div><\/article><article class=\"wpgb-card wpgb-card-23 wpgb-post-20939\" data-col=\"1\" data-row=\"1\" data-format=\"standard\"><div class=\"wpgb-card-wrapper\"><div class=\"wpgb-card-inner\"><div class=\"wpgb-card-media wpgb-scheme-light\"><svg data-ratio style=\"padding-top:66.67%\" viewBox=\"0 0 768 512\" aria-hidden=\"true\"><\/svg><div class=\"wpgb-card-media-thumbnail\"><a href=\"https:\/\/cameratanordica.com\/wp-content\/uploads\/2025\/08\/CN-OCTET-4-\u00a9-Lisa-Madestam-scaled.jpg\" tabindex=\"-1\" class=\"wpgb-handle-lb wpgb-lightbox\" data-type=\"image\" data-rel=\"7\" data-title=\"CN OCTET 4 \u00a9 Lisa Madestam\" title=\"Enlarge photo\"><div style=\"background-image:url(https:\/\/cameratanordica.com\/wp-content\/uploads\/2025\/08\/CN-OCTET-4-\u00a9-Lisa-Madestam-768x512.jpg)\"><\/div><noscript><img decoding=\"async\" class=\"wpgb-noscript-img\" src=\"https:\/\/cameratanordica.com\/wp-content\/uploads\/2025\/08\/CN-OCTET-4-\u00a9-Lisa-Madestam-768x512.jpg\" alt=\"\" height=\"512\" width=\"768\"><\/noscript><\/a><\/div><\/div><div class=\"wpgb-card-content wpgb-scheme-dark\"><div class=\"wpgb-card-body\"><div class=\"wpgb-block-8\"><span class=\"wpgb-block-term\" data-id=\"198\">Kalmar<\/span><\/div><h3 class=\"wpgb-block-2\"><a href=\"https:\/\/cameratanordica.com\/sv\/production\/invigningskonsert-av-kulturhuset-strommen\/\">Invigningskonsert av Kulturhuset Str\u00f6mmen<\/a><\/h3><a class=\"wpgb-block-6\" href=\"https:\/\/cameratanordica.com\/sv\/production\/invigningskonsert-av-kulturhuset-strommen\/\">23 Oktober 2025<\/a><a class=\"wpgb-block-1\" href=\"https:\/\/cameratanordica.com\/sv\/production\/invigningskonsert-av-kulturhuset-strommen\/\">Shuichi Okada, Hanna Helgegren, Katarzyna Szydlowska, Daina Mateikaite violin<\/a><a class=\"wpgb-block-5\" href=\"https:\/\/cameratanordica.com\/sv\/production\/invigningskonsert-av-kulturhuset-strommen\/\">Kimi Makino, Sebastian Steinhilber viola \/ Z\u00e9phyrin Rey-Bellet, Filip Graden cello<\/a><div class=\"wpgb-block-3\">Camerata Nordica Chamber Ensemble spelar invigningskonserten f\u00f6r Kalmars nya kulturhus<\/div><\/div><div class=\"wpgb-card-footer\" data-action><a class=\"wpgb-block-4\" href=\"https:\/\/cameratanordica.com\/sv\/production\/invigningskonsert-av-kulturhuset-strommen\/\">info &amp; biljetter<\/a><a class=\"wpgb-card-layer-link\" aria-label=\"Produktioner\" href=\"https:\/\/cameratanordica.com\/sv\/production\/invigningskonsert-av-kulturhuset-strommen\/\"><\/a><\/div><\/div><\/div><\/div><\/article><article class=\"wpgb-card wpgb-card-23 wpgb-post-20651\" data-col=\"1\" data-row=\"1\" data-format=\"standard\"><div class=\"wpgb-card-wrapper\"><div class=\"wpgb-card-inner\"><div class=\"wpgb-card-media wpgb-scheme-light\"><svg data-ratio style=\"padding-top:56.25%\" viewBox=\"0 0 768 432\" aria-hidden=\"true\"><\/svg><div class=\"wpgb-card-media-thumbnail\"><a href=\"https:\/\/cameratanordica.com\/wp-content\/uploads\/2025\/06\/Candlelight-scaled.jpg\" tabindex=\"-1\" class=\"wpgb-handle-lb wpgb-lightbox\" data-type=\"image\" data-rel=\"7\" data-title=\"Candlelight\" title=\"Enlarge photo\"><div style=\"background-image:url(https:\/\/cameratanordica.com\/wp-content\/uploads\/2025\/06\/Candlelight-768x432.jpg)\"><\/div><noscript><img decoding=\"async\" class=\"wpgb-noscript-img\" src=\"https:\/\/cameratanordica.com\/wp-content\/uploads\/2025\/06\/Candlelight-768x432.jpg\" alt=\"\" height=\"432\" width=\"768\"><\/noscript><\/a><\/div><\/div><div class=\"wpgb-card-content wpgb-scheme-dark\"><div class=\"wpgb-card-body\"><div class=\"wpgb-block-8\"><span class=\"wpgb-block-term\" data-id=\"292\">Boda Glasbruk<\/span><span class=\"wpgb-block-term\" data-id=\"293\">Borgholm<\/span><span class=\"wpgb-block-term\" data-id=\"255\">Vimmerby<\/span><\/div><h3 class=\"wpgb-block-2\"><a href=\"https:\/\/cameratanordica.com\/sv\/production\/candlelight-concert\/\">Candlelight Concert<\/a><\/h3><a class=\"wpgb-block-6\" href=\"https:\/\/cameratanordica.com\/sv\/production\/candlelight-concert\/\">24-26 Oktober 2025<\/a><a class=\"wpgb-block-1\" href=\"https:\/\/cameratanordica.com\/sv\/production\/candlelight-concert\/\">Camerata Nordica Chamber Ensemble<\/a><div class=\"wpgb-block-3\">En lysande kv\u00e4ll med intim kammarmusik<\/div><\/div><div class=\"wpgb-card-footer\" data-action><a class=\"wpgb-block-4\" href=\"https:\/\/cameratanordica.com\/sv\/production\/candlelight-concert\/\">info &amp; biljetter<\/a><a class=\"wpgb-card-layer-link\" aria-label=\"Produktioner\" href=\"https:\/\/cameratanordica.com\/sv\/production\/candlelight-concert\/\"><\/a><\/div><\/div><\/div><\/div><\/article><article class=\"wpgb-card wpgb-card-23 wpgb-post-20670\" data-col=\"1\" data-row=\"1\" data-format=\"standard\"><div class=\"wpgb-card-wrapper\"><div class=\"wpgb-card-inner\"><div class=\"wpgb-card-media wpgb-scheme-light\"><svg data-ratio style=\"padding-top:66.67%\" viewBox=\"0 0 768 512\" aria-hidden=\"true\"><\/svg><div class=\"wpgb-card-media-thumbnail\"><a href=\"https:\/\/cameratanordica.com\/wp-content\/uploads\/2024\/05\/0S1A1866-scaled.jpg\" tabindex=\"-1\" class=\"wpgb-handle-lb wpgb-lightbox\" data-type=\"image\" data-rel=\"7\" data-title=\"0S1A1866\" title=\"Enlarge photo\"><div style=\"background-image:url(https:\/\/cameratanordica.com\/wp-content\/uploads\/2024\/05\/0S1A1866-768x512.jpg)\"><\/div><noscript><img decoding=\"async\" class=\"wpgb-noscript-img\" src=\"https:\/\/cameratanordica.com\/wp-content\/uploads\/2024\/05\/0S1A1866-768x512.jpg\" alt=\"\" height=\"512\" width=\"768\"><\/noscript><\/a><\/div><\/div><div class=\"wpgb-card-content wpgb-scheme-dark\"><div class=\"wpgb-card-body\"><div class=\"wpgb-block-8\"><span class=\"wpgb-block-term\" data-id=\"293\">Borgholm<\/span><span class=\"wpgb-block-term\" data-id=\"252\">\u00d6land<\/span><\/div><h3 class=\"wpgb-block-2\"><a href=\"https:\/\/cameratanordica.com\/sv\/production\/oland-chamber-players-festival-2025\/\">\u00d6land Chamber Players Festival 2025<\/a><\/h3><a class=\"wpgb-block-6\" href=\"https:\/\/cameratanordica.com\/sv\/production\/oland-chamber-players-festival-2025\/\">18-25 Juli 2025<\/a><a class=\"wpgb-block-1\" href=\"https:\/\/cameratanordica.com\/sv\/production\/oland-chamber-players-festival-2025\/\">Melodie Zhao, Shuichi Okada, Olivier Blache<\/a><a class=\"wpgb-block-5\" href=\"https:\/\/cameratanordica.com\/sv\/production\/oland-chamber-players-festival-2025\/\">Cedric Robin, Sabina Sandri-Olsson, Z\u00e9phyrin Rey-Bellet<\/a><div class=\"wpgb-block-3\">\u201dInternationell kammarmusik i hj\u00e4rtat av \u00d6land\u201dMitt bland b\u00f6ljande \u00e5krar och blommande tr\u00e4dg\u00e5rdar p\u00e5 norra \u00d6land hittar vi en av sommarens mest unika kulturupplevelser \u2013 \u00d6land Chamber Players Festival p\u00e5 Annas Farm i Husvalla och K\u00e4lla Gamla Kyrka.<\/div><\/div><div class=\"wpgb-card-footer\" data-action><a class=\"wpgb-block-4\" href=\"https:\/\/cameratanordica.com\/sv\/production\/oland-chamber-players-festival-2025\/\">info &amp; biljetter<\/a><a class=\"wpgb-card-layer-link\" aria-label=\"Produktioner\" href=\"https:\/\/cameratanordica.com\/sv\/production\/oland-chamber-players-festival-2025\/\"><\/a><\/div><\/div><\/div><\/div><\/article><article class=\"wpgb-card wpgb-card-23 wpgb-post-20663\" data-col=\"1\" data-row=\"1\" data-format=\"standard\"><div class=\"wpgb-card-wrapper\"><div class=\"wpgb-card-inner\"><div class=\"wpgb-card-media wpgb-scheme-light\"><svg data-ratio style=\"padding-top:56.25%\" viewBox=\"0 0 768 432\" aria-hidden=\"true\"><\/svg><div class=\"wpgb-card-media-thumbnail\"><a href=\"https:\/\/cameratanordica.com\/wp-content\/uploads\/2025\/05\/Hanna-ice-Edit-2-scaled.jpg\" tabindex=\"-1\" class=\"wpgb-handle-lb wpgb-lightbox\" data-type=\"image\" data-rel=\"7\" data-title=\"Hanna ice-Edit 2\" title=\"Enlarge photo\"><div style=\"background-image:url(https:\/\/cameratanordica.com\/wp-content\/uploads\/2025\/05\/Hanna-ice-Edit-2-768x432.jpg)\"><\/div><noscript><img decoding=\"async\" class=\"wpgb-noscript-img\" src=\"https:\/\/cameratanordica.com\/wp-content\/uploads\/2025\/05\/Hanna-ice-Edit-2-768x432.jpg\" alt=\"\" height=\"432\" width=\"768\"><\/noscript><\/a><\/div><\/div><div class=\"wpgb-card-content wpgb-scheme-dark\"><div class=\"wpgb-card-body\"><div class=\"wpgb-block-8\"><span class=\"wpgb-block-term\" data-id=\"198\">Kalmar<\/span><span class=\"wpgb-block-term\" data-id=\"199\">V\u00e4stervik<\/span><span class=\"wpgb-block-term\" data-id=\"257\">Olofstr\u00f6m<\/span><span class=\"wpgb-block-term\" data-id=\"271\">Landskrona<\/span><span class=\"wpgb-block-term\" data-id=\"311\">\u00c4ngelholm<\/span><span class=\"wpgb-block-term\" data-id=\"197\">Oskarshamn<\/span><\/div><h3 class=\"wpgb-block-2\"><a href=\"https:\/\/cameratanordica.com\/sv\/production\/nordiska-klanger\/\">Nordiska Klanger<\/a><\/h3><a class=\"wpgb-block-6\" href=\"https:\/\/cameratanordica.com\/sv\/production\/nordiska-klanger\/\">7-12 November 2025<\/a><a class=\"wpgb-block-1\" href=\"https:\/\/cameratanordica.com\/sv\/production\/nordiska-klanger\/\">Hanna Helgegren, ledare, violin<\/a><a class=\"wpgb-block-5\" href=\"https:\/\/cameratanordica.com\/sv\/production\/nordiska-klanger\/\">Erik Rydvall, solist, nyckelharpa<\/a><div class=\"wpgb-block-3\">Sveriges fyra \u00e5rstider: En resa genom folkmusikens och klassiska ljudlandskap<\/div><\/div><div class=\"wpgb-card-footer\" data-action><a class=\"wpgb-block-4\" href=\"https:\/\/cameratanordica.com\/sv\/production\/nordiska-klanger\/\">info &amp; biljetter<\/a><a class=\"wpgb-card-layer-link\" aria-label=\"Produktioner\" href=\"https:\/\/cameratanordica.com\/sv\/production\/nordiska-klanger\/\"><\/a><\/div><\/div><\/div><\/div><\/article><article class=\"wpgb-card wpgb-card-23 wpgb-post-20685\" data-col=\"1\" data-row=\"1\" data-format=\"standard\"><div class=\"wpgb-card-wrapper\"><div class=\"wpgb-card-inner\"><div class=\"wpgb-card-media wpgb-scheme-light\"><svg data-ratio style=\"padding-top:56.25%\" viewBox=\"0 0 768 432\" aria-hidden=\"true\"><\/svg><div class=\"wpgb-card-media-thumbnail\"><a href=\"https:\/\/cameratanordica.com\/wp-content\/uploads\/2025\/05\/New-year-scaled.jpg\" tabindex=\"-1\" class=\"wpgb-handle-lb wpgb-lightbox\" data-type=\"image\" data-rel=\"7\" data-title=\"New year\" title=\"Enlarge photo\"><div style=\"background-image:url(https:\/\/cameratanordica.com\/wp-content\/uploads\/2025\/05\/New-year-768x432.jpg)\"><\/div><noscript><img decoding=\"async\" class=\"wpgb-noscript-img\" src=\"https:\/\/cameratanordica.com\/wp-content\/uploads\/2025\/05\/New-year-768x432.jpg\" alt=\"\" height=\"432\" width=\"768\"><\/noscript><\/a><\/div><\/div><div class=\"wpgb-card-content wpgb-scheme-dark\"><div class=\"wpgb-card-body\"><div class=\"wpgb-block-8\"><span class=\"wpgb-block-term\" data-id=\"198\">Kalmar<\/span><span class=\"wpgb-block-term\" data-id=\"199\">V\u00e4stervik<\/span><span class=\"wpgb-block-term\" data-id=\"230\">Varberg<\/span><span class=\"wpgb-block-term\" data-id=\"255\">Vimmerby<\/span><span class=\"wpgb-block-term\" data-id=\"293\">Borgholm<\/span><span class=\"wpgb-block-term\" data-id=\"411\">Lammhult<\/span><span class=\"wpgb-block-term\" data-id=\"197\">Oskarshamn<\/span><\/div><h3 class=\"wpgb-block-2\"><a href=\"https:\/\/cameratanordica.com\/sv\/production\/nyarskonsert-2026\/\">Ny\u00e5rskonsert 2026<\/a><\/h3><a class=\"wpgb-block-6\" href=\"https:\/\/cameratanordica.com\/sv\/production\/nyarskonsert-2026\/\">31 December 2025 - 6 Januari 2026<\/a><a class=\"wpgb-block-1\" href=\"https:\/\/cameratanordica.com\/sv\/production\/nyarskonsert-2026\/\"> Camerata Nordica Kammarensemble<\/a><a class=\"wpgb-block-5\" href=\"https:\/\/cameratanordica.com\/sv\/production\/nyarskonsert-2026\/\">Ledare Shuishi Okada, violin<\/a><div class=\"wpgb-block-3\">Var med och fira in det nya \u00e5ret med Camerata Nordicas uppskattade ny\u00e5rskonsert!<\/div><\/div><div class=\"wpgb-card-footer\" data-action><a class=\"wpgb-block-4\" href=\"https:\/\/cameratanordica.com\/sv\/production\/nyarskonsert-2026\/\">info &amp; biljetter<\/a><a class=\"wpgb-card-layer-link\" aria-label=\"Produktioner\" href=\"https:\/\/cameratanordica.com\/sv\/production\/nyarskonsert-2026\/\"><\/a><\/div><\/div><\/div><\/div><\/article><article class=\"wpgb-card wpgb-card-23 wpgb-post-20983\" data-col=\"1\" data-row=\"1\" data-format=\"standard\"><div class=\"wpgb-card-wrapper\"><div class=\"wpgb-card-inner\"><div class=\"wpgb-card-media wpgb-scheme-light\"><svg data-ratio style=\"padding-top:56.25%\" viewBox=\"0 0 768 432\" aria-hidden=\"true\"><\/svg><div class=\"wpgb-card-media-thumbnail\"><a href=\"https:\/\/cameratanordica.com\/wp-content\/uploads\/2025\/11\/Sans-titre-5.jpeg\" tabindex=\"-1\" class=\"wpgb-handle-lb wpgb-lightbox\" data-type=\"image\" data-rel=\"7\" data-title=\"Sans titre-5\" title=\"Enlarge photo\"><div style=\"background-image:url(https:\/\/cameratanordica.com\/wp-content\/uploads\/2025\/11\/Sans-titre-5-768x432.jpeg)\"><\/div><noscript><img decoding=\"async\" class=\"wpgb-noscript-img\" src=\"https:\/\/cameratanordica.com\/wp-content\/uploads\/2025\/11\/Sans-titre-5-768x432.jpeg\" alt=\"\" height=\"432\" width=\"768\"><\/noscript><\/a><\/div><\/div><div class=\"wpgb-card-content wpgb-scheme-dark\"><div class=\"wpgb-card-body\"><h3 class=\"wpgb-block-2\"><a href=\"https:\/\/cameratanordica.com\/sv\/production\/handels-messiah-kalmar-domkyrka\/\">Handel\u2019s Messiah @ Kalmar Domkyrka<\/a><\/h3><a class=\"wpgb-block-6\" href=\"https:\/\/cameratanordica.com\/sv\/production\/handels-messiah-kalmar-domkyrka\/\">14 December 2025<\/a><a class=\"wpgb-block-1\" href=\"https:\/\/cameratanordica.com\/sv\/production\/handels-messiah-kalmar-domkyrka\/\">Ingrid Berg, sopran. Karolina \u00c5sberg, alt. Bj\u00f6rn Alexandersson, tenor. Erik Tinnis, bas.    <\/a><a class=\"wpgb-block-5\" href=\"https:\/\/cameratanordica.com\/sv\/production\/handels-messiah-kalmar-domkyrka\/\">Kalmar domkyrkok\u00f6r. Camerata Nordica. Daniel Larsson, dirigent.  <\/a><div class=\"wpgb-block-3\">En \u00e4lskad m\u00e4sterverk som f\u00e5ngar hopp, gl\u00e4dje och s\u00e4songens anda.<\/div><\/div><div class=\"wpgb-card-footer\" data-action><a class=\"wpgb-block-4\" href=\"https:\/\/cameratanordica.com\/sv\/production\/handels-messiah-kalmar-domkyrka\/\">info &amp; biljetter<\/a><a class=\"wpgb-card-layer-link\" aria-label=\"Produktioner\" href=\"https:\/\/cameratanordica.com\/sv\/production\/handels-messiah-kalmar-domkyrka\/\"><\/a><\/div><\/div><\/div><\/div><\/article><article class=\"wpgb-card wpgb-card-23 wpgb-post-20613\" data-col=\"1\" data-row=\"1\" data-format=\"standard\"><div class=\"wpgb-card-wrapper\"><div class=\"wpgb-card-inner\"><div class=\"wpgb-card-media wpgb-scheme-light\"><svg data-ratio style=\"padding-top:56.25%\" viewBox=\"0 0 768 432\" aria-hidden=\"true\"><\/svg><div class=\"wpgb-card-media-thumbnail\"><a href=\"https:\/\/cameratanordica.com\/wp-content\/uploads\/2025\/05\/virvelvind.jpg\" tabindex=\"-1\" class=\"wpgb-handle-lb wpgb-lightbox\" data-type=\"image\" data-rel=\"7\" data-title=\"virvelvind\" title=\"Enlarge photo\"><div style=\"background-image:url(https:\/\/cameratanordica.com\/wp-content\/uploads\/2025\/05\/virvelvind-768x432.jpg)\"><\/div><noscript><img decoding=\"async\" class=\"wpgb-noscript-img\" src=\"https:\/\/cameratanordica.com\/wp-content\/uploads\/2025\/05\/virvelvind-768x432.jpg\" alt=\"\" height=\"432\" width=\"768\"><\/noscript><\/a><\/div><\/div><div class=\"wpgb-card-content wpgb-scheme-dark\"><div class=\"wpgb-card-body\"><div class=\"wpgb-block-8\"><span class=\"wpgb-block-term\" data-id=\"198\">Kalmar<\/span><\/div><h3 class=\"wpgb-block-2\"><a href=\"https:\/\/cameratanordica.com\/sv\/production\/virvelvind-i-samarbete-byteatern\/\">Virvelvind i samarbete Byteatern<\/a><\/h3><a class=\"wpgb-block-6\" href=\"https:\/\/cameratanordica.com\/sv\/production\/virvelvind-i-samarbete-byteatern\/\">27 September - 31 Oktober 2025<\/a><div class=\"wpgb-block-3\">I denna teaterf\u00f6rest\u00e4llning leder Ane Bruns musik publiken in i en virvelvind av k\u00e4nslor n\u00e4r l\u00e5tarna blir ledmotiv under en festkv\u00e4ll d\u00e4r fem fr\u00e4mlingar tr\u00e4ffas medan den os\u00e4kra v\u00e4rlden p\u00e5g\u00e5r utanf\u00f6r.<\/div><\/div><div class=\"wpgb-card-footer\" data-action><a class=\"wpgb-block-4\" href=\"https:\/\/cameratanordica.com\/sv\/production\/virvelvind-i-samarbete-byteatern\/\">info &amp; biljetter<\/a><a class=\"wpgb-card-layer-link\" aria-label=\"Produktioner\" href=\"https:\/\/cameratanordica.com\/sv\/production\/virvelvind-i-samarbete-byteatern\/\"><\/a><\/div><\/div><\/div><\/div><\/article><article class=\"wpgb-card wpgb-card-23 wpgb-post-20918\" data-col=\"1\" data-row=\"1\" data-format=\"standard\"><div class=\"wpgb-card-wrapper\"><div class=\"wpgb-card-inner\"><div class=\"wpgb-card-media wpgb-scheme-light\"><svg data-ratio style=\"padding-top:56.25%\" viewBox=\"0 0 768 432\" aria-hidden=\"true\"><\/svg><div class=\"wpgb-card-media-thumbnail\"><a href=\"https:\/\/cameratanordica.com\/wp-content\/uploads\/2025\/09\/axel-musikal-1920x1080-01-160-copie-scaled.jpeg\" tabindex=\"-1\" class=\"wpgb-handle-lb wpgb-lightbox\" data-type=\"image\" data-rel=\"7\" data-title=\"axel musikal 1920&#215;1080-01 (1)[60] &#8211; copie\" title=\"Enlarge photo\"><div style=\"background-image:url(https:\/\/cameratanordica.com\/wp-content\/uploads\/2025\/09\/axel-musikal-1920x1080-01-160-copie-768x432.jpeg)\"><\/div><noscript><img decoding=\"async\" class=\"wpgb-noscript-img\" src=\"https:\/\/cameratanordica.com\/wp-content\/uploads\/2025\/09\/axel-musikal-1920x1080-01-160-copie-768x432.jpeg\" alt=\"\" height=\"432\" width=\"768\"><\/noscript><\/a><\/div><\/div><div class=\"wpgb-card-content wpgb-scheme-dark\"><div class=\"wpgb-card-body\"><div class=\"wpgb-block-8\"><span class=\"wpgb-block-term\" data-id=\"197\">Oskarshamn<\/span><\/div><h3 class=\"wpgb-block-2\"><a href=\"https:\/\/cameratanordica.com\/sv\/production\/axel-jubileumsmusikalen-om-doderhultarn\/\">AXEL &#8211; JUBILEUMSMUSIKALEN OM D\u00d6DERHULTARN<\/a><\/h3><a class=\"wpgb-block-6\" href=\"https:\/\/cameratanordica.com\/sv\/production\/axel-jubileumsmusikalen-om-doderhultarn\/\">6-7 December 2025<\/a><div class=\"wpgb-block-3\"> 100 years ago, Axel \u201cD\u00f6derhultarn\u201d Petersson passed away in his studio in Oskarshamn.\nF\u00f6r 100 \u00e5r sedan dog Axel \u201dD\u00f6derhultarn\u201d Petersson i sin atelj\u00e9 i Oskarshamn. Nu avslutas jubileums\u00e5ret 2025 med stor nyskriven musikal med 130 k\u00f6rs\u00e5ngare, solister, dansare och orkester.<\/div><\/div><div class=\"wpgb-card-footer\" data-action><a class=\"wpgb-block-4\" href=\"https:\/\/cameratanordica.com\/sv\/production\/axel-jubileumsmusikalen-om-doderhultarn\/\">info &amp; biljetter<\/a><a class=\"wpgb-card-layer-link\" aria-label=\"Produktioner\" href=\"https:\/\/cameratanordica.com\/sv\/production\/axel-jubileumsmusikalen-om-doderhultarn\/\"><\/a><\/div><\/div><\/div><\/div><\/article><article class=\"wpgb-card wpgb-card-23 wpgb-post-20695\" data-col=\"1\" data-row=\"1\" data-format=\"standard\"><div class=\"wpgb-card-wrapper\"><div class=\"wpgb-card-inner\"><div class=\"wpgb-card-media wpgb-scheme-light\"><svg data-ratio style=\"padding-top:56.25%\" viewBox=\"0 0 768 432\" aria-hidden=\"true\"><\/svg><div class=\"wpgb-card-media-thumbnail\"><a href=\"https:\/\/cameratanordica.com\/wp-content\/uploads\/2025\/06\/Alice-in-Wonderland-webb.jpg\" tabindex=\"-1\" class=\"wpgb-handle-lb wpgb-lightbox\" data-type=\"image\" data-rel=\"7\" data-title=\"Alice-in-Wonderland-webb\" title=\"Enlarge photo\"><div style=\"background-image:url(https:\/\/cameratanordica.com\/wp-content\/uploads\/2025\/06\/Alice-in-Wonderland-webb-768x432.jpg)\"><\/div><noscript><img decoding=\"async\" class=\"wpgb-noscript-img\" src=\"https:\/\/cameratanordica.com\/wp-content\/uploads\/2025\/06\/Alice-in-Wonderland-webb-768x432.jpg\" alt=\"\" height=\"432\" width=\"768\"><\/noscript><\/a><\/div><\/div><div class=\"wpgb-card-content wpgb-scheme-dark\"><div class=\"wpgb-card-body\"><div class=\"wpgb-block-8\"><span class=\"wpgb-block-term\" data-id=\"198\">Kalmar<\/span><span class=\"wpgb-block-term\" data-id=\"230\">Varberg<\/span><span class=\"wpgb-block-term\" data-id=\"255\">Vimmerby<\/span><span class=\"wpgb-block-term\" data-id=\"256\">Karlshamn<\/span><span class=\"wpgb-block-term\" data-id=\"197\">Oskarshamn<\/span><\/div><h3 class=\"wpgb-block-2\"><a href=\"https:\/\/cameratanordica.com\/sv\/production\/alice-i-underlandet\/\">Alice i Underlandet<\/a><\/h3><a class=\"wpgb-block-6\" href=\"https:\/\/cameratanordica.com\/sv\/production\/alice-i-underlandet\/\">31 januari - 8 februari 2026<\/a><a class=\"wpgb-block-1\" href=\"https:\/\/cameratanordica.com\/sv\/production\/alice-i-underlandet\/\">Camerata Nordica Cello Ensemble<\/a><a class=\"wpgb-block-5\" href=\"https:\/\/cameratanordica.com\/sv\/production\/alice-i-underlandet\/\">Karin Bergstrand, ber\u00e4ttare<\/a><div class=\"wpgb-block-3\">Familjekonsert: F\u00f6lj med i Lewis Carrolls ber\u00e4ttelse \"Alice i Underlandet\" tillsammans med Camerata Nordicas celloktett och bilder och animationer av Kinga och Csenge Lendvai-Kontar!<\/div><\/div><div class=\"wpgb-card-footer\" data-action><a class=\"wpgb-block-4\" href=\"https:\/\/cameratanordica.com\/sv\/production\/alice-i-underlandet\/\">info &amp; biljetter<\/a><a class=\"wpgb-card-layer-link\" aria-label=\"Produktioner\" href=\"https:\/\/cameratanordica.com\/sv\/production\/alice-i-underlandet\/\"><\/a><\/div><\/div><\/div><\/div><\/article><article class=\"wpgb-card wpgb-card-23 wpgb-post-20739\" data-col=\"1\" data-row=\"1\" data-format=\"standard\"><div class=\"wpgb-card-wrapper\"><div class=\"wpgb-card-inner\"><div class=\"wpgb-card-media wpgb-scheme-light\"><svg data-ratio style=\"padding-top:56.25%\" viewBox=\"0 0 768 432\" aria-hidden=\"true\"><\/svg><div class=\"wpgb-card-media-thumbnail\"><a href=\"https:\/\/cameratanordica.com\/wp-content\/uploads\/2025\/06\/Gotland-scaled.jpg\" tabindex=\"-1\" class=\"wpgb-handle-lb wpgb-lightbox\" data-type=\"image\" data-rel=\"7\" data-title=\"Gotland\" title=\"Enlarge photo\"><div style=\"background-image:url(https:\/\/cameratanordica.com\/wp-content\/uploads\/2025\/06\/Gotland-768x432.jpg)\"><\/div><noscript><img decoding=\"async\" class=\"wpgb-noscript-img\" src=\"https:\/\/cameratanordica.com\/wp-content\/uploads\/2025\/06\/Gotland-768x432.jpg\" alt=\"\" height=\"432\" width=\"768\"><\/noscript><\/a><\/div><\/div><div class=\"wpgb-card-content wpgb-scheme-dark\"><div class=\"wpgb-card-body\"><div class=\"wpgb-block-8\"><span class=\"wpgb-block-term\" data-id=\"255\">Vimmerby<\/span><span class=\"wpgb-block-term\" data-id=\"258\">Nybro<\/span><span class=\"wpgb-block-term\" data-id=\"199\">V\u00e4stervik<\/span><\/div><h3 class=\"wpgb-block-2\"><a href=\"https:\/\/cameratanordica.com\/sv\/production\/gotlands-jazztrio\/\">Gotlands Jazztrio<\/a><\/h3><a class=\"wpgb-block-6\" href=\"https:\/\/cameratanordica.com\/sv\/production\/gotlands-jazztrio\/\">20-22 Februari 2026<\/a><a class=\"wpgb-block-1\" href=\"https:\/\/cameratanordica.com\/sv\/production\/gotlands-jazztrio\/\">Gotlands Jazztrio<\/a><a class=\"wpgb-block-5\" href=\"https:\/\/cameratanordica.com\/sv\/production\/gotlands-jazztrio\/\">Kvartett ur Camerata Nordica<\/a><div class=\"wpgb-block-3\">I denna konsert m\u00f6ts klassisk musik, jazz och folkmusik i ny tappning i samarbete med Gotlandsmusiken.<\/div><\/div><div class=\"wpgb-card-footer\" data-action><a class=\"wpgb-block-4\" href=\"https:\/\/cameratanordica.com\/sv\/production\/gotlands-jazztrio\/\">info &amp; biljetter<\/a><a class=\"wpgb-card-layer-link\" aria-label=\"Produktioner\" href=\"https:\/\/cameratanordica.com\/sv\/production\/gotlands-jazztrio\/\"><\/a><\/div><\/div><\/div><\/div><\/article><article class=\"wpgb-card wpgb-card-23 wpgb-post-20717\" data-col=\"1\" data-row=\"1\" data-format=\"standard\"><div class=\"wpgb-card-wrapper\"><div class=\"wpgb-card-inner\"><div class=\"wpgb-card-media wpgb-scheme-light\"><svg data-ratio style=\"padding-top:56.25%\" viewBox=\"0 0 768 432\" aria-hidden=\"true\"><\/svg><div class=\"wpgb-card-media-thumbnail\"><a href=\"https:\/\/cameratanordica.com\/wp-content\/uploads\/2025\/06\/Baranov-scaled.jpg\" tabindex=\"-1\" class=\"wpgb-handle-lb wpgb-lightbox\" data-type=\"image\" data-rel=\"7\" data-title=\"Baranov\" title=\"Enlarge photo\"><div style=\"background-image:url(https:\/\/cameratanordica.com\/wp-content\/uploads\/2025\/06\/Baranov-768x432.jpg)\"><\/div><noscript><img decoding=\"async\" class=\"wpgb-noscript-img\" src=\"https:\/\/cameratanordica.com\/wp-content\/uploads\/2025\/06\/Baranov-768x432.jpg\" alt=\"\" height=\"432\" width=\"768\"><\/noscript><\/a><\/div><\/div><div class=\"wpgb-card-content wpgb-scheme-dark\"><div class=\"wpgb-card-body\"><div class=\"wpgb-block-8\"><span class=\"wpgb-block-term\" data-id=\"199\">V\u00e4stervik<\/span><span class=\"wpgb-block-term\" data-id=\"230\">Varberg<\/span><span class=\"wpgb-block-term\" data-id=\"253\">Falkenberg<\/span><span class=\"wpgb-block-term\" data-id=\"324\">Laholm<\/span><span class=\"wpgb-block-term\" data-id=\"337\">Ronneby<\/span><span class=\"wpgb-block-term\" data-id=\"198\">Kalmar<\/span><\/div><h3 class=\"wpgb-block-2\"><a href=\"https:\/\/cameratanordica.com\/sv\/production\/tjajkovskijs-violinkonsert\/\">Tjajkovskijs violinkonsert<\/a><\/h3><a class=\"wpgb-block-6\" href=\"https:\/\/cameratanordica.com\/sv\/production\/tjajkovskijs-violinkonsert\/\">6-11 Mars 2026<\/a><a class=\"wpgb-block-1\" href=\"https:\/\/cameratanordica.com\/sv\/production\/tjajkovskijs-violinkonsert\/\">Andrey Baranov, ledare och solist, violin<\/a><a class=\"wpgb-block-5\" href=\"https:\/\/cameratanordica.com\/sv\/production\/tjajkovskijs-violinkonsert\/\">Camerata Nordica<\/a><div class=\"wpgb-block-3\">Andrey Baranov \u00e5terv\u00e4nder som ledare och solist till Camerata Nordica f\u00f6r att framf\u00f6ra Tjajkovskijs violinkonsert i ett nytt arrangemang f\u00f6r violin och str\u00e5korkester.<\/div><\/div><div class=\"wpgb-card-footer\" data-action><a class=\"wpgb-block-4\" href=\"https:\/\/cameratanordica.com\/sv\/production\/tjajkovskijs-violinkonsert\/\">info &amp; biljetter<\/a><a class=\"wpgb-card-layer-link\" aria-label=\"Produktioner\" href=\"https:\/\/cameratanordica.com\/sv\/production\/tjajkovskijs-violinkonsert\/\"><\/a><\/div><\/div><\/div><\/div><\/article><article class=\"wpgb-card wpgb-card-23 wpgb-post-20721\" data-col=\"1\" data-row=\"1\" data-format=\"standard\"><div class=\"wpgb-card-wrapper\"><div class=\"wpgb-card-inner\"><div class=\"wpgb-card-media wpgb-scheme-light\"><svg data-ratio style=\"padding-top:56.25%\" viewBox=\"0 0 768 432\" aria-hidden=\"true\"><\/svg><div class=\"wpgb-card-media-thumbnail\"><a href=\"https:\/\/cameratanordica.com\/wp-content\/uploads\/2024\/05\/NEW-16-98-scaled.jpg\" tabindex=\"-1\" class=\"wpgb-handle-lb wpgb-lightbox\" data-type=\"image\" data-rel=\"7\" data-title=\"NEW 16-98\" title=\"Enlarge photo\"><div style=\"background-image:url(https:\/\/cameratanordica.com\/wp-content\/uploads\/2024\/05\/NEW-16-98-768x432.jpg)\"><\/div><noscript><img decoding=\"async\" class=\"wpgb-noscript-img\" src=\"https:\/\/cameratanordica.com\/wp-content\/uploads\/2024\/05\/NEW-16-98-768x432.jpg\" alt=\"\" height=\"432\" width=\"768\"><\/noscript><\/a><\/div><\/div><div class=\"wpgb-card-content wpgb-scheme-dark\"><div class=\"wpgb-card-body\"><div class=\"wpgb-block-8\"><span class=\"wpgb-block-term\" data-id=\"257\">Olofstr\u00f6m<\/span><span class=\"wpgb-block-term\" data-id=\"258\">Nybro<\/span><span class=\"wpgb-block-term\" data-id=\"270\">Hultsfred<\/span><span class=\"wpgb-block-term\" data-id=\"293\">Borgholm<\/span><span class=\"wpgb-block-term\" data-id=\"311\">\u00c4ngelholm<\/span><span class=\"wpgb-block-term\" data-id=\"328\">Karlskrona<\/span><span class=\"wpgb-block-term\" data-id=\"411\">Lammhult<\/span><span class=\"wpgb-block-term\" data-id=\"417\">V\u00e4ster\u00e5s<\/span><span class=\"wpgb-block-term\" data-id=\"197\">Oskarshamn<\/span><\/div><h3 class=\"wpgb-block-2\"><a href=\"https:\/\/cameratanordica.com\/sv\/production\/harpan-i-fokus\/\">Harpan i fokus<\/a><\/h3><a class=\"wpgb-block-6\" href=\"https:\/\/cameratanordica.com\/sv\/production\/harpan-i-fokus\/\">19-29 Mars 2026<\/a><a class=\"wpgb-block-1\" href=\"https:\/\/cameratanordica.com\/sv\/production\/harpan-i-fokus\/\">Erik Groenstein-Hendriks, solist, harpa<\/a><a class=\"wpgb-block-5\" href=\"https:\/\/cameratanordica.com\/sv\/production\/harpan-i-fokus\/\">Camerata Nordica Chamber Ensemble<\/a><div class=\"wpgb-block-3\">Camerata Nordica, med harpisten Erik Gronstein-Hendriks, presenterar ett unikt program som visar upp harpa, fl\u00f6jt och klarinett.<\/div><\/div><div class=\"wpgb-card-footer\" data-action><a class=\"wpgb-block-4\" href=\"https:\/\/cameratanordica.com\/sv\/production\/harpan-i-fokus\/\">info &amp; biljetter<\/a><a class=\"wpgb-card-layer-link\" aria-label=\"Produktioner\" href=\"https:\/\/cameratanordica.com\/sv\/production\/harpan-i-fokus\/\"><\/a><\/div><\/div><\/div><\/div><\/article><article class=\"wpgb-card wpgb-card-23 wpgb-post-21083\" data-col=\"1\" data-row=\"1\" data-format=\"standard\"><div class=\"wpgb-card-wrapper\"><div class=\"wpgb-card-inner\"><div class=\"wpgb-card-media wpgb-scheme-light\"><svg data-ratio style=\"padding-top:56.25%\" viewBox=\"0 0 768 432\" aria-hidden=\"true\"><\/svg><div class=\"wpgb-card-media-thumbnail\"><a href=\"https:\/\/cameratanordica.com\/wp-content\/uploads\/2026\/03\/\u00a9-Lisa-Madestam-1.jpg\" tabindex=\"-1\" class=\"wpgb-handle-lb wpgb-lightbox\" data-type=\"image\" data-rel=\"7\" data-title=\"\u00a9 Lisa Madestam-1\" title=\"Enlarge photo\"><div style=\"background-image:url(https:\/\/cameratanordica.com\/wp-content\/uploads\/2026\/03\/\u00a9-Lisa-Madestam-1-768x432.jpg)\"><\/div><noscript><img decoding=\"async\" class=\"wpgb-noscript-img\" src=\"https:\/\/cameratanordica.com\/wp-content\/uploads\/2026\/03\/\u00a9-Lisa-Madestam-1-768x432.jpg\" alt=\"\" height=\"432\" width=\"768\"><\/noscript><\/a><\/div><\/div><div class=\"wpgb-card-content wpgb-scheme-dark\"><div class=\"wpgb-card-body\"><div class=\"wpgb-block-8\"><span class=\"wpgb-block-term\" data-id=\"198\">Kalmar<\/span><\/div><h3 class=\"wpgb-block-2\"><a href=\"https:\/\/cameratanordica.com\/sv\/production\/en-svensk-markuspassion-av-fredrik-sixten\/\">En svensk Markuspassion av Fredrik Sixten<\/a><\/h3><a class=\"wpgb-block-6\" href=\"https:\/\/cameratanordica.com\/sv\/production\/en-svensk-markuspassion-av-fredrik-sixten\/\">29 mars 2026<\/a><a class=\"wpgb-block-1\" href=\"https:\/\/cameratanordica.com\/sv\/production\/en-svensk-markuspassion-av-fredrik-sixten\/\">Daniel Larsson, dirigent<\/a><a class=\"wpgb-block-5\" href=\"https:\/\/cameratanordica.com\/sv\/production\/en-svensk-markuspassion-av-fredrik-sixten\/\">Kalmar domkyrkok\u00f6r<\/a><div class=\"wpgb-block-3\">Denna palms\u00f6ndag f\u00e5r vi lyssna till passionsber\u00e4ttelsen i en tondr\u00e4kt som n\u00e4rmast kan liknas en blandning av den store Bach men med svenska folkliga koraler.<\/div><\/div><div class=\"wpgb-card-footer\" data-action><a class=\"wpgb-block-4\" href=\"https:\/\/cameratanordica.com\/sv\/production\/en-svensk-markuspassion-av-fredrik-sixten\/\">info &amp; biljetter<\/a><a class=\"wpgb-card-layer-link\" aria-label=\"Produktioner\" href=\"https:\/\/cameratanordica.com\/sv\/production\/en-svensk-markuspassion-av-fredrik-sixten\/\"><\/a><\/div><\/div><\/div><\/div><\/article><article class=\"wpgb-card wpgb-card-23 wpgb-post-20743\" data-col=\"1\" data-row=\"1\" data-format=\"standard\"><div class=\"wpgb-card-wrapper\"><div class=\"wpgb-card-inner\"><div class=\"wpgb-card-media wpgb-scheme-light\"><svg data-ratio style=\"padding-top:56.25%\" viewBox=\"0 0 768 432\" aria-hidden=\"true\"><\/svg><div class=\"wpgb-card-media-thumbnail\"><a href=\"https:\/\/cameratanordica.com\/wp-content\/uploads\/2025\/06\/yoga-scaled.jpg\" tabindex=\"-1\" class=\"wpgb-handle-lb wpgb-lightbox\" data-type=\"image\" data-rel=\"7\" data-title=\"yoga\" title=\"Enlarge photo\"><div style=\"background-image:url(https:\/\/cameratanordica.com\/wp-content\/uploads\/2025\/06\/yoga-768x432.jpg)\"><\/div><noscript><img decoding=\"async\" class=\"wpgb-noscript-img\" src=\"https:\/\/cameratanordica.com\/wp-content\/uploads\/2025\/06\/yoga-768x432.jpg\" alt=\"\" height=\"432\" width=\"768\"><\/noscript><\/a><\/div><\/div><div class=\"wpgb-card-content wpgb-scheme-dark\"><div class=\"wpgb-card-body\"><div class=\"wpgb-block-8\"><span class=\"wpgb-block-term\" data-id=\"199\">V\u00e4stervik<\/span><span class=\"wpgb-block-term\" data-id=\"198\">Kalmar<\/span><\/div><h3 class=\"wpgb-block-2\"><a href=\"https:\/\/cameratanordica.com\/sv\/production\/yogakonsert\/\">Yogakonsert<\/a><\/h3><a class=\"wpgb-block-6\" href=\"https:\/\/cameratanordica.com\/sv\/production\/yogakonsert\/\">11-12 April 2026<\/a><a class=\"wpgb-block-1\" href=\"https:\/\/cameratanordica.com\/sv\/production\/yogakonsert\/\">Camerata Nordica Chamber Ensemble<\/a><a class=\"wpgb-block-5\" href=\"https:\/\/cameratanordica.com\/sv\/production\/yogakonsert\/\">Lene Skomedal, yogainstrukt\u00f6r<\/a><div class=\"wpgb-block-3\">Yogakonsert med klassiskt tema!<\/div><\/div><div class=\"wpgb-card-footer\" data-action><a class=\"wpgb-block-4\" href=\"https:\/\/cameratanordica.com\/sv\/production\/yogakonsert\/\">info &amp; biljetter<\/a><a class=\"wpgb-card-layer-link\" aria-label=\"Produktioner\" href=\"https:\/\/cameratanordica.com\/sv\/production\/yogakonsert\/\"><\/a><\/div><\/div><\/div><\/div><\/article><article class=\"wpgb-card wpgb-card-23 wpgb-post-20732\" data-col=\"1\" data-row=\"1\" data-format=\"standard\"><div class=\"wpgb-card-wrapper\"><div class=\"wpgb-card-inner\"><div class=\"wpgb-card-media wpgb-scheme-light\"><svg data-ratio style=\"padding-top:56.25%\" viewBox=\"0 0 768 432\" aria-hidden=\"true\"><\/svg><div class=\"wpgb-card-media-thumbnail\"><a href=\"https:\/\/cameratanordica.com\/wp-content\/uploads\/2025\/06\/Travelers-scaled.jpg\" tabindex=\"-1\" class=\"wpgb-handle-lb wpgb-lightbox\" data-type=\"image\" data-rel=\"7\" data-title=\"Travelers\" title=\"Enlarge photo\"><div style=\"background-image:url(https:\/\/cameratanordica.com\/wp-content\/uploads\/2025\/06\/Travelers-768x432.jpg)\"><\/div><noscript><img decoding=\"async\" class=\"wpgb-noscript-img\" src=\"https:\/\/cameratanordica.com\/wp-content\/uploads\/2025\/06\/Travelers-768x432.jpg\" alt=\"\" height=\"432\" width=\"768\"><\/noscript><\/a><\/div><\/div><div class=\"wpgb-card-content wpgb-scheme-dark\"><div class=\"wpgb-card-body\"><div class=\"wpgb-block-8\"><span class=\"wpgb-block-term\" data-id=\"198\">Kalmar<\/span><span class=\"wpgb-block-term\" data-id=\"199\">V\u00e4stervik<\/span><span class=\"wpgb-block-term\" data-id=\"197\">Oskarshamn<\/span><\/div><h3 class=\"wpgb-block-2\"><a href=\"https:\/\/cameratanordica.com\/sv\/production\/the-travellers\/\">The Travellers<\/a><\/h3><a class=\"wpgb-block-6\" href=\"https:\/\/cameratanordica.com\/sv\/production\/the-travellers\/\">19-21 April 2026<\/a><a class=\"wpgb-block-1\" href=\"https:\/\/cameratanordica.com\/sv\/production\/the-travellers\/\">Z\u00e9phyrin Rey-Bellet ledare och solist, cello<\/a><a class=\"wpgb-block-5\" href=\"https:\/\/cameratanordica.com\/sv\/production\/the-travellers\/\">Shuichi Okada &amp; Alexandre Pascal, violin, och Sabina Sandri-Olsson, cello.  Kimi Makino, viola<\/a><div class=\"wpgb-block-3\">Under ledning av Z\u00e9phyrin Rey-Bellet presenterar Camerata Nordica ett program som lyfter fram dess olika musiker och deras instrument, som g\u00e5r fr\u00e5n klassiska och samtida verk till en final med r\u00f6tter i nordiska traditioner.<\/div><\/div><div class=\"wpgb-card-footer\" data-action><a class=\"wpgb-block-4\" href=\"https:\/\/cameratanordica.com\/sv\/production\/the-travellers\/\">info &amp; biljetter<\/a><a class=\"wpgb-card-layer-link\" aria-label=\"Produktioner\" href=\"https:\/\/cameratanordica.com\/sv\/production\/the-travellers\/\"><\/a><\/div><\/div><\/div><\/div><\/article><article class=\"wpgb-card wpgb-card-23 wpgb-post-21088\" data-col=\"1\" data-row=\"1\" data-format=\"standard\"><div class=\"wpgb-card-wrapper\"><div class=\"wpgb-card-inner\"><div class=\"wpgb-card-media wpgb-scheme-light\"><svg data-ratio style=\"padding-top:56.25%\" viewBox=\"0 0 768 432\" aria-hidden=\"true\"><\/svg><div class=\"wpgb-card-media-thumbnail\"><a href=\"https:\/\/cameratanordica.com\/wp-content\/uploads\/2026\/03\/organ.jpg\" tabindex=\"-1\" class=\"wpgb-handle-lb wpgb-lightbox\" data-type=\"image\" data-rel=\"7\" data-title=\"Church organ\" data-desc=\"Church organ\" title=\"Enlarge photo\"><div style=\"background-image:url(https:\/\/cameratanordica.com\/wp-content\/uploads\/2026\/03\/organ-768x432.jpg)\"><\/div><noscript><img decoding=\"async\" class=\"wpgb-noscript-img\" src=\"https:\/\/cameratanordica.com\/wp-content\/uploads\/2026\/03\/organ-768x432.jpg\" alt=\"\" height=\"432\" width=\"768\"><\/noscript><\/a><\/div><\/div><div class=\"wpgb-card-content wpgb-scheme-dark\"><div class=\"wpgb-card-body\"><div class=\"wpgb-block-8\"><span class=\"wpgb-block-term\" data-id=\"198\">Kalmar<\/span><\/div><h3 class=\"wpgb-block-2\"><a href=\"https:\/\/cameratanordica.com\/sv\/production\/poulenc-orgelkonsert\/\">Poulenc orgelkonsert<\/a><\/h3><a class=\"wpgb-block-6\" href=\"https:\/\/cameratanordica.com\/sv\/production\/poulenc-orgelkonsert\/\">25 april 2026<\/a><a class=\"wpgb-block-1\" href=\"https:\/\/cameratanordica.com\/sv\/production\/poulenc-orgelkonsert\/\">Daniel Larsson, orgel<\/a><a class=\"wpgb-block-5\" href=\"https:\/\/cameratanordica.com\/sv\/production\/poulenc-orgelkonsert\/\">CAMERATA NORDICA<\/a><div class=\"wpgb-block-3\">Som en del av invigningen av domkyrkans nya altarorgel s\u00e5 f\u00e5r vi denna konsert lyssna till den som ensembleinstrument med Camerata Nordica, bla i Francis Poulencs orgelkonsert i g-moll.<\/div><\/div><div class=\"wpgb-card-footer\" data-action><a class=\"wpgb-block-4\" href=\"https:\/\/cameratanordica.com\/sv\/production\/poulenc-orgelkonsert\/\">info &amp; biljetter<\/a><a class=\"wpgb-card-layer-link\" aria-label=\"Produktioner\" href=\"https:\/\/cameratanordica.com\/sv\/production\/poulenc-orgelkonsert\/\"><\/a><\/div><\/div><\/div><\/div><\/article><article class=\"wpgb-card wpgb-card-23 wpgb-post-21090\" data-col=\"1\" data-row=\"1\" data-format=\"standard\"><div class=\"wpgb-card-wrapper\"><div class=\"wpgb-card-inner\"><div class=\"wpgb-card-media wpgb-scheme-light\"><svg data-ratio style=\"padding-top:56.25%\" viewBox=\"0 0 768 432\" aria-hidden=\"true\"><\/svg><div class=\"wpgb-card-media-thumbnail\"><a href=\"https:\/\/cameratanordica.com\/wp-content\/uploads\/2026\/03\/\u00a9-Lisa-Madestam-1.jpg\" tabindex=\"-1\" class=\"wpgb-handle-lb wpgb-lightbox\" data-type=\"image\" data-rel=\"7\" data-title=\"\u00a9 Lisa Madestam-1\" title=\"Enlarge photo\"><div style=\"background-image:url(https:\/\/cameratanordica.com\/wp-content\/uploads\/2026\/03\/\u00a9-Lisa-Madestam-1-768x432.jpg)\"><\/div><noscript><img decoding=\"async\" class=\"wpgb-noscript-img\" src=\"https:\/\/cameratanordica.com\/wp-content\/uploads\/2026\/03\/\u00a9-Lisa-Madestam-1-768x432.jpg\" alt=\"\" height=\"432\" width=\"768\"><\/noscript><\/a><\/div><\/div><div class=\"wpgb-card-content wpgb-scheme-dark\"><div class=\"wpgb-card-body\"><div class=\"wpgb-block-8\"><span class=\"wpgb-block-term\" data-id=\"438\">\u00c4lmhults<\/span><span class=\"wpgb-block-term\" data-id=\"198\">Kalmar<\/span><\/div><h3 class=\"wpgb-block-2\"><a href=\"https:\/\/cameratanordica.com\/sv\/production\/schutz-och-buxtehude\/\">Sch\u00fctz och Buxtehude<\/a><\/h3><a class=\"wpgb-block-6\" href=\"https:\/\/cameratanordica.com\/sv\/production\/schutz-och-buxtehude\/\">25 och 26 april 2026<\/a><a class=\"wpgb-block-1\" href=\"https:\/\/cameratanordica.com\/sv\/production\/schutz-och-buxtehude\/\">Kalmar domkyrkas vokalensemble<\/a><a class=\"wpgb-block-5\" href=\"https:\/\/cameratanordica.com\/sv\/production\/schutz-och-buxtehude\/\">\u00c4lmhults vokalensemble<\/a><div class=\"wpgb-block-3\">Vi f\u00e5r njuta av p\u00e4rlor av barockens fr\u00e4msta tons\u00e4ttare - stycken av Heinrich Sch\u00fctz och kantater av Dietrich Buxtehude. Allt i domkyrkans fina akustik med hj\u00e4lp av g\u00e4stande k\u00f6r \u00c4lmhults Vokalensemble under ledning av Boel Dougan. <\/div><\/div><div class=\"wpgb-card-footer\" data-action><a class=\"wpgb-block-4\" href=\"https:\/\/cameratanordica.com\/sv\/production\/schutz-och-buxtehude\/\">info &amp; biljetter<\/a><a class=\"wpgb-card-layer-link\" aria-label=\"Produktioner\" href=\"https:\/\/cameratanordica.com\/sv\/production\/schutz-och-buxtehude\/\"><\/a><\/div><\/div><\/div><\/div><\/article><article class=\"wpgb-card wpgb-card-23 wpgb-post-21100\" data-col=\"1\" data-row=\"1\" data-format=\"standard\"><div class=\"wpgb-card-wrapper\"><div class=\"wpgb-card-inner\"><div class=\"wpgb-card-media wpgb-scheme-light\"><svg data-ratio style=\"padding-top:56.25%\" viewBox=\"0 0 768 432\" aria-hidden=\"true\"><\/svg><div class=\"wpgb-card-media-thumbnail\"><a href=\"https:\/\/cameratanordica.com\/wp-content\/uploads\/2026\/04\/AdobeStock_327148838-small.jpg\" tabindex=\"-1\" class=\"wpgb-handle-lb wpgb-lightbox\" data-type=\"image\" data-rel=\"7\" data-title=\"Row, group of anonymous violin players, children, people playing\" data-desc=\"Row, group of anonymous violin players, children, people playing, bows in hands, stands in front, closeup. Classical music concert simple performance kids orchestra string section \/ quartet performing\" title=\"Enlarge photo\"><div style=\"background-image:url(https:\/\/cameratanordica.com\/wp-content\/uploads\/2026\/04\/AdobeStock_327148838-small-768x432.jpg)\"><\/div><noscript><img decoding=\"async\" class=\"wpgb-noscript-img\" src=\"https:\/\/cameratanordica.com\/wp-content\/uploads\/2026\/04\/AdobeStock_327148838-small-768x432.jpg\" alt=\"\" height=\"432\" width=\"768\"><\/noscript><\/a><\/div><\/div><div class=\"wpgb-card-content wpgb-scheme-dark\"><div class=\"wpgb-card-body\"><div class=\"wpgb-block-8\"><span class=\"wpgb-block-term\" data-id=\"198\">Kalmar<\/span><span class=\"wpgb-block-term\" data-id=\"199\">V\u00e4stervik<\/span><span class=\"wpgb-block-term\" data-id=\"197\">Oskarshamn<\/span><\/div><h3 class=\"wpgb-block-2\"><a href=\"https:\/\/cameratanordica.com\/sv\/production\/lso-lanets-ungdomsstrakorkester\/\">LSO \u2013 L\u00e4nets ungdomsstr\u00e5korkester<\/a><\/h3><a class=\"wpgb-block-6\" href=\"https:\/\/cameratanordica.com\/sv\/production\/lso-lanets-ungdomsstrakorkester\/\">1-3 Maj 2026<\/a><a class=\"wpgb-block-1\" href=\"https:\/\/cameratanordica.com\/sv\/production\/lso-lanets-ungdomsstrakorkester\/\">LSO \u2013 L\u00e4nets ungdomsstr\u00e5korkester<\/a><a class=\"wpgb-block-5\" href=\"https:\/\/cameratanordica.com\/sv\/production\/lso-lanets-ungdomsstrakorkester\/\">Torbj\u00f6rn Westman, Nyckelharpa &amp; dirigent<\/a><div class=\"wpgb-block-3\">Efter n\u00e4stan 30 \u00e5r som ledare f\u00f6r LSO \u2013 L\u00e4nsungdomstr\u00e5korkestern g\u00e5r Torbj\u00f6rn Westman i pension. V\u00e4lkommen till tre festliga avskedskonserterer i l\u00e4nets tre st\u00f6rsta kommuner, d\u00e4r LSO spelar tillsammans med professionella musiker fr\u00e5n Camerata Nordica och YLO inleder varje kv\u00e4ll. <\/div><\/div><div class=\"wpgb-card-footer\" data-action><a class=\"wpgb-block-4\" href=\"https:\/\/cameratanordica.com\/sv\/production\/lso-lanets-ungdomsstrakorkester\/\">info &amp; biljetter<\/a><a class=\"wpgb-card-layer-link\" aria-label=\"Produktioner\" href=\"https:\/\/cameratanordica.com\/sv\/production\/lso-lanets-ungdomsstrakorkester\/\"><\/a><\/div><\/div><\/div><\/div><\/article><article class=\"wpgb-card wpgb-card-23 wpgb-post-21111\" data-col=\"1\" data-row=\"1\" data-format=\"standard\"><div class=\"wpgb-card-wrapper\"><div class=\"wpgb-card-inner\"><div class=\"wpgb-card-media wpgb-scheme-light\"><svg data-ratio style=\"padding-top:56.25%\" viewBox=\"0 0 768 432\" aria-hidden=\"true\"><\/svg><div class=\"wpgb-card-media-thumbnail\"><a href=\"https:\/\/cameratanordica.com\/wp-content\/uploads\/2026\/04\/legato-26275-scaled.jpg\" tabindex=\"-1\" class=\"wpgb-handle-lb wpgb-lightbox\" data-type=\"image\" data-rel=\"7\" data-title=\"legato 26275\" title=\"Enlarge photo\"><div style=\"background-image:url(https:\/\/cameratanordica.com\/wp-content\/uploads\/2026\/04\/legato-26275-768x432.jpg)\"><\/div><noscript><img decoding=\"async\" class=\"wpgb-noscript-img\" src=\"https:\/\/cameratanordica.com\/wp-content\/uploads\/2026\/04\/legato-26275-768x432.jpg\" alt=\"\" height=\"432\" width=\"768\"><\/noscript><\/a><\/div><\/div><div class=\"wpgb-card-content wpgb-scheme-dark\"><div class=\"wpgb-card-body\"><div class=\"wpgb-block-8\"><span class=\"wpgb-block-term\" data-id=\"448\">Kullabygden<\/span><\/div><h3 class=\"wpgb-block-2\"><a href=\"https:\/\/cameratanordica.com\/sv\/production\/musik-i-kullabygden\/\">Musik i Kullabygden<\/a><\/h3><a class=\"wpgb-block-6\" href=\"https:\/\/cameratanordica.com\/sv\/production\/musik-i-kullabygden\/\">30 JUL 2026<\/a><a class=\"wpgb-block-1\" href=\"https:\/\/cameratanordica.com\/sv\/production\/musik-i-kullabygden\/\">Kerson Leong, ledare och solist<\/a><a class=\"wpgb-block-5\" href=\"https:\/\/cameratanordica.com\/sv\/production\/musik-i-kullabygden\/\">Camerata Nordica<\/a><div class=\"wpgb-block-3\">De flesta av oss f\u00f6rknippar \u00c5rstiderna med Vivaldis tidl\u00f6sa verk f\u00f6r violin och orkester - och sj\u00e4lvklart kommer vi att f\u00e5 h\u00f6ra det under festivalen i ett f\u00f6rstklassigt framf\u00f6rande. Missa inte chansen att uppleva dessa verk live - lika \u00e4lskade idag som n\u00e4r de komponerades i b\u00f6rjan av 1700-talet! F\u00f6rutom Vivaldi f\u00e5r vi ocks\u00e5 h\u00f6ra Piazzollas tangoinspirerade version. Vi ser fram emot att f\u00f6r f\u00f6rsta g\u00e5ngen f\u00e5 bes\u00f6ka Kullabygden, som tillsammans med Kerson kommer att avsluta festivalen med ett oemotst\u00e5ndligt program!   <\/div><\/div><div class=\"wpgb-card-footer\" data-action><a class=\"wpgb-block-4\" href=\"https:\/\/cameratanordica.com\/sv\/production\/musik-i-kullabygden\/\">info &amp; biljetter<\/a><a class=\"wpgb-card-layer-link\" aria-label=\"Produktioner\" href=\"https:\/\/cameratanordica.com\/sv\/production\/musik-i-kullabygden\/\"><\/a><\/div><\/div><\/div><\/div><\/article><article class=\"wpgb-card wpgb-card-23 wpgb-post-21109\" data-col=\"1\" data-row=\"1\" data-format=\"standard\"><div class=\"wpgb-card-wrapper\"><div class=\"wpgb-card-inner\"><div class=\"wpgb-card-media wpgb-scheme-light\"><svg data-ratio style=\"padding-top:66.67%\" viewBox=\"0 0 768 512\" aria-hidden=\"true\"><\/svg><div class=\"wpgb-card-media-thumbnail\"><a href=\"https:\/\/cameratanordica.com\/wp-content\/uploads\/2026\/04\/@cameratanordica-lisa-madestam-072924003-scaled.jpg\" tabindex=\"-1\" class=\"wpgb-handle-lb wpgb-lightbox\" data-type=\"image\" data-rel=\"7\" data-title=\"@cameratanordica-lisa madestam-072924003\" title=\"Enlarge photo\"><div style=\"background-image:url(https:\/\/cameratanordica.com\/wp-content\/uploads\/2026\/04\/@cameratanordica-lisa-madestam-072924003-768x512.jpg)\"><\/div><noscript><img decoding=\"async\" class=\"wpgb-noscript-img\" src=\"https:\/\/cameratanordica.com\/wp-content\/uploads\/2026\/04\/@cameratanordica-lisa-madestam-072924003-768x512.jpg\" alt=\"\" height=\"512\" width=\"768\"><\/noscript><\/a><\/div><\/div><div class=\"wpgb-card-content wpgb-scheme-dark\"><div class=\"wpgb-card-body\"><div class=\"wpgb-block-8\"><span class=\"wpgb-block-term\" data-id=\"293\">Borgholm<\/span><span class=\"wpgb-block-term\" data-id=\"252\">\u00d6land<\/span><\/div><h3 class=\"wpgb-block-2\"><a href=\"https:\/\/cameratanordica.com\/sv\/production\/oland-chamber-players-festival-2026\/\">\u00d6land Chamber Players Festival 2026<\/a><\/h3><a class=\"wpgb-block-6\" href=\"https:\/\/cameratanordica.com\/sv\/production\/oland-chamber-players-festival-2026\/\">23 juli - 2 augusti 2026<\/a><a class=\"wpgb-block-1\" href=\"https:\/\/cameratanordica.com\/sv\/production\/oland-chamber-players-festival-2026\/\">Camerata Nordica, Kerson Leong, Colin Scobie, Shuichi Okada, Guillaume Latour<\/a><a class=\"wpgb-block-5\" href=\"https:\/\/cameratanordica.com\/sv\/production\/oland-chamber-players-festival-2026\/\">Yume Fujise, Kinga Dauner, Sabina Sandri-Olsson, Z\u00e9phyrin Rey-Bellet, Th\u00e9otime Voisin, Melodie Zhao<\/a><div class=\"wpgb-block-3\">Tio \u00e5r av musik, v\u00e4nskap och \u00d6lands unika atmosf\u00e4r. \u00d6land Chamber Players firar sitt jubileum med fyra konserter som sp\u00e4nner \u00f6ver n\u00e5gra av de mest framst\u00e5ende verken i kammarmusikens repertoar. I festivalens hj\u00e4rta st\u00e5r en jubileumskonsert p\u00e5 Vida Museum med den lysande kanadensiske violinisten Kerson Leong och Camerata Nordica. En musikalisk hyllning till ett decennium v\u00e4l tillbringat.   <\/div><\/div><div class=\"wpgb-card-footer\" data-action><a class=\"wpgb-block-4\" href=\"https:\/\/cameratanordica.com\/sv\/production\/oland-chamber-players-festival-2026\/\">info &amp; biljetter<\/a><a class=\"wpgb-card-layer-link\" aria-label=\"Produktioner\" href=\"https:\/\/cameratanordica.com\/sv\/production\/oland-chamber-players-festival-2026\/\"><\/a><\/div><\/div><\/div><\/div><\/article>\t\t<\/div>\n\t<\/div>\n\t<\/div>\n\t<\/div>\n\t\t<\/div>\n<\/div>\n<\/div><\/div><\/div><\/div><\/p>\n","protected":false},"excerpt":{"rendered":"","protected":false},"author":1,"featured_media":0,"parent":0,"menu_order":0,"comment_status":"closed","ping_status":"closed","template":"100-width.php","meta":{"_acf_changed":false,"footnotes":""},"class_list":["post-21045","page","type-page","status-publish","hentry"],"acf":[],"yoast_head":"<!-- This site is optimized with the Yoast SEO plugin v28.3 - https:\/\/yoast.com\/product\/yoast-seo-wordpress\/ -->\n<title>Konsert arkiv - Camerata Nordica<\/title>\n<meta name=\"robots\" content=\"index, follow, max-snippet:-1, max-image-preview:large, max-video-preview:-1\" \/>\n<link rel=\"canonical\" href=\"https:\/\/cameratanordica.com\/sv\/konsert-arkiv\/\" \/>\n<meta property=\"og:locale\" content=\"sv_SE\" \/>\n<meta property=\"og:type\" content=\"article\" \/>\n<meta property=\"og:title\" content=\"Konsert arkiv - Camerata Nordica\" \/>\n<meta property=\"og:url\" content=\"https:\/\/cameratanordica.com\/sv\/konsert-arkiv\/\" \/>\n<meta property=\"og:site_name\" content=\"Camerata Nordica\" \/>\n<meta property=\"article:modified_time\" content=\"2026-02-09T20:21:00+00:00\" \/>\n<meta name=\"twitter:card\" content=\"summary_large_image\" \/>\n<meta name=\"twitter:label1\" content=\"Ber\u00e4knad l\u00e4stid\" \/>\n\t<meta name=\"twitter:data1\" content=\"16 minuter\" \/>\n<script type=\"application\/ld+json\" class=\"yoast-schema-graph\">{\"@context\":\"https:\\\/\\\/schema.org\",\"@graph\":[{\"@type\":\"WebPage\",\"@id\":\"https:\\\/\\\/cameratanordica.com\\\/sv\\\/konsert-arkiv\\\/\",\"url\":\"https:\\\/\\\/cameratanordica.com\\\/sv\\\/konsert-arkiv\\\/\",\"name\":\"Konsert arkiv - Camerata Nordica\",\"isPartOf\":{\"@id\":\"https:\\\/\\\/cameratanordica.com\\\/#website\"},\"datePublished\":\"2026-02-09T13:51:13+00:00\",\"dateModified\":\"2026-02-09T20:21:00+00:00\",\"breadcrumb\":{\"@id\":\"https:\\\/\\\/cameratanordica.com\\\/sv\\\/konsert-arkiv\\\/#breadcrumb\"},\"inLanguage\":\"sv-SE\",\"potentialAction\":[{\"@type\":\"ReadAction\",\"target\":[\"https:\\\/\\\/cameratanordica.com\\\/sv\\\/konsert-arkiv\\\/\"]}]},{\"@type\":\"BreadcrumbList\",\"@id\":\"https:\\\/\\\/cameratanordica.com\\\/sv\\\/konsert-arkiv\\\/#breadcrumb\",\"itemListElement\":[{\"@type\":\"ListItem\",\"position\":1,\"name\":\"Home\",\"item\":\"https:\\\/\\\/cameratanordica.com\\\/sv\\\/hem-3\\\/\"},{\"@type\":\"ListItem\",\"position\":2,\"name\":\"Konsert arkiv\"}]},{\"@type\":\"WebSite\",\"@id\":\"https:\\\/\\\/cameratanordica.com\\\/#website\",\"url\":\"https:\\\/\\\/cameratanordica.com\\\/\",\"name\":\"Camerata Nordica\",\"description\":\"\",\"potentialAction\":[{\"@type\":\"SearchAction\",\"target\":{\"@type\":\"EntryPoint\",\"urlTemplate\":\"https:\\\/\\\/cameratanordica.com\\\/?s={search_term_string}\"},\"query-input\":{\"@type\":\"PropertyValueSpecification\",\"valueRequired\":true,\"valueName\":\"search_term_string\"}}],\"inLanguage\":\"sv-SE\"}]}<\/script>\n<!-- \/ Yoast SEO plugin. -->","yoast_head_json":{"title":"Konsert arkiv - Camerata Nordica","robots":{"index":"index","follow":"follow","max-snippet":"max-snippet:-1","max-image-preview":"max-image-preview:large","max-video-preview":"max-video-preview:-1"},"canonical":"https:\/\/cameratanordica.com\/sv\/konsert-arkiv\/","og_locale":"sv_SE","og_type":"article","og_title":"Konsert arkiv - Camerata Nordica","og_url":"https:\/\/cameratanordica.com\/sv\/konsert-arkiv\/","og_site_name":"Camerata Nordica","article_modified_time":"2026-02-09T20:21:00+00:00","twitter_card":"summary_large_image","twitter_misc":{"Ber\u00e4knad l\u00e4stid":"16 minuter"},"schema":{"@context":"https:\/\/schema.org","@graph":[{"@type":"WebPage","@id":"https:\/\/cameratanordica.com\/sv\/konsert-arkiv\/","url":"https:\/\/cameratanordica.com\/sv\/konsert-arkiv\/","name":"Konsert arkiv - Camerata Nordica","isPartOf":{"@id":"https:\/\/cameratanordica.com\/#website"},"datePublished":"2026-02-09T13:51:13+00:00","dateModified":"2026-02-09T20:21:00+00:00","breadcrumb":{"@id":"https:\/\/cameratanordica.com\/sv\/konsert-arkiv\/#breadcrumb"},"inLanguage":"sv-SE","potentialAction":[{"@type":"ReadAction","target":["https:\/\/cameratanordica.com\/sv\/konsert-arkiv\/"]}]},{"@type":"BreadcrumbList","@id":"https:\/\/cameratanordica.com\/sv\/konsert-arkiv\/#breadcrumb","itemListElement":[{"@type":"ListItem","position":1,"name":"Home","item":"https:\/\/cameratanordica.com\/sv\/hem-3\/"},{"@type":"ListItem","position":2,"name":"Konsert arkiv"}]},{"@type":"WebSite","@id":"https:\/\/cameratanordica.com\/#website","url":"https:\/\/cameratanordica.com\/","name":"Camerata Nordica","description":"","potentialAction":[{"@type":"SearchAction","target":{"@type":"EntryPoint","urlTemplate":"https:\/\/cameratanordica.com\/?s={search_term_string}"},"query-input":{"@type":"PropertyValueSpecification","valueRequired":true,"valueName":"search_term_string"}}],"inLanguage":"sv-SE"}]}},"publishpress_future_action":{"enabled":false,"date":"2026-09-07 12:25:40","action":"change-status","newStatus":"draft","terms":[],"taxonomy":"translation_priority","extraData":[]},"publishpress_future_workflow_manual_trigger":{"enabledWorkflows":[]},"_links":{"self":[{"href":"https:\/\/cameratanordica.com\/sv\/wp-json\/wp\/v2\/pages\/21045","targetHints":{"allow":["GET"]}}],"collection":[{"href":"https:\/\/cameratanordica.com\/sv\/wp-json\/wp\/v2\/pages"}],"about":[{"href":"https:\/\/cameratanordica.com\/sv\/wp-json\/wp\/v2\/types\/page"}],"author":[{"embeddable":true,"href":"https:\/\/cameratanordica.com\/sv\/wp-json\/wp\/v2\/users\/1"}],"replies":[{"embeddable":true,"href":"https:\/\/cameratanordica.com\/sv\/wp-json\/wp\/v2\/comments?post=21045"}],"version-history":[{"count":0,"href":"https:\/\/cameratanordica.com\/sv\/wp-json\/wp\/v2\/pages\/21045\/revisions"}],"wp:attachment":[{"href":"https:\/\/cameratanordica.com\/sv\/wp-json\/wp\/v2\/media?parent=21045"}],"curies":[{"name":"wp","href":"https:\/\/api.w.org\/{rel}","templated":true}]}}