{"id":19725,"date":"2023-05-27T17:00:28","date_gmt":"2023-05-27T17:00:28","guid":{"rendered":"https:\/\/cameratanordica.com\/program-biljetter\/"},"modified":"2026-06-11T15:52:43","modified_gmt":"2026-06-11T15:52:43","slug":"program-biljetter","status":"publish","type":"page","link":"https:\/\/cameratanordica.com\/sv\/program-biljetter\/","title":{"rendered":"Program &amp; biljetter"},"content":{"rendered":"<p><div class=\"fusion-bg-parallax\" data-bg-align=\"center center\" data-direction=\"down\" data-mute=\"false\" data-opacity=\"100\" data-velocity=\"-0.3\" data-mobile-enabled=\"false\" data-break_parents=\"0\" data-bg-image=\"https:\/\/cameratanordica.com\/wp-content\/uploads\/2023\/06\/1-scaled.jpg\" data-bg-repeat=\"false\" data-blend-mode=\"overlay\" ><\/div><div class=\"fusion-fullwidth fullwidth-box fusion-builder-row-1 fusion-flex-container has-pattern-background has-mask-background fusion-parallax-down nonhundred-percent-fullwidth non-hundred-percent-height-scrolling\" style=\"--awb-background-blend-mode:overlay;--awb-border-radius-top-left:0px;--awb-border-radius-top-right:0px;--awb-border-radius-bottom-right:0px;--awb-border-radius-bottom-left:0px;--awb-padding-right:6vw;--awb-padding-left:6vw;--awb-margin-top:0px;--awb-min-height:700px;--awb-background-color:rgba(0,0,0,0);--awb-background-image:url(&quot;https:\/\/cameratanordica.com\/wp-content\/uploads\/2023\/06\/1-scaled.jpg&quot;);--awb-background-size:cover;--awb-flex-wrap:wrap;\" ><div class=\"fusion-builder-row fusion-row fusion-flex-align-items-flex-start fusion-flex-content-wrap\" style=\"max-width:1248px;margin-left: calc(-4% \/ 2 );margin-right: calc(-4% \/ 2 );\"><div class=\"fusion-layout-column fusion_builder_column fusion-builder-column-0 fusion_builder_column_2_3 2_3 fusion-flex-column fusion-flex-align-self-flex-end\" style=\"--awb-bg-size:cover;--awb-width-large:66.666666666667%;--awb-margin-top-large:10px;--awb-spacing-right-large:2.88%;--awb-margin-bottom-large:10px;--awb-spacing-left-large:2.88%;--awb-width-medium:100%;--awb-order-medium:0;--awb-spacing-right-medium:1.92%;--awb-spacing-left-medium:1.92%;--awb-width-small:100%;--awb-order-small:0;--awb-spacing-right-small:1.92%;--awb-spacing-left-small:1.92%;\"><div class=\"fusion-column-wrapper fusion-column-has-shadow fusion-flex-justify-content-flex-start fusion-content-layout-column\"><div class=\"fusion-title title fusion-title-1 fusion-sep-none fusion-title-text fusion-title-size-one\" style=\"--awb-text-color:#ffffff;--awb-margin-top-small:0px;--awb-margin-right-small:0px;--awb-margin-bottom-small:20px;--awb-margin-left-small:0px;\"><h1 class=\"fusion-title-heading title-heading-left fusion-responsive-typography-calculated\" style=\"font-family:-apple-system, BlinkMacSystemFont, &#039;Segoe UI&#039;, Roboto, Oxygen-Sans, Ubuntu, Cantarell, &#039;Helvetica Neue&#039; ,sans-serif;font-style:normal;font-weight:700;margin:0;text-transform:uppercase;--fontSize:120;line-height:1;\">Program &#038; biljetter<\/h1><\/div><div class=\"fusion-title title fusion-title-2 fusion-title-text fusion-title-size-four\" style=\"--awb-margin-top-small:0px;--awb-margin-right-small:0px;--awb-margin-bottom-small:20px;--awb-margin-left-small:0px;\"><div class=\"title-sep-container title-sep-container-left fusion-no-large-visibility fusion-no-medium-visibility fusion-no-small-visibility\"><div class=\"title-sep sep-double sep-solid\" style=\"border-color:#e0dede;\"><\/div><\/div><span class=\"awb-title-spacer fusion-no-large-visibility fusion-no-medium-visibility fusion-no-small-visibility\"><\/span><h4 class=\"fusion-title-heading title-heading-left fusion-responsive-typography-calculated\" style=\"margin:0;--fontSize:20;line-height:1.5;\">Utforska kommande konserter, f\u00f6rest\u00e4llningar, turn\u00e9er, festivaler och evenemang som v\u00e4ntar fram\u00f6ver.<\/h4><span class=\"awb-title-spacer\"><\/span><div class=\"title-sep-container title-sep-container-right\"><div class=\"title-sep sep-double sep-solid\" style=\"border-color:#e0dede;\"><\/div><\/div><\/div><\/div><\/div><\/div><\/div><div class=\"fusion-fullwidth fullwidth-box fusion-builder-row-2 fusion-flex-container has-pattern-background has-mask-background nonhundred-percent-fullwidth non-hundred-percent-height-scrolling fusion-sticky-container\" style=\"--awb-border-radius-top-left:0px;--awb-border-radius-top-right:0px;--awb-border-radius-bottom-right:0px;--awb-border-radius-bottom-left:0px;--awb-margin-bottom:5%;--awb-background-color:#000000;--awb-sticky-background-color:#000000 !important;--awb-flex-wrap:wrap;\" data-transition-offset=\"0\" data-sticky-offset=\"70\" data-scroll-offset=\"0\" data-sticky-small-visibility=\"1\" data-sticky-medium-visibility=\"1\" data-sticky-large-visibility=\"1\" ><div class=\"fusion-builder-row fusion-row fusion-flex-align-items-flex-start fusion-flex-content-wrap\" style=\"max-width:1248px;margin-left: calc(-4% \/ 2 );margin-right: calc(-4% \/ 2 );\"><div class=\"fusion-layout-column fusion_builder_column fusion-builder-column-1 awb-sticky awb-sticky-small awb-sticky-medium awb-sticky-large fusion_builder_column_1_1 1_1 fusion-flex-column\" style=\"--awb-bg-size:cover;--awb-width-large:100%;--awb-margin-top-large:10px;--awb-spacing-right-large:1.92%;--awb-margin-bottom-large:10px;--awb-spacing-left-large:1.92%;--awb-width-medium:100%;--awb-order-medium:0;--awb-spacing-right-medium:1.92%;--awb-spacing-left-medium:1.92%;--awb-width-small:100%;--awb-order-small:0;--awb-spacing-right-small:1.92%;--awb-spacing-left-small:1.92%;\"><div class=\"fusion-column-wrapper fusion-column-has-shadow fusion-flex-justify-content-flex-start fusion-content-layout-column\"><nav class=\"awb-menu awb-menu_row awb-menu_em-hover mobile-mode-collapse-to-button awb-menu_icons-left awb-menu_dc-yes mobile-trigger-fullwidth-off awb-menu_mobile-toggle awb-menu_indent-left mobile-size-full-absolute loading mega-menu-loading awb-menu_desktop awb-menu_dropdown awb-menu_expand-right awb-menu_transition-fade\" style=\"--awb-font-size:13px;--awb-text-transform:uppercase;--awb-gap:1%;--awb-align-items:center;--awb-items-padding-bottom:2px;--awb-items-padding-left:5px;--awb-color:#ffffff;--awb-active-color:#ff0000;--awb-active-border-bottom:1px;--awb-active-border-left:1px;--awb-active-border-color:#ff0000;--awb-icons-size:14;--awb-main-justify-content:flex-start;--awb-mobile-justify:flex-start;--awb-mobile-caret-left:auto;--awb-mobile-caret-right:0;--awb-fusion-font-family-typography:&quot;Montserrat&quot;;--awb-fusion-font-style-typography:normal;--awb-fusion-font-weight-typography:400;--awb-fusion-font-family-submenu-typography:inherit;--awb-fusion-font-style-submenu-typography:normal;--awb-fusion-font-weight-submenu-typography:400;--awb-fusion-font-family-mobile-typography:inherit;--awb-fusion-font-style-mobile-typography:normal;--awb-fusion-font-weight-mobile-typography:400;\" aria-label=\"Off canvas 1\" data-breakpoint=\"0\" data-count=\"0\" data-transition-type=\"fade\" data-transition-time=\"300\" data-expand=\"right\"><ul id=\"menu-off-canvas-1-swedish\" class=\"fusion-menu awb-menu__main-ul awb-menu__main-ul_row\"><li  id=\"menu-item-19809\"  class=\"menu-item menu-item-type-post_type menu-item-object-page menu-item-19809 awb-menu__li awb-menu__main-li awb-menu__main-li_regular\"  data-item-id=\"19809\"><span class=\"awb-menu__main-background-default awb-menu__main-background-default_fade\"><\/span><span class=\"awb-menu__main-background-active awb-menu__main-background-active_fade\"><\/span><a  href=\"https:\/\/cameratanordica.com\/sv\/program-biljetter\/\" class=\"awb-menu__main-a awb-menu__main-a_regular\"><span class=\"menu-text\">Program &amp; biljetter<\/span><\/a><\/li><li  id=\"menu-item-21060\"  class=\"menu-item menu-item-type-post_type menu-item-object-page menu-item-21060 awb-menu__li awb-menu__main-li awb-menu__main-li_regular\"  data-item-id=\"21060\"><span class=\"awb-menu__main-background-default awb-menu__main-background-default_fade\"><\/span><span class=\"awb-menu__main-background-active awb-menu__main-background-active_fade\"><\/span><a  href=\"https:\/\/cameratanordica.com\/sv\/konsert-arkiv\/\" class=\"awb-menu__main-a awb-menu__main-a_regular\"><span class=\"menu-text\">Konsert arkiv<\/span><\/a><\/li><li  id=\"menu-item-19811\"  class=\"menu-item menu-item-type-post_type menu-item-object-page menu-item-19811 awb-menu__li awb-menu__main-li awb-menu__main-li_regular\"  data-item-id=\"19811\"><span class=\"awb-menu__main-background-default awb-menu__main-background-default_fade\"><\/span><span class=\"awb-menu__main-background-active awb-menu__main-background-active_fade\"><\/span><a  href=\"https:\/\/cameratanordica.com\/sv\/presentkort\/\" class=\"awb-menu__main-a awb-menu__main-a_regular\"><span class=\"menu-text\">Presentkort<\/span><\/a><\/li><li  id=\"menu-item-19812\"  class=\"menu-item menu-item-type-post_type menu-item-object-page menu-item-19812 awb-menu__li awb-menu__main-li awb-menu__main-li_regular\"  data-item-id=\"19812\"><span class=\"awb-menu__main-background-default awb-menu__main-background-default_fade\"><\/span><span class=\"awb-menu__main-background-active awb-menu__main-background-active_fade\"><\/span><a  href=\"https:\/\/cameratanordica.com\/sv\/biljettinformation\/\" class=\"awb-menu__main-a awb-menu__main-a_regular\"><span class=\"menu-text\">Biljettinformation<\/span><\/a><\/li><li  id=\"menu-item-19810\"  class=\"menu-item menu-item-type-post_type menu-item-object-page menu-item-19810 awb-menu__li awb-menu__main-li awb-menu__main-li_regular\"  data-item-id=\"19810\"><span class=\"awb-menu__main-background-default awb-menu__main-background-default_fade\"><\/span><span class=\"awb-menu__main-background-active awb-menu__main-background-active_fade\"><\/span><a  href=\"https:\/\/cameratanordica.com\/sv\/sasong-23-24\/\" class=\"awb-menu__main-a awb-menu__main-a_regular\"><span class=\"menu-text\">Arkiv s\u00e4songsprogram<\/span><\/a><\/li><li  id=\"menu-item-20795\"  class=\"menu-item menu-item-type-post_type menu-item-object-page menu-item-20795 awb-menu__li awb-menu__main-li awb-menu__main-li_regular\"  data-item-id=\"20795\"><span class=\"awb-menu__main-background-default awb-menu__main-background-default_fade\"><\/span><span class=\"awb-menu__main-background-active awb-menu__main-background-active_fade\"><\/span><a  href=\"https:\/\/cameratanordica.com\/sv\/camerata-nordicas-vanner\/\" class=\"awb-menu__main-a awb-menu__main-a_regular\"><span class=\"menu-text\">Camerata v\u00e4nner<\/span><\/a><\/li><\/ul><\/nav><\/div><\/div><\/div><\/div><div class=\"fusion-fullwidth fullwidth-box fusion-builder-row-3 fusion-flex-container has-pattern-background has-mask-background nonhundred-percent-fullwidth non-hundred-percent-height-scrolling\" style=\"--awb-border-radius-top-left:0px;--awb-border-radius-top-right:0px;--awb-border-radius-bottom-right:0px;--awb-border-radius-bottom-left:0px;--awb-background-color:#000000;--awb-flex-wrap:wrap;\" ><div class=\"fusion-builder-row fusion-row fusion-flex-align-items-flex-start fusion-flex-content-wrap\" style=\"max-width:1248px;margin-left: calc(-4% \/ 2 );margin-right: calc(-4% \/ 2 );\"><div class=\"fusion-layout-column fusion_builder_column fusion-builder-column-2 fusion_builder_column_1_1 1_1 fusion-flex-column\" style=\"--awb-bg-size:cover;--awb-width-large:100%;--awb-margin-top-large:10px;--awb-spacing-right-large:1.92%;--awb-margin-bottom-large:10px;--awb-spacing-left-large:1.92%;--awb-width-medium:100%;--awb-order-medium:0;--awb-spacing-right-medium:1.92%;--awb-spacing-left-medium:1.92%;--awb-width-small:100%;--awb-order-small:0;--awb-spacing-right-small:1.92%;--awb-spacing-left-small:1.92%;\"><div class=\"fusion-column-wrapper fusion-column-has-shadow fusion-flex-justify-content-flex-start fusion-content-layout-column\"><div class=\"fusion-title title fusion-title-3 sep-underline sep-solid fusion-title-center fusion-title-text fusion-title-size-two\" style=\"--awb-margin-top-small:0px;--awb-margin-right-small:0px;--awb-margin-bottom-small:20px;--awb-margin-left-small:0px;--awb-font-size:40px;\"><h2 class=\"fusion-title-heading title-heading-center fusion-responsive-typography-calculated\" style=\"margin:0;font-size:1em;--fontSize:40;line-height:1.5;\">S\u00e4songspass 2026-2027<\/h2><\/div><\/div><\/div><div class=\"fusion-layout-column fusion_builder_column fusion-builder-column-3 fusion_builder_column_1_2 1_2 fusion-flex-column\" style=\"--awb-bg-size:cover;--awb-width-large:50%;--awb-margin-top-large:10px;--awb-spacing-right-large:3.84%;--awb-margin-bottom-large:10px;--awb-spacing-left-large:3.84%;--awb-width-medium:100%;--awb-order-medium:0;--awb-spacing-right-medium:1.92%;--awb-spacing-left-medium:1.92%;--awb-width-small:100%;--awb-order-small:0;--awb-spacing-right-small:1.92%;--awb-spacing-left-small:1.92%;\"><div class=\"fusion-column-wrapper fusion-column-has-shadow fusion-flex-justify-content-flex-start fusion-content-layout-column\"><div class=\"fusion-text fusion-text-1\" style=\"--awb-font-size:20px;--awb-text-color:#ffffff;\"><p>Skapa din perfekta s\u00e4song med Camerata Nordicas flexibla s\u00e4songskort 2026\u20132027.<\/p>\n<\/div><div class=\"fusion-title title fusion-title-4 fusion-sep-none fusion-title-center fusion-title-highlight fusion-animate-loop fusion-highlight-circle fusion-title-size-three\" style=\"--awb-highlight-color:var(--awb-custom10);--awb-highlight-width:8;--awb-margin-top-small:0px;--awb-margin-right-small:0px;--awb-margin-bottom-small:20px;--awb-margin-left-small:0px;--awb-font-size:20px;\" data-highlight=\"circle\"><h3 class=\"fusion-title-heading title-heading-center fusion-responsive-typography-calculated\" style=\"margin:0;font-size:1em;--fontSize:20;line-height:1.5;\"><span class=\"fusion-highlighted-text-prefix\"><\/span> <span class=\"fusion-highlighted-text-wrapper\"><span class=\"fusion-highlighted-text\">30%<\/span><svg xmlns=\"http:\/\/www.w3.org\/2000\/svg\" viewBox=\"0 0 500 150\" preserveAspectRatio=\"none\"><path d=\"M344.6,40.1c0,0-293-3.4-330.7,40.3c-5.2,6-3.5,15.3,3.3,19.4c65.8,39,315.8,42.3,451.2-3 c6.3-2.1,12-6.1,16-11.4C527.9,27,242,16.1,242,16.1\"><\/path><\/svg><\/span> <span class=\"fusion-highlighted-text-postfix\">Rabatt<\/span><\/h3><\/div><div class=\"fusion-text fusion-text-2\" style=\"--awb-font-size:20px;--awb-text-color:#ffffff;\"><p><strong>Fr\u00e5n 5 konserter efter eget val \u2013 runt om i hela l\u00e4net!<\/strong><\/p>\n<\/div><div class=\"fusion-text fusion-text-3\"><p>Med Flexpasset formar du din egen konserts\u00e4song tillsammans med Camerata Nordica. V\u00e4lj fem eller fler konserter ur s\u00e4songens program och boka dem samtidigt h\u00e4r p\u00e5 webbplatsen. Du f\u00e5r friheten att v\u00e4lja de konserter och spelplatser som passar dig b\u00e4st, samtidigt som du s\u00e4krar dina platser i god tid.<\/p>\n<\/div><\/div><\/div><div class=\"fusion-layout-column fusion_builder_column fusion-builder-column-4 fusion_builder_column_1_2 1_2 fusion-flex-column fusion-flex-align-self-stretch\" style=\"--awb-bg-size:cover;--awb-width-large:50%;--awb-margin-top-large:10px;--awb-spacing-right-large:3.84%;--awb-margin-bottom-large:10px;--awb-spacing-left-large:3.84%;--awb-width-medium:100%;--awb-order-medium:0;--awb-spacing-right-medium:1.92%;--awb-spacing-left-medium:1.92%;--awb-width-small:100%;--awb-order-small:0;--awb-spacing-right-small:1.92%;--awb-spacing-left-small:1.92%;\"><div class=\"fusion-column-wrapper fusion-column-has-shadow fusion-flex-justify-content-flex-start fusion-content-layout-column\"><div style=\"position:relative;padding-top:max(60%,324px);width:100%;height:0;\"><iframe style=\"position:absolute;border:none;width:100%;height:100%;left:0;top:0;\" src=\"https:\/\/online.fliphtml5.com\/unczi\/ksbm\/\" title=\"Season program 26-27 DRAFT 3 single pages\" seamless=\"seamless\" scrolling=\"no\" frameborder=\"0\" allowtransparency=\"true\" allowfullscreen=\"true\" ><\/iframe><\/div><\/div><\/div><div class=\"fusion-layout-column fusion_builder_column fusion-builder-column-5 fusion_builder_column_1_1 1_1 fusion-flex-column\" style=\"--awb-bg-size:cover;--awb-width-large:100%;--awb-margin-top-large:10px;--awb-spacing-right-large:1.92%;--awb-margin-bottom-large:10px;--awb-spacing-left-large:1.92%;--awb-width-medium:100%;--awb-order-medium:0;--awb-spacing-right-medium:1.92%;--awb-spacing-left-medium:1.92%;--awb-width-small:100%;--awb-order-small:0;--awb-spacing-right-small:1.92%;--awb-spacing-left-small:1.92%;\"><div class=\"fusion-column-wrapper fusion-column-has-shadow fusion-flex-justify-content-flex-start fusion-content-layout-column\"><div style=\"text-align:center;\"><a class=\"fusion-button button-flat fusion-button-default-size button-custom fusion-button-default button-1 fusion-button-default-span fusion-button-default-type\" style=\"--awb-margin-top:5%;--button_accent_color:#ffffff;--button_accent_hover_color:#787878;--button_border_hover_color:#bf0000;--button_border_width-top:1px;--button_border_width-right:1px;--button_border_width-bottom:1px;--button_border_width-left:1px;--button_gradient_top_color:rgba(0,0,0,0);--button_gradient_bottom_color:rgba(0,0,0,0);--button_gradient_top_color_hover:#ffffff;--button_gradient_bottom_color_hover:#ffffff;\" target=\"_blank\" rel=\"noopener noreferrer\" href=\"https:\/\/tickets.cameratanordica.com\/sv\/buyingflow\/package\/1370\/\"><span class=\"fusion-button-text awb-button__text awb-button__text--default\">S\u00e4kra ditt Flexpass redan nu!<\/span><\/a><\/div><\/div><\/div><\/div><\/div><div class=\"fusion-fullwidth fullwidth-box fusion-builder-row-4 fusion-flex-container has-pattern-background has-mask-background nonhundred-percent-fullwidth non-hundred-percent-height-scrolling\" style=\"--awb-border-radius-top-left:0px;--awb-border-radius-top-right:0px;--awb-border-radius-bottom-right:0px;--awb-border-radius-bottom-left:0px;--awb-background-color:#000000;--awb-flex-wrap:wrap;\" ><div class=\"fusion-builder-row fusion-row fusion-flex-align-items-flex-start fusion-flex-content-wrap\" style=\"max-width:1248px;margin-left: calc(-4% \/ 2 );margin-right: calc(-4% \/ 2 );\"><div class=\"fusion-layout-column fusion_builder_column fusion-builder-column-6 fusion_builder_column_1_4 1_4 fusion-flex-column fusion-flex-align-self-stretch\" style=\"--awb-bg-size:cover;--awb-width-large:25%;--awb-margin-top-large:2%;--awb-spacing-right-large:7.68%;--awb-margin-bottom-large:0px;--awb-spacing-left-large:7.68%;--awb-width-medium:100%;--awb-order-medium:0;--awb-spacing-right-medium:1.92%;--awb-spacing-left-medium:1.92%;--awb-width-small:100%;--awb-order-small:0;--awb-spacing-right-small:1.92%;--awb-spacing-left-small:1.92%;\"><div class=\"fusion-column-wrapper fusion-column-has-shadow fusion-flex-justify-content-flex-start fusion-content-layout-column\"><div class=\"fusion-title title fusion-title-5 fusion-sep-none fusion-title-text fusion-title-size-three\" style=\"--awb-text-color:#ffffff;--awb-margin-top-small:0px;--awb-margin-right-small:0px;--awb-margin-bottom-small:20px;--awb-margin-left-small:0px;--awb-font-size:30px;\"><h3 class=\"fusion-title-heading title-heading-left fusion-responsive-typography-calculated\" style=\"margin:0;font-size:1em;--fontSize:30;line-height:1.5;\">Filtrera efter<\/h3><\/div><\/div><\/div><div class=\"fusion-layout-column fusion_builder_column fusion-builder-column-7 fusion_builder_column_1_4 1_4 fusion-flex-column\" style=\"--awb-bg-size:cover;--awb-width-large:25%;--awb-margin-top-large:2%;--awb-spacing-right-large:7.68%;--awb-margin-bottom-large:0px;--awb-spacing-left-large:7.68%;--awb-width-medium:100%;--awb-order-medium:0;--awb-spacing-right-medium:1.92%;--awb-spacing-left-medium:1.92%;--awb-width-small:100%;--awb-order-small:0;--awb-spacing-right-small:1.92%;--awb-spacing-left-small:1.92%;\"><div class=\"fusion-column-wrapper fusion-column-has-shadow fusion-flex-justify-content-flex-start fusion-content-layout-column\"><div class=\"wpgb-facet wpgb-loading wpgb-facet-3\" data-facet=\"3\" data-grid=\"1\">\t<fieldset>\n\t\t<legend class=\"wpgb-facet-title wpgb-sr-only\">Location<\/legend>\n\t\t<div class=\"wpgb-select-facet\"><label><span class=\"wpgb-sr-only\">Select content<\/span><select class=\"wpgb-select\" name=\"location\"><option value=\"\">Ort<\/option><option value=\"goteborg\">G\u00f6teborg<\/option><option value=\"new-york\">New-York<\/option><option value=\"stockholm\">Stockholm<\/option><option value=\"cedar-city\">Cedar City<\/option><option value=\"durham\">Durham<\/option><option value=\"edmond\">Edmond<\/option><option value=\"greenville\">Greenville<\/option><option value=\"healdsburg\">Healdsburg<\/option><option value=\"holland\">Holland<\/option><option value=\"kalmar-sv\">Kalmar<\/option><option value=\"laguna-woods\">Laguna Woods<\/option><option value=\"minneapolis\">Minneapolis<\/option><option value=\"san-francisco\">San Francisco<\/option><option value=\"tigerville\">Tigerville<\/option><option value=\"vimmerby-sv\">Vimmerby<\/option><option value=\"washington\">Washington<\/option><\/select><span class=\"wpgb-select-controls\"><span class=\"wpgb-select-separator\"><\/span><svg class=\"wpgb-select-toggle\" viewBox=\"0 0 24 24\" height=\"24\" width=\"24\" aria-hidden=\"true\" focusable=\"false\"><path d=\"m12 14.536-.045.043.045-.043-5.3-5.114 5.3 5.114 5.3-5.114-5.3 5.114.045.043Z\"\/><\/svg><\/span><\/label><\/div>\t<\/fieldset>\n\t<\/div><\/div><\/div><div class=\"fusion-layout-column fusion_builder_column fusion-builder-column-8 fusion_builder_column_1_4 1_4 fusion-flex-column\" style=\"--awb-bg-size:cover;--awb-width-large:25%;--awb-margin-top-large:2%;--awb-spacing-right-large:7.68%;--awb-margin-bottom-large:0px;--awb-spacing-left-large:7.68%;--awb-width-medium:100%;--awb-order-medium:0;--awb-spacing-right-medium:1.92%;--awb-spacing-left-medium:1.92%;--awb-width-small:100%;--awb-order-small:0;--awb-spacing-right-small:1.92%;--awb-spacing-left-small:1.92%;\"><div class=\"fusion-column-wrapper fusion-column-has-shadow fusion-flex-justify-content-flex-start fusion-content-layout-column\"><div class=\"wpgb-facet wpgb-loading wpgb-facet-2\" data-facet=\"2\" data-grid=\"1\">\t<fieldset>\n\t\t<legend class=\"wpgb-facet-title wpgb-sr-only\">Dates<\/legend>\n\t\t<div class=\"wpgb-select-facet\"><label><span class=\"wpgb-sr-only\">Select content<\/span><select class=\"wpgb-select\" name=\"dates\"><option value=\"\">Datum<\/option><option value=\"april-2027\">April 2027<\/option><option value=\"december-2026\">december 2026<\/option><option value=\"januari-2027\">Januari 2027<\/option><option value=\"maj-2027\">maj 2027<\/option><option value=\"november-2026\">November 2026<\/option><option value=\"oktober-2026\">Oktober 2026<\/option><option value=\"september-2026\">September 2026<\/option><\/select><span class=\"wpgb-select-controls\"><span class=\"wpgb-select-separator\"><\/span><svg class=\"wpgb-select-toggle\" viewBox=\"0 0 24 24\" height=\"24\" width=\"24\" aria-hidden=\"true\" focusable=\"false\"><path d=\"m12 14.536-.045.043.045-.043-5.3-5.114 5.3 5.114 5.3-5.114-5.3 5.114.045.043Z\"\/><\/svg><\/span><\/label><\/div>\t<\/fieldset>\n\t<\/div><\/div><\/div><div class=\"fusion-layout-column fusion_builder_column fusion-builder-column-9 fusion_builder_column_1_4 1_4 fusion-flex-column\" style=\"--awb-bg-size:cover;--awb-width-large:25%;--awb-margin-top-large:2%;--awb-spacing-right-large:7.68%;--awb-margin-bottom-large:0px;--awb-spacing-left-large:7.68%;--awb-width-medium:100%;--awb-order-medium:0;--awb-spacing-right-medium:1.92%;--awb-spacing-left-medium:1.92%;--awb-width-small:100%;--awb-order-small:0;--awb-spacing-right-small:1.92%;--awb-spacing-left-small:1.92%;\"><div class=\"fusion-column-wrapper fusion-column-has-shadow fusion-flex-justify-content-flex-start fusion-content-layout-column\"><div class=\"wpgb-facet wpgb-loading wpgb-facet-1\" data-facet=\"1\" data-grid=\"1\">\t<fieldset>\n\t\t<legend class=\"wpgb-facet-title wpgb-sr-only\">Production<\/legend>\n\t\t<div class=\"wpgb-select-facet\"><label><span class=\"wpgb-sr-only\">Select content<\/span><select class=\"wpgb-select\" name=\"production\"><option value=\"\">Produktion<\/option><option value=\"sasong-26-27\">S\u00e4song 26-27<\/option><option value=\"samarbete\">Samarbete<\/option><option value=\"on-tour-sv\">On tour<\/option><option value=\"chamber-ensemble-sv\">Chamber Ensemble<\/option><\/select><span class=\"wpgb-select-controls\"><span class=\"wpgb-select-separator\"><\/span><svg class=\"wpgb-select-toggle\" viewBox=\"0 0 24 24\" height=\"24\" width=\"24\" aria-hidden=\"true\" focusable=\"false\"><path d=\"m12 14.536-.045.043.045-.043-5.3-5.114 5.3 5.114 5.3-5.114-5.3 5.114.045.043Z\"\/><\/svg><\/span><\/label><\/div>\t<\/fieldset>\n\t<\/div><\/div><\/div><div class=\"fusion-layout-column fusion_builder_column fusion-builder-column-10 fusion_builder_column_1_1 1_1 fusion-flex-column\" style=\"--awb-padding-right:1px;--awb-padding-left:1px;--awb-bg-size:cover;--awb-width-large:100%;--awb-margin-top-large:10px;--awb-spacing-right-large:1.92%;--awb-margin-bottom-large:10px;--awb-spacing-left-large:1.92%;--awb-width-medium:100%;--awb-order-medium:0;--awb-spacing-right-medium:1.92%;--awb-spacing-left-medium:1.92%;--awb-width-small:100%;--awb-order-small:0;--awb-spacing-right-small:1.92%;--awb-spacing-left-small:1.92%;\"><div class=\"fusion-column-wrapper fusion-column-has-shadow fusion-flex-justify-content-flex-start fusion-content-layout-column\"><!-- Gridbuilder \u1d42\u1d3e Plugin (https:\/\/wpgridbuilder.com) -->\n<div class=\"wp-grid-builder wpgb-grid-1 prod_detail\" data-options=\"{&quot;id&quot;:1,&quot;type&quot;:&quot;masonry&quot;,&quot;source&quot;:&quot;post_type&quot;,&quot;loader&quot;:false,&quot;layout&quot;:&quot;vertical&quot;,&quot;reveal&quot;:0,&quot;isMainQuery&quot;:0,&quot;lazyLoad&quot;:false,&quot;cardSizes&quot;:{&quot;9999&quot;:{&quot;columns&quot;:1,&quot;height&quot;:240,&quot;gutter&quot;:5,&quot;ratio&quot;:&quot;1.33333&quot;},&quot;1200&quot;:{&quot;columns&quot;:1,&quot;height&quot;:240,&quot;gutter&quot;:5,&quot;ratio&quot;:&quot;1.33333&quot;},&quot;992&quot;:{&quot;columns&quot;:1,&quot;height&quot;:220,&quot;gutter&quot;:5,&quot;ratio&quot;:&quot;1.33333&quot;},&quot;768&quot;:{&quot;columns&quot;:1,&quot;height&quot;:220,&quot;gutter&quot;:5,&quot;ratio&quot;:&quot;1.33333&quot;},&quot;576&quot;:{&quot;columns&quot;:1,&quot;height&quot;:200,&quot;gutter&quot;:5,&quot;ratio&quot;:&quot;1.33333&quot;},&quot;320&quot;:{&quot;columns&quot;:1,&quot;height&quot;:200,&quot;gutter&quot;:5,&quot;ratio&quot;:&quot;1.33333&quot;}},&quot;fitRows&quot;:true,&quot;equalRows&quot;:0,&quot;equalColumns&quot;:true,&quot;fillLastRow&quot;:0,&quot;centerLastRow&quot;:0,&quot;horizontalOrder&quot;:true,&quot;fullWidth&quot;:true,&quot;transitionDelay&quot;:100,&quot;gallerySlideshow&quot;:false,&quot;rowsNumber&quot;:1,&quot;slideAlign&quot;:&quot;left&quot;,&quot;groupCells&quot;:1,&quot;draggable&quot;:true,&quot;initialIndex&quot;:0,&quot;contain&quot;:false,&quot;freeScroll&quot;:false,&quot;freeFriction&quot;:&quot;0.075&quot;,&quot;friction&quot;:&quot;0.285&quot;,&quot;attraction&quot;:&quot;0.025&quot;,&quot;autoPlay&quot;:0,&quot;pageDotAriaLabel&quot;:&quot;Page dot %d&quot;,&quot;isPreview&quot;:false,&quot;isGutenberg&quot;:false,&quot;rightToLeft&quot;:false}\"><div class=\"wpgb-svg-icons\" hidden>\n\t<svg viewBox=\"0 0 120 24\" width=\"0\" height=\"0\">\n\t<defs>\n        <polygon id=\"wpgb-star-svg\" points=\"12 2.5 15.1 8.8 22 9.8 17 14.6 18.2 21.5 12 18.3 5.8 21.5 7 14.6 2 9.8 8.9 8.8\"><\/polygon>\n    <\/defs>\n    <symbol id=\"wpgb-rating-stars-svg\">\n        <use xlink:href=\"#wpgb-star-svg\"><\/use>\n        <use xlink:href=\"#wpgb-star-svg\" x=\"24\"><\/use>\n        <use xlink:href=\"#wpgb-star-svg\" x=\"48\"><\/use>\n        <use xlink:href=\"#wpgb-star-svg\" x=\"72\"><\/use>\n        <use xlink:href=\"#wpgb-star-svg\" x=\"96\"><\/use>\n    <\/symbol>\n<\/svg>\n<\/div>\n<div class=\"wpgb-wrapper\">\n\t<div class=\"wpgb-main\">\n\t<div class=\"wpgb-layout\">\n\t<div class=\"wpgb-viewport\">\n\t\t<div class=\"wpgb-masonry\">\n\t\t\t<article class=\"wpgb-card wpgb-card-23 wpgb-post-21190\" data-col=\"1\" data-row=\"1\" data-format=\"standard\"><div class=\"wpgb-card-wrapper\"><div class=\"wpgb-card-inner\"><div class=\"wpgb-card-media wpgb-scheme-light\"><svg data-ratio style=\"padding-top:56.25%\" viewBox=\"0 0 768 432\" aria-hidden=\"true\"><\/svg><div class=\"wpgb-card-media-thumbnail\"><a href=\"https:\/\/cameratanordica.com\/wp-content\/uploads\/2026\/06\/Fire-and-shadows-16-9.jpg\" tabindex=\"-1\" class=\"wpgb-handle-lb wpgb-lightbox\" data-type=\"image\" data-rel=\"1\" data-title=\"Fire and shadows 16 9\" title=\"Enlarge photo\"><div style=\"background-image:url(https:\/\/cameratanordica.com\/wp-content\/uploads\/2026\/06\/Fire-and-shadows-16-9-768x432.jpg)\"><\/div><noscript><img decoding=\"async\" class=\"wpgb-noscript-img\" src=\"https:\/\/cameratanordica.com\/wp-content\/uploads\/2026\/06\/Fire-and-shadows-16-9-768x432.jpg\" alt=\"\" height=\"432\" width=\"768\"><\/noscript><\/a><\/div><\/div><div class=\"wpgb-card-content wpgb-scheme-dark\"><div class=\"wpgb-card-body\"><div class=\"wpgb-block-8\"><span class=\"wpgb-block-term\" data-id=\"197\">Oskarshamn<\/span><span class=\"wpgb-block-term\" data-id=\"198\">Kalmar<\/span><span class=\"wpgb-block-term\" data-id=\"199\">V\u00e4stervik<\/span><span class=\"wpgb-block-term\" data-id=\"230\">Varberg<\/span><\/div><h3 class=\"wpgb-block-2\"><a href=\"https:\/\/cameratanordica.com\/sv\/production\/fire-and-shadow-music-from-andalusia\/\">Fire and Shadow: Musik fr\u00e5n Andalusien<\/a><\/h3><a class=\"wpgb-block-6\" href=\"https:\/\/cameratanordica.com\/sv\/production\/fire-and-shadow-music-from-andalusia\/\">10-13 september 2026<\/a><a class=\"wpgb-block-1\" href=\"https:\/\/cameratanordica.com\/sv\/production\/fire-and-shadow-music-from-andalusia\/\">Guillaume Latour ledare, Anne-Marine Suire sopran,<\/a><a class=\"wpgb-block-5\" href=\"https:\/\/cameratanordica.com\/sv\/production\/fire-and-shadow-music-from-andalusia\/\">Queiroz Yete mezzosopran, Camerata Nordica<\/a><div class=\"wpgb-block-3\">En resa in i s\u00f6dra Spaniens sj\u00e4l<\/div><\/div><div class=\"wpgb-card-footer\" data-action><a class=\"wpgb-block-4\" href=\"https:\/\/cameratanordica.com\/sv\/production\/fire-and-shadow-music-from-andalusia\/\">info &amp; biljetter<\/a><a class=\"wpgb-card-layer-link\" aria-label=\"Produktioner\" href=\"https:\/\/cameratanordica.com\/sv\/production\/fire-and-shadow-music-from-andalusia\/\"><\/a><\/div><\/div><\/div><\/div><\/article><article class=\"wpgb-card wpgb-card-23 wpgb-post-21348\" data-col=\"1\" data-row=\"1\" data-format=\"standard\"><div class=\"wpgb-card-wrapper\"><div class=\"wpgb-card-inner\"><div class=\"wpgb-card-media wpgb-scheme-light\"><svg data-ratio style=\"padding-top:56.25%\" viewBox=\"0 0 768 432\" aria-hidden=\"true\"><\/svg><div class=\"wpgb-card-media-thumbnail\"><a href=\"https:\/\/cameratanordica.com\/wp-content\/uploads\/2026\/06\/Vida-16-9.jpg\" tabindex=\"-1\" class=\"wpgb-handle-lb wpgb-lightbox\" data-type=\"image\" data-rel=\"1\" data-title=\"Vida 16 9\" title=\"Enlarge photo\"><div style=\"background-image:url(https:\/\/cameratanordica.com\/wp-content\/uploads\/2026\/06\/Vida-16-9-768x432.jpg)\"><\/div><noscript><img decoding=\"async\" class=\"wpgb-noscript-img\" src=\"https:\/\/cameratanordica.com\/wp-content\/uploads\/2026\/06\/Vida-16-9-768x432.jpg\" alt=\"\" height=\"432\" width=\"768\"><\/noscript><\/a><\/div><\/div><div class=\"wpgb-card-content wpgb-scheme-dark\"><div class=\"wpgb-card-body\"><div class=\"wpgb-block-8\"><span class=\"wpgb-block-term\" data-id=\"252\">\u00d6land<\/span><\/div><h3 class=\"wpgb-block-2\"><a href=\"https:\/\/cameratanordica.com\/sv\/production\/skordefestkonsert\/\">Sk\u00f6rdefestkonsert<\/a><\/h3><a class=\"wpgb-block-6\" href=\"https:\/\/cameratanordica.com\/sv\/production\/skordefestkonsert\/\">26 september 2026<\/a><a class=\"wpgb-block-1\" href=\"https:\/\/cameratanordica.com\/sv\/production\/skordefestkonsert\/\">Camerata Nordica Octet<\/a><a class=\"wpgb-block-5\" href=\"https:\/\/cameratanordica.com\/sv\/production\/skordefestkonsert\/\">Artist<\/a><div class=\"wpgb-block-3\">Under \u00d6lands Sk\u00f6rdefest bjuder Camerata Nordica Octet in till en exklusiv konsertkv\u00e4ll p\u00e5 VIDA Museum &amp; Konsthall.<\/div><\/div><div class=\"wpgb-card-footer\" data-action><a class=\"wpgb-block-4\" href=\"https:\/\/cameratanordica.com\/sv\/production\/skordefestkonsert\/\">info &amp; biljetter<\/a><a class=\"wpgb-card-layer-link\" aria-label=\"Produktioner\" href=\"https:\/\/cameratanordica.com\/sv\/production\/skordefestkonsert\/\"><\/a><\/div><\/div><\/div><\/div><\/article><article class=\"wpgb-card wpgb-card-23 wpgb-post-21393\" data-col=\"1\" data-row=\"1\" data-format=\"standard\"><div class=\"wpgb-card-wrapper\"><div class=\"wpgb-card-inner\"><div class=\"wpgb-card-media wpgb-scheme-light\"><svg data-ratio style=\"padding-top:56.25%\" viewBox=\"0 0 768 432\" aria-hidden=\"true\"><\/svg><div class=\"wpgb-card-media-thumbnail\"><a href=\"https:\/\/cameratanordica.com\/wp-content\/uploads\/2025\/09\/CN-OCTET-1-\u00a9-Lisa-Madestam-16-9-scaled.jpg\" tabindex=\"-1\" class=\"wpgb-handle-lb wpgb-lightbox\" data-type=\"image\" data-rel=\"1\" data-title=\"CN OCTET 1 \u00a9 Lisa Madestam 16-9\" title=\"Enlarge photo\"><div style=\"background-image:url(https:\/\/cameratanordica.com\/wp-content\/uploads\/2025\/09\/CN-OCTET-1-\u00a9-Lisa-Madestam-16-9-768x432.jpg)\"><\/div><noscript><img decoding=\"async\" class=\"wpgb-noscript-img\" src=\"https:\/\/cameratanordica.com\/wp-content\/uploads\/2025\/09\/CN-OCTET-1-\u00a9-Lisa-Madestam-16-9-768x432.jpg\" alt=\"\" height=\"432\" width=\"768\"><\/noscript><\/a><\/div><\/div><div class=\"wpgb-card-content wpgb-scheme-dark\"><div class=\"wpgb-card-body\"><div class=\"wpgb-block-8\"><span class=\"wpgb-block-term\" data-id=\"436\">New-York<\/span><\/div><h3 class=\"wpgb-block-2\"><a href=\"https:\/\/cameratanordica.com\/sv\/production\/camerata-nordica-octet-i-weill-recital-hall-carnegie-hall\/\">Camerata Nordica Octet i Weill Recital Hall, Carnegie Hall<\/a><\/h3><a class=\"wpgb-block-6\" href=\"https:\/\/cameratanordica.com\/sv\/production\/camerata-nordica-octet-i-weill-recital-hall-carnegie-hall\/\">30 september 2026<\/a><a class=\"wpgb-block-1\" href=\"https:\/\/cameratanordica.com\/sv\/production\/camerata-nordica-octet-i-weill-recital-hall-carnegie-hall\/\">Camerata Nordica Octet<\/a><a class=\"wpgb-block-5\" href=\"https:\/\/cameratanordica.com\/sv\/production\/camerata-nordica-octet-i-weill-recital-hall-carnegie-hall\/\">Shuichi Okada, Hanna Helgegren, Katarzyna Szyd\u0142owska, Daina Mateikaite, Kimi Makino, Sebastien Steinhilber, Sabina Sandri-Olsson, Z\u00e9phyrin Rey-Bellet<\/a><div class=\"wpgb-block-3\">Camerata Nordica Oktett g\u00f6r sin New York-debut i Weill Recital Hall, Carnegie Hall, med ett program som str\u00e4cker sig fr\u00e5n svensk folkmusik och Hanna Helgegrens Nordic Seasons till verk av Sjostakovitj och Mendelssohn.<\/div><\/div><div class=\"wpgb-card-footer\" data-action><a class=\"wpgb-block-4\" href=\"https:\/\/cameratanordica.com\/sv\/production\/camerata-nordica-octet-i-weill-recital-hall-carnegie-hall\/\">info &amp; biljetter<\/a><a class=\"wpgb-card-layer-link\" aria-label=\"Produktioner\" href=\"https:\/\/cameratanordica.com\/sv\/production\/camerata-nordica-octet-i-weill-recital-hall-carnegie-hall\/\"><\/a><\/div><\/div><\/div><\/div><\/article><article class=\"wpgb-card wpgb-card-23 wpgb-post-21394\" data-col=\"1\" data-row=\"1\" data-format=\"standard\"><div class=\"wpgb-card-wrapper\"><div class=\"wpgb-card-inner\"><div class=\"wpgb-card-media wpgb-scheme-light\"><svg data-ratio style=\"padding-top:56.25%\" viewBox=\"0 0 768 432\" aria-hidden=\"true\"><\/svg><div class=\"wpgb-card-media-thumbnail\"><a href=\"https:\/\/cameratanordica.com\/wp-content\/uploads\/2025\/08\/CN-OCTET-church-3-\u00a9-Jack-Walton-scaled.jpg\" tabindex=\"-1\" class=\"wpgb-handle-lb wpgb-lightbox\" data-type=\"image\" data-rel=\"1\" data-title=\"default\" data-desc=\"default\" title=\"Enlarge photo\"><div style=\"background-image:url(https:\/\/cameratanordica.com\/wp-content\/uploads\/2025\/08\/CN-OCTET-church-3-\u00a9-Jack-Walton-768x432.jpg)\"><\/div><noscript><img decoding=\"async\" class=\"wpgb-noscript-img\" src=\"https:\/\/cameratanordica.com\/wp-content\/uploads\/2025\/08\/CN-OCTET-church-3-\u00a9-Jack-Walton-768x432.jpg\" alt=\"\" height=\"432\" width=\"768\"><\/noscript><\/a><\/div><\/div><div class=\"wpgb-card-content wpgb-scheme-dark\"><div class=\"wpgb-card-body\"><div class=\"wpgb-block-8\"><span class=\"wpgb-block-term\" data-id=\"486\">Tigerville<\/span><span class=\"wpgb-block-term\" data-id=\"487\">Greenville<\/span><span class=\"wpgb-block-term\" data-id=\"488\">Durham<\/span><\/div><h3 class=\"wpgb-block-2\"><a href=\"https:\/\/cameratanordica.com\/sv\/production\/camerata-nordica-octet-north-south-carolina\/\">Camerata Nordica Octet &#8211; North &#038; South Carolina<\/a><\/h3><a class=\"wpgb-block-6\" href=\"https:\/\/cameratanordica.com\/sv\/production\/camerata-nordica-octet-north-south-carolina\/\">3-8 October 2026<\/a><a class=\"wpgb-block-1\" href=\"https:\/\/cameratanordica.com\/sv\/production\/camerata-nordica-octet-north-south-carolina\/\">Camerata Nordica Octet<\/a><a class=\"wpgb-block-5\" href=\"https:\/\/cameratanordica.com\/sv\/production\/camerata-nordica-octet-north-south-carolina\/\">Shuichi Okada, Hanna Helgegren, Katarzyna Szyd\u0142owska, Daina Mateikaite, Kimi Makino, Sebastien Steinhilber, Sabina Sandri-Olsson, Z\u00e9phyrin Rey-Bellet<\/a><div class=\"wpgb-block-3\">Camerata Nordica Oktett forts\u00e4tter sin turn\u00e9 i USA med konserter i North och South Carolina och presenterar ett program som f\u00f6renar svensk folkmusik, nordiska landskap och kammarmusikaliska m\u00e4sterverk av Sjostakovitj, Mozart och Mendelssohn.<\/div><\/div><div class=\"wpgb-card-footer\" data-action><a class=\"wpgb-block-4\" href=\"https:\/\/cameratanordica.com\/sv\/production\/camerata-nordica-octet-north-south-carolina\/\">info &amp; biljetter<\/a><a class=\"wpgb-card-layer-link\" aria-label=\"Produktioner\" href=\"https:\/\/cameratanordica.com\/sv\/production\/camerata-nordica-octet-north-south-carolina\/\"><\/a><\/div><\/div><\/div><\/div><\/article><article class=\"wpgb-card wpgb-card-23 wpgb-post-21192\" data-col=\"1\" data-row=\"1\" data-format=\"standard\"><div class=\"wpgb-card-wrapper\"><div class=\"wpgb-card-inner\"><div class=\"wpgb-card-media wpgb-scheme-light\"><svg data-ratio style=\"padding-top:56.25%\" viewBox=\"0 0 768 432\" aria-hidden=\"true\"><\/svg><div class=\"wpgb-card-media-thumbnail\"><a href=\"https:\/\/cameratanordica.com\/wp-content\/uploads\/2026\/06\/Candlelight-16-9.jpg\" tabindex=\"-1\" class=\"wpgb-handle-lb wpgb-lightbox\" data-type=\"image\" data-rel=\"1\" data-title=\"Candlelight 16 9\" title=\"Enlarge photo\"><div style=\"background-image:url(https:\/\/cameratanordica.com\/wp-content\/uploads\/2026\/06\/Candlelight-16-9-768x432.jpg)\"><\/div><noscript><img decoding=\"async\" class=\"wpgb-noscript-img\" src=\"https:\/\/cameratanordica.com\/wp-content\/uploads\/2026\/06\/Candlelight-16-9-768x432.jpg\" alt=\"\" height=\"432\" width=\"768\"><\/noscript><\/a><\/div><\/div><div class=\"wpgb-card-content wpgb-scheme-dark\"><div class=\"wpgb-card-body\"><div class=\"wpgb-block-8\"><span class=\"wpgb-block-term\" data-id=\"199\">V\u00e4stervik<\/span><span class=\"wpgb-block-term\" data-id=\"292\">Boda Glasbruk<\/span><span class=\"wpgb-block-term\" data-id=\"293\">Borgholm<\/span><span class=\"wpgb-block-term\" data-id=\"361\">Ljungbyholm<\/span><\/div><h3 class=\"wpgb-block-2\"><a href=\"https:\/\/cameratanordica.com\/sv\/production\/candlelight-concert-2\/\">Candlelight Concert<\/a><\/h3><a class=\"wpgb-block-6\" href=\"https:\/\/cameratanordica.com\/sv\/production\/candlelight-concert-2\/\">22-25 oktober 2026<\/a><a class=\"wpgb-block-1\" href=\"https:\/\/cameratanordica.com\/sv\/production\/candlelight-concert-2\/\">Colin Scobie, violin, Z\u00e9phyrin Rey-Bellet, cello, J\u00e2ms Coleman, piano <\/a><a class=\"wpgb-block-5\" href=\"https:\/\/cameratanordica.com\/sv\/production\/candlelight-concert-2\/\">Artist<\/a><div class=\"wpgb-block-3\">N\u00e4r h\u00f6sten g\u00f6r sitt int\u00e5g \u00e5terupptar Camerata Nordica sin tradition av kammarkv\u00e4llar p\u00e5 en ljusfylld scen, med ett program som tar pianotrion fr\u00e5n elegant kvickhet till djupa k\u00e4nslor.<\/div><\/div><div class=\"wpgb-card-footer\" data-action><a class=\"wpgb-block-4\" href=\"https:\/\/cameratanordica.com\/sv\/production\/candlelight-concert-2\/\">info &amp; biljetter<\/a><a class=\"wpgb-card-layer-link\" aria-label=\"Produktioner\" href=\"https:\/\/cameratanordica.com\/sv\/production\/candlelight-concert-2\/\"><\/a><\/div><\/div><\/div><\/div><\/article><article class=\"wpgb-card wpgb-card-23 wpgb-post-21193\" data-col=\"1\" data-row=\"1\" data-format=\"standard\"><div class=\"wpgb-card-wrapper\"><div class=\"wpgb-card-inner\"><div class=\"wpgb-card-media wpgb-scheme-light\"><svg data-ratio style=\"padding-top:56.25%\" viewBox=\"0 0 768 432\" aria-hidden=\"true\"><\/svg><div class=\"wpgb-card-media-thumbnail\"><a href=\"https:\/\/cameratanordica.com\/wp-content\/uploads\/2026\/06\/Kerson-16-9.jpg\" tabindex=\"-1\" class=\"wpgb-handle-lb wpgb-lightbox\" data-type=\"image\" data-rel=\"1\" data-title=\"Kerson 16 9\" title=\"Enlarge photo\"><div style=\"background-image:url(https:\/\/cameratanordica.com\/wp-content\/uploads\/2026\/06\/Kerson-16-9-768x432.jpg)\"><\/div><noscript><img decoding=\"async\" class=\"wpgb-noscript-img\" src=\"https:\/\/cameratanordica.com\/wp-content\/uploads\/2026\/06\/Kerson-16-9-768x432.jpg\" alt=\"\" height=\"432\" width=\"768\"><\/noscript><\/a><\/div><\/div><div class=\"wpgb-card-content wpgb-scheme-dark\"><div class=\"wpgb-card-body\"><div class=\"wpgb-block-8\"><span class=\"wpgb-block-term\" data-id=\"197\">Oskarshamn<\/span><span class=\"wpgb-block-term\" data-id=\"198\">Kalmar<\/span><span class=\"wpgb-block-term\" data-id=\"199\">V\u00e4stervik<\/span><\/div><h3 class=\"wpgb-block-2\"><a href=\"https:\/\/cameratanordica.com\/sv\/production\/kerson-leong-camerata-nordica\/\">Kerson Leong &#038; Camerata Nordica<\/a><\/h3><a class=\"wpgb-block-6\" href=\"https:\/\/cameratanordica.com\/sv\/production\/kerson-leong-camerata-nordica\/\">6-10 November 2026<\/a><a class=\"wpgb-block-1\" href=\"https:\/\/cameratanordica.com\/sv\/production\/kerson-leong-camerata-nordica\/\">Kerson Leong, ledare &amp; solist, violin<\/a><a class=\"wpgb-block-5\" href=\"https:\/\/cameratanordica.com\/sv\/production\/kerson-leong-camerata-nordica\/\">Camerata Nordica<\/a><div class=\"wpgb-block-3\">En dj\u00e4rv och gripande resa genom tid, minne och f\u00f6rvandling. I centrum st\u00e5r Max Richters hyllade Recomposed: Vivaldi's Four Seasons, en modern omtolkning av ett tidl\u00f6st m\u00e4sterverk. Med den enast\u00e5ende violinisten Kerson Leong som ledare f\u00e5r musiken en unik intensitet, klarhet och emotionell kraft.  <\/div><\/div><div class=\"wpgb-card-footer\" data-action><a class=\"wpgb-block-4\" href=\"https:\/\/cameratanordica.com\/sv\/production\/kerson-leong-camerata-nordica\/\">info &amp; biljetter<\/a><a class=\"wpgb-card-layer-link\" aria-label=\"Produktioner\" href=\"https:\/\/cameratanordica.com\/sv\/production\/kerson-leong-camerata-nordica\/\"><\/a><\/div><\/div><\/div><\/div><\/article><article class=\"wpgb-card wpgb-card-23 wpgb-post-21395\" data-col=\"1\" data-row=\"1\" data-format=\"standard\"><div class=\"wpgb-card-wrapper\"><div class=\"wpgb-card-inner\"><div class=\"wpgb-card-media wpgb-scheme-light\"><svg data-ratio style=\"padding-top:56.25%\" viewBox=\"0 0 768 432\" aria-hidden=\"true\"><\/svg><div class=\"wpgb-card-media-thumbnail\"><a href=\"https:\/\/cameratanordica.com\/wp-content\/uploads\/2026\/06\/legato-26274-scaled.jpg\" tabindex=\"-1\" class=\"wpgb-handle-lb wpgb-lightbox\" data-type=\"image\" data-rel=\"1\" data-title=\"legato 26274\" title=\"Enlarge photo\"><div style=\"background-image:url(https:\/\/cameratanordica.com\/wp-content\/uploads\/2026\/06\/legato-26274-768x432.jpg)\"><\/div><noscript><img decoding=\"async\" class=\"wpgb-noscript-img\" src=\"https:\/\/cameratanordica.com\/wp-content\/uploads\/2026\/06\/legato-26274-768x432.jpg\" alt=\"\" height=\"432\" width=\"768\"><\/noscript><\/a><\/div><\/div><div class=\"wpgb-card-content wpgb-scheme-dark\"><div class=\"wpgb-card-body\"><div class=\"wpgb-block-8\"><span class=\"wpgb-block-term\" data-id=\"467\">G\u00f6teborg<\/span><span class=\"wpgb-block-term\" data-id=\"468\">Stockholm<\/span><\/div><h3 class=\"wpgb-block-2\"><a href=\"https:\/\/cameratanordica.com\/sv\/production\/kerson-leong-camerata-nordica-goteborg-stockholm\/\">Kerson Leong &#038; Camerata Nordica &#8211; G\u00f6teborg &#038; Stockholm<\/a><\/h3><a class=\"wpgb-block-6\" href=\"https:\/\/cameratanordica.com\/sv\/production\/kerson-leong-camerata-nordica-goteborg-stockholm\/\">9-10 November 2026<\/a><a class=\"wpgb-block-1\" href=\"https:\/\/cameratanordica.com\/sv\/production\/kerson-leong-camerata-nordica-goteborg-stockholm\/\">Kerson Leong<\/a><a class=\"wpgb-block-5\" href=\"https:\/\/cameratanordica.com\/sv\/production\/kerson-leong-camerata-nordica-goteborg-stockholm\/\">Camerata Nordica<\/a><div class=\"wpgb-block-3\">F\u00e5 program l\u00e4r f\u00e5nga \u00e5rstidernas skiftningar lika v\u00e4l som detta \u2013 fr\u00e5n den norska v\u00e5rens \u00f6msinta melankoli till den urbana hettan i Buenos Aires tr\u00e5nande sommar. I centrum denna konsert st\u00e5r den kanadensiske violinisten Kerson Leong, en av sin generations mest framst\u00e5ende solister. <\/div><\/div><div class=\"wpgb-card-footer\" data-action><a class=\"wpgb-block-4\" href=\"https:\/\/cameratanordica.com\/sv\/production\/kerson-leong-camerata-nordica-goteborg-stockholm\/\">info &amp; biljetter<\/a><a class=\"wpgb-card-layer-link\" aria-label=\"Produktioner\" href=\"https:\/\/cameratanordica.com\/sv\/production\/kerson-leong-camerata-nordica-goteborg-stockholm\/\"><\/a><\/div><\/div><\/div><\/div><\/article><article class=\"wpgb-card wpgb-card-23 wpgb-post-21424\" data-col=\"1\" data-row=\"1\" data-format=\"standard\"><div class=\"wpgb-card-wrapper\"><div class=\"wpgb-card-inner\"><div class=\"wpgb-card-media wpgb-scheme-light\"><svg data-ratio style=\"padding-top:56.12%\" viewBox=\"0 0 768 431\" aria-hidden=\"true\"><\/svg><div class=\"wpgb-card-media-thumbnail\"><a href=\"https:\/\/cameratanordica.com\/wp-content\/uploads\/2026\/06\/\u00a9-Lisa-Madestam-6-scaled-e1782398793253.jpg\" tabindex=\"-1\" class=\"wpgb-handle-lb wpgb-lightbox\" data-type=\"image\" data-rel=\"1\" data-title=\"\u00a9 Lisa Madestam-6\" title=\"Enlarge photo\"><div style=\"background-image:url(https:\/\/cameratanordica.com\/wp-content\/uploads\/2026\/06\/\u00a9-Lisa-Madestam-6-scaled-e1782398793253-768x431.jpg)\"><\/div><noscript><img decoding=\"async\" class=\"wpgb-noscript-img\" src=\"https:\/\/cameratanordica.com\/wp-content\/uploads\/2026\/06\/\u00a9-Lisa-Madestam-6-scaled-e1782398793253-768x431.jpg\" alt=\"\" height=\"431\" width=\"768\"><\/noscript><\/a><\/div><\/div><div class=\"wpgb-card-content wpgb-scheme-dark\"><div class=\"wpgb-card-body\"><div class=\"wpgb-block-8\"><span class=\"wpgb-block-term\" data-id=\"255\">Vimmerby<\/span><\/div><h3 class=\"wpgb-block-2\"><a href=\"https:\/\/cameratanordica.com\/sv\/production\/petite-messe-solennelle\/\">Petite Messe Solennelle<\/a><\/h3><a class=\"wpgb-block-6\" href=\"https:\/\/cameratanordica.com\/sv\/production\/petite-messe-solennelle\/\">21 november 2026<\/a><a class=\"wpgb-block-1\" href=\"https:\/\/cameratanordica.com\/sv\/production\/petite-messe-solennelle\/\">Vimmerby Oratoriek\u00f6r<\/a><a class=\"wpgb-block-5\" href=\"https:\/\/cameratanordica.com\/sv\/production\/petite-messe-solennelle\/\">Musiker ur Camerata Nordica<\/a><div class=\"wpgb-block-3\">I samarbete med Vimmerby Pastorat och Vimmerby Oratoriek\u00f6r spelar vi Rossinis Petite messe solennelle.<\/div><\/div><div class=\"wpgb-card-footer\" data-action><a class=\"wpgb-block-4\" href=\"https:\/\/cameratanordica.com\/sv\/production\/petite-messe-solennelle\/\">info &amp; biljetter<\/a><a class=\"wpgb-card-layer-link\" aria-label=\"Produktioner\" href=\"https:\/\/cameratanordica.com\/sv\/production\/petite-messe-solennelle\/\"><\/a><\/div><\/div><\/div><\/div><\/article><article class=\"wpgb-card wpgb-card-23 wpgb-post-21342\" data-col=\"1\" data-row=\"1\" data-format=\"standard\"><div class=\"wpgb-card-wrapper\"><div class=\"wpgb-card-inner\"><div class=\"wpgb-card-media wpgb-scheme-light\"><svg data-ratio style=\"padding-top:56.25%\" viewBox=\"0 0 768 432\" aria-hidden=\"true\"><\/svg><div class=\"wpgb-card-media-thumbnail\"><a href=\"https:\/\/cameratanordica.com\/wp-content\/uploads\/2026\/06\/Dalene-16-9.jpg\" tabindex=\"-1\" class=\"wpgb-handle-lb wpgb-lightbox\" data-type=\"image\" data-rel=\"1\" data-title=\"Dalene 16 9\" title=\"Enlarge photo\"><div style=\"background-image:url(https:\/\/cameratanordica.com\/wp-content\/uploads\/2026\/06\/Dalene-16-9-768x432.jpg)\"><\/div><noscript><img decoding=\"async\" class=\"wpgb-noscript-img\" src=\"https:\/\/cameratanordica.com\/wp-content\/uploads\/2026\/06\/Dalene-16-9-768x432.jpg\" alt=\"\" height=\"432\" width=\"768\"><\/noscript><\/a><\/div><\/div><div class=\"wpgb-card-content wpgb-scheme-dark\"><div class=\"wpgb-card-body\"><div class=\"wpgb-block-8\"><span class=\"wpgb-block-term\" data-id=\"198\">Kalmar<\/span><\/div><h3 class=\"wpgb-block-2\"><a href=\"https:\/\/cameratanordica.com\/sv\/production\/camerata-nordicas-vanner-johan-dalene-sebastian-iivonen\/\">Camerata Nordicas V\u00e4nner: Johan Dalene &#038; Sebastian Iivonen<\/a><\/h3><a class=\"wpgb-block-6\" href=\"https:\/\/cameratanordica.com\/sv\/production\/camerata-nordicas-vanner-johan-dalene-sebastian-iivonen\/\">27 November 2026<\/a><a class=\"wpgb-block-1\" href=\"https:\/\/cameratanordica.com\/sv\/production\/camerata-nordicas-vanner-johan-dalene-sebastian-iivonen\/\">Johan Dalene, violin<\/a><a class=\"wpgb-block-5\" href=\"https:\/\/cameratanordica.com\/sv\/production\/camerata-nordicas-vanner-johan-dalene-sebastian-iivonen\/\">Sebastian Iivonen, piano<\/a><div class=\"wpgb-block-3\">Camerata Nordicas V\u00e4nner bjuder in till en specialkonsert med Johan Dalene, violin, och Sebastian Iivonen, piano.<\/div><\/div><div class=\"wpgb-card-footer\" data-action><a class=\"wpgb-block-4\" href=\"https:\/\/cameratanordica.com\/sv\/production\/camerata-nordicas-vanner-johan-dalene-sebastian-iivonen\/\">info &amp; biljetter<\/a><a class=\"wpgb-card-layer-link\" aria-label=\"Produktioner\" href=\"https:\/\/cameratanordica.com\/sv\/production\/camerata-nordicas-vanner-johan-dalene-sebastian-iivonen\/\"><\/a><\/div><\/div><\/div><\/div><\/article><article class=\"wpgb-card wpgb-card-23 wpgb-post-21415\" data-col=\"1\" data-row=\"1\" data-format=\"standard\"><div class=\"wpgb-card-wrapper\"><div class=\"wpgb-card-inner\"><div class=\"wpgb-card-media wpgb-scheme-light\"><svg data-ratio style=\"padding-top:56.25%\" viewBox=\"0 0 768 432\" aria-hidden=\"true\"><\/svg><div class=\"wpgb-card-media-thumbnail\"><a href=\"https:\/\/cameratanordica.com\/wp-content\/uploads\/2026\/06\/\u00a9-Lisa-Madestam-3-scaled-e1782390062904.jpg\" tabindex=\"-1\" class=\"wpgb-handle-lb wpgb-lightbox\" data-type=\"image\" data-rel=\"1\" data-title=\"\u00a9 Lisa Madestam-3\" title=\"Enlarge photo\"><div style=\"background-image:url(https:\/\/cameratanordica.com\/wp-content\/uploads\/2026\/06\/\u00a9-Lisa-Madestam-3-scaled-e1782390062904-768x432.jpg)\"><\/div><noscript><img decoding=\"async\" class=\"wpgb-noscript-img\" src=\"https:\/\/cameratanordica.com\/wp-content\/uploads\/2026\/06\/\u00a9-Lisa-Madestam-3-scaled-e1782390062904-768x432.jpg\" alt=\"\" height=\"432\" width=\"768\"><\/noscript><\/a><\/div><\/div><div class=\"wpgb-card-content wpgb-scheme-dark\"><div class=\"wpgb-card-body\"><div class=\"wpgb-block-8\"><span class=\"wpgb-block-term\" data-id=\"198\">Kalmar<\/span><\/div><h3 class=\"wpgb-block-2\"><a href=\"https:\/\/cameratanordica.com\/sv\/production\/bach-juloratoriet-del-1-2\/\">Bach: Juloratoriet del 1 &#038; 2<\/a><\/h3><a class=\"wpgb-block-6\" href=\"https:\/\/cameratanordica.com\/sv\/production\/bach-juloratoriet-del-1-2\/\">12 december 2026 &amp; 5 januari 2027<\/a><a class=\"wpgb-block-1\" href=\"https:\/\/cameratanordica.com\/sv\/production\/bach-juloratoriet-del-1-2\/\">Kalmar Domkyrkok\u00f6r<\/a><a class=\"wpgb-block-5\" href=\"https:\/\/cameratanordica.com\/sv\/production\/bach-juloratoriet-del-1-2\/\">Musiker ur Camerata Nordica<\/a><div class=\"wpgb-block-3\">I samarbete med Kalmar Domkyrkof\u00f6rsamling och Kalmar Domkyrkok\u00f6r presenterar vi Bachs \u00e4lskade m\u00e4sterverk, Juloratoriet.<\/div><\/div><div class=\"wpgb-card-footer\" data-action><a class=\"wpgb-block-4\" href=\"https:\/\/cameratanordica.com\/sv\/production\/bach-juloratoriet-del-1-2\/\">info &amp; biljetter<\/a><a class=\"wpgb-card-layer-link\" aria-label=\"Produktioner\" href=\"https:\/\/cameratanordica.com\/sv\/production\/bach-juloratoriet-del-1-2\/\"><\/a><\/div><\/div><\/div><\/div><\/article><article class=\"wpgb-card wpgb-card-23 wpgb-post-21194\" data-col=\"1\" data-row=\"1\" data-format=\"standard\"><div class=\"wpgb-card-wrapper\"><div class=\"wpgb-card-inner\"><div class=\"wpgb-card-media wpgb-scheme-light\"><svg data-ratio style=\"padding-top:56.25%\" viewBox=\"0 0 768 432\" aria-hidden=\"true\"><\/svg><div class=\"wpgb-card-media-thumbnail\"><a href=\"https:\/\/cameratanordica.com\/wp-content\/uploads\/2026\/06\/New-Year-16-9.jpg\" tabindex=\"-1\" class=\"wpgb-handle-lb wpgb-lightbox\" data-type=\"image\" data-rel=\"1\" data-title=\"New Year 16 9\" title=\"Enlarge photo\"><div style=\"background-image:url(https:\/\/cameratanordica.com\/wp-content\/uploads\/2026\/06\/New-Year-16-9-768x432.jpg)\"><\/div><noscript><img decoding=\"async\" class=\"wpgb-noscript-img\" src=\"https:\/\/cameratanordica.com\/wp-content\/uploads\/2026\/06\/New-Year-16-9-768x432.jpg\" alt=\"\" height=\"432\" width=\"768\"><\/noscript><\/a><\/div><\/div><div class=\"wpgb-card-content wpgb-scheme-dark\"><div class=\"wpgb-card-body\"><div class=\"wpgb-block-8\"><span class=\"wpgb-block-term\" data-id=\"197\">Oskarshamn<\/span><span class=\"wpgb-block-term\" data-id=\"198\">Kalmar<\/span><span class=\"wpgb-block-term\" data-id=\"199\">V\u00e4stervik<\/span><span class=\"wpgb-block-term\" data-id=\"230\">Varberg<\/span><span class=\"wpgb-block-term\" data-id=\"255\">Vimmerby<\/span><span class=\"wpgb-block-term\" data-id=\"293\">Borgholm<\/span><\/div><h3 class=\"wpgb-block-2\"><a href=\"https:\/\/cameratanordica.com\/sv\/production\/nyarskonsert-2027\/\">Ny\u00e5rskonsert 2027<\/a><\/h3><a class=\"wpgb-block-6\" href=\"https:\/\/cameratanordica.com\/sv\/production\/nyarskonsert-2027\/\">31 december 2026 - 6 januari 2027<\/a><a class=\"wpgb-block-1\" href=\"https:\/\/cameratanordica.com\/sv\/production\/nyarskonsert-2027\/\">Colin Scobie, ledare, violin<\/a><a class=\"wpgb-block-5\" href=\"https:\/\/cameratanordica.com\/sv\/production\/nyarskonsert-2027\/\">Camerata Nordica Chamber Ensemble<\/a><div class=\"wpgb-block-3\">F\u00f6r fj\u00e4rde \u00e5ret i rad ringer Camerata Nordica in det nya \u00e5ret med en kv\u00e4ll fylld av v\u00e4rme, humor och oemotst\u00e5ndlig musik.<\/div><\/div><div class=\"wpgb-card-footer\" data-action><a class=\"wpgb-block-4\" href=\"https:\/\/cameratanordica.com\/sv\/production\/nyarskonsert-2027\/\">info &amp; biljetter<\/a><a class=\"wpgb-card-layer-link\" aria-label=\"Produktioner\" href=\"https:\/\/cameratanordica.com\/sv\/production\/nyarskonsert-2027\/\"><\/a><\/div><\/div><\/div><\/div><\/article><article class=\"wpgb-card wpgb-card-23 wpgb-post-21402\" data-col=\"1\" data-row=\"1\" data-format=\"standard\"><div class=\"wpgb-card-wrapper\"><div class=\"wpgb-card-inner\"><div class=\"wpgb-card-media wpgb-scheme-light\"><svg data-ratio style=\"padding-top:66.67%\" viewBox=\"0 0 768 512\" aria-hidden=\"true\"><\/svg><div class=\"wpgb-card-media-thumbnail\"><a href=\"https:\/\/cameratanordica.com\/wp-content\/uploads\/2026\/06\/\u00a9-Lisa-Madestam-2-scaled-e1781209766340.jpg\" tabindex=\"-1\" class=\"wpgb-handle-lb wpgb-lightbox\" data-type=\"image\" data-rel=\"1\" data-title=\"\u00a9 Lisa Madestam-2\" title=\"Enlarge photo\"><div style=\"background-image:url(https:\/\/cameratanordica.com\/wp-content\/uploads\/2026\/06\/\u00a9-Lisa-Madestam-2-768x512.jpg)\"><\/div><noscript><img decoding=\"async\" class=\"wpgb-noscript-img\" src=\"https:\/\/cameratanordica.com\/wp-content\/uploads\/2026\/06\/\u00a9-Lisa-Madestam-2-768x512.jpg\" alt=\"\" height=\"512\" width=\"768\"><\/noscript><\/a><\/div><\/div><div class=\"wpgb-card-content wpgb-scheme-dark\"><div class=\"wpgb-card-body\"><div class=\"wpgb-block-8\"><span class=\"wpgb-block-term\" data-id=\"498\">Holland<\/span><span class=\"wpgb-block-term\" data-id=\"499\">Cedar City<\/span><span class=\"wpgb-block-term\" data-id=\"500\">Washington<\/span><span class=\"wpgb-block-term\" data-id=\"501\">Edmond<\/span><\/div><h3 class=\"wpgb-block-2\"><a href=\"https:\/\/cameratanordica.com\/sv\/production\/camerata-nordica-octet-usa-turne-i-januari-2027\/\">Camerata Nordica Octet \u2013 USA-turn\u00e9 i januari 2027<\/a><\/h3><a class=\"wpgb-block-6\" href=\"https:\/\/cameratanordica.com\/sv\/production\/camerata-nordica-octet-usa-turne-i-januari-2027\/\">13\u201324 januari 2027<\/a><a class=\"wpgb-block-1\" href=\"https:\/\/cameratanordica.com\/sv\/production\/camerata-nordica-octet-usa-turne-i-januari-2027\/\">Camerata Nordica Octet<\/a><div class=\"wpgb-block-3\">Camerata Nordica \u00e5terv\u00e4nder till USA i januari 2027 f\u00f6r en omfattande turn\u00e9 med en oktett, d\u00e4r de kommer att upptr\u00e4da i flera st\u00e4der runt om i landet med ett program best\u00e5ende av skandinavisk folkmusik, nordiska landskap och m\u00e4sterverk f\u00f6r str\u00e5kkammarmusik.<\/div><\/div><div class=\"wpgb-card-footer\" data-action><a class=\"wpgb-block-4\" href=\"https:\/\/cameratanordica.com\/sv\/production\/camerata-nordica-octet-usa-turne-i-januari-2027\/\">info &amp; biljetter<\/a><a class=\"wpgb-card-layer-link\" aria-label=\"Produktioner\" href=\"https:\/\/cameratanordica.com\/sv\/production\/camerata-nordica-octet-usa-turne-i-januari-2027\/\"><\/a><\/div><\/div><\/div><\/div><\/article><article class=\"wpgb-card wpgb-card-23 wpgb-post-21334\" data-col=\"1\" data-row=\"1\" data-format=\"standard\"><div class=\"wpgb-card-wrapper\"><div class=\"wpgb-card-inner\"><div class=\"wpgb-card-media wpgb-scheme-light\"><svg data-ratio style=\"padding-top:56.25%\" viewBox=\"0 0 768 432\" aria-hidden=\"true\"><\/svg><div class=\"wpgb-card-media-thumbnail\"><a href=\"https:\/\/cameratanordica.com\/wp-content\/uploads\/2026\/06\/Relaxed-16-9.jpg\" tabindex=\"-1\" class=\"wpgb-handle-lb wpgb-lightbox\" data-type=\"image\" data-rel=\"1\" data-title=\"Relaxed 16 9\" title=\"Enlarge photo\"><div style=\"background-image:url(https:\/\/cameratanordica.com\/wp-content\/uploads\/2026\/06\/Relaxed-16-9-768x432.jpg)\"><\/div><noscript><img decoding=\"async\" class=\"wpgb-noscript-img\" src=\"https:\/\/cameratanordica.com\/wp-content\/uploads\/2026\/06\/Relaxed-16-9-768x432.jpg\" alt=\"\" height=\"432\" width=\"768\"><\/noscript><\/a><\/div><\/div><div class=\"wpgb-card-content wpgb-scheme-dark\"><div class=\"wpgb-card-body\"><div class=\"wpgb-block-8\"><span class=\"wpgb-block-term\" data-id=\"198\">Kalmar<\/span><\/div><h3 class=\"wpgb-block-2\"><a href=\"https:\/\/cameratanordica.com\/sv\/production\/relaxed-performance-trettondagskonsert\/\">Relaxed Performance: Trettondagskonsert<\/a><\/h3><a class=\"wpgb-block-6\" href=\"https:\/\/cameratanordica.com\/sv\/production\/relaxed-performance-trettondagskonsert\/\">5 januari 2027<\/a><a class=\"wpgb-block-1\" href=\"https:\/\/cameratanordica.com\/sv\/production\/relaxed-performance-trettondagskonsert\/\">Colin Scobie, ledare<\/a><a class=\"wpgb-block-5\" href=\"https:\/\/cameratanordica.com\/sv\/production\/relaxed-performance-trettondagskonsert\/\">Camerata Nordica Chamber Ensemble<\/a><div class=\"wpgb-block-3\">Camerata Nordica bjuder in till Relaxed Performance - en konsert anpassad f\u00f6r att vara tillg\u00e4nglig f\u00f6r alla, oavsett funktionsvariation och \u00e5lder.<\/div><\/div><div class=\"wpgb-card-footer\" data-action><a class=\"wpgb-block-4\" href=\"https:\/\/cameratanordica.com\/sv\/production\/relaxed-performance-trettondagskonsert\/\">info &amp; biljetter<\/a><a class=\"wpgb-card-layer-link\" aria-label=\"Produktioner\" href=\"https:\/\/cameratanordica.com\/sv\/production\/relaxed-performance-trettondagskonsert\/\"><\/a><\/div><\/div><\/div><\/div><\/article><article class=\"wpgb-card wpgb-card-23 wpgb-post-21195\" data-col=\"1\" data-row=\"1\" data-format=\"standard\"><div class=\"wpgb-card-wrapper\"><div class=\"wpgb-card-inner\"><div class=\"wpgb-card-media wpgb-scheme-light\"><svg data-ratio style=\"padding-top:56.25%\" viewBox=\"0 0 768 432\" aria-hidden=\"true\"><\/svg><div class=\"wpgb-card-media-thumbnail\"><a href=\"https:\/\/cameratanordica.com\/wp-content\/uploads\/2026\/06\/Classics-16-9.jpg\" tabindex=\"-1\" class=\"wpgb-handle-lb wpgb-lightbox\" data-type=\"image\" data-rel=\"1\" data-title=\"Classics 16 9\" title=\"Enlarge photo\"><div style=\"background-image:url(https:\/\/cameratanordica.com\/wp-content\/uploads\/2026\/06\/Classics-16-9-768x432.jpg)\"><\/div><noscript><img decoding=\"async\" class=\"wpgb-noscript-img\" src=\"https:\/\/cameratanordica.com\/wp-content\/uploads\/2026\/06\/Classics-16-9-768x432.jpg\" alt=\"\" height=\"432\" width=\"768\"><\/noscript><\/a><\/div><\/div><div class=\"wpgb-card-content wpgb-scheme-dark\"><div class=\"wpgb-card-body\"><div class=\"wpgb-block-8\"><span class=\"wpgb-block-term\" data-id=\"197\">Oskarshamn<\/span><span class=\"wpgb-block-term\" data-id=\"198\">Kalmar<\/span><span class=\"wpgb-block-term\" data-id=\"199\">V\u00e4stervik<\/span><span class=\"wpgb-block-term\" data-id=\"256\">Karlshamn<\/span><span class=\"wpgb-block-term\" data-id=\"270\">Hultsfred<\/span><span class=\"wpgb-block-term\" data-id=\"328\">Karlskrona<\/span><\/div><h3 class=\"wpgb-block-2\"><a href=\"https:\/\/cameratanordica.com\/sv\/production\/classics-by-camerata\/\">Classics by Camerata<\/a><\/h3><a class=\"wpgb-block-6\" href=\"https:\/\/cameratanordica.com\/sv\/production\/classics-by-camerata\/\">5-10 Februari 2027<\/a><a class=\"wpgb-block-1\" href=\"https:\/\/cameratanordica.com\/sv\/production\/classics-by-camerata\/\">Z\u00e9phyrin Rey-Bellet, ledare &amp; solist, cello<\/a><a class=\"wpgb-block-5\" href=\"https:\/\/cameratanordica.com\/sv\/production\/classics-by-camerata\/\">Camerata Nordica<\/a><div class=\"wpgb-block-3\">Denna konsert lyfter fram musiken som ligger Camerata Nordica allra n\u00e4rmast. Med Z\u00e9phyrin Rey-Bellet som ledare fr\u00e5n cellon presenterar orkestern ett program som speglar ensemblets naturliga uttryckskraft, vitalitet och stilistiska bredd. <\/div><\/div><div class=\"wpgb-card-footer\" data-action><a class=\"wpgb-block-4\" href=\"https:\/\/cameratanordica.com\/sv\/production\/classics-by-camerata\/\">info &amp; biljetter<\/a><a class=\"wpgb-card-layer-link\" aria-label=\"Produktioner\" href=\"https:\/\/cameratanordica.com\/sv\/production\/classics-by-camerata\/\"><\/a><\/div><\/div><\/div><\/div><\/article><article class=\"wpgb-card wpgb-card-23 wpgb-post-21196\" data-col=\"1\" data-row=\"1\" data-format=\"standard\"><div class=\"wpgb-card-wrapper\"><div class=\"wpgb-card-inner\"><div class=\"wpgb-card-media wpgb-scheme-light\"><svg data-ratio style=\"padding-top:56.25%\" viewBox=\"0 0 768 432\" aria-hidden=\"true\"><\/svg><div class=\"wpgb-card-media-thumbnail\"><a href=\"https:\/\/cameratanordica.com\/wp-content\/uploads\/2026\/06\/Broman-16-9.jpg\" tabindex=\"-1\" class=\"wpgb-handle-lb wpgb-lightbox\" data-type=\"image\" data-rel=\"1\" data-title=\"Broman 16 9\" title=\"Enlarge photo\"><div style=\"background-image:url(https:\/\/cameratanordica.com\/wp-content\/uploads\/2026\/06\/Broman-16-9-768x432.jpg)\"><\/div><noscript><img decoding=\"async\" class=\"wpgb-noscript-img\" src=\"https:\/\/cameratanordica.com\/wp-content\/uploads\/2026\/06\/Broman-16-9-768x432.jpg\" alt=\"\" height=\"432\" width=\"768\"><\/noscript><\/a><\/div><\/div><div class=\"wpgb-card-content wpgb-scheme-dark\"><div class=\"wpgb-card-body\"><div class=\"wpgb-block-8\"><span class=\"wpgb-block-term\" data-id=\"198\">Kalmar<\/span><span class=\"wpgb-block-term\" data-id=\"199\">V\u00e4stervik<\/span><span class=\"wpgb-block-term\" data-id=\"271\">Landskrona<\/span><span class=\"wpgb-block-term\" data-id=\"473\">Kristianstad<\/span><\/div><h3 class=\"wpgb-block-2\"><a href=\"https:\/\/cameratanordica.com\/sv\/production\/malin-broman-camerata-nordica\/\">Malin Broman &#038; Camerata Nordica<\/a><\/h3><a class=\"wpgb-block-6\" href=\"https:\/\/cameratanordica.com\/sv\/production\/malin-broman-camerata-nordica\/\">11-14 mars 2027<\/a><a class=\"wpgb-block-1\" href=\"https:\/\/cameratanordica.com\/sv\/production\/malin-broman-camerata-nordica\/\">Malin Broman, ledare &amp; solist, violin<\/a><a class=\"wpgb-block-5\" href=\"https:\/\/cameratanordica.com\/sv\/production\/malin-broman-camerata-nordica\/\">Camerata Nordica<\/a><div class=\"wpgb-block-3\">Detta program f\u00f6ljer en tydlig och vacker musikalisk b\u00e5ge, levandegjord av Malin Broman, en av Sveriges mest uppskattade violinister och en m\u00e5ng\u00e5rig v\u00e4n till Camerata Nordica. Hennes dynamiska ledarskap, varma ton och djupa musikalitet g\u00f6r henne till en idealisk v\u00e4gvisare genom denna f\u00e4rgrika resa. <\/div><\/div><div class=\"wpgb-card-footer\" data-action><a class=\"wpgb-block-4\" href=\"https:\/\/cameratanordica.com\/sv\/production\/malin-broman-camerata-nordica\/\">info &amp; biljetter<\/a><a class=\"wpgb-card-layer-link\" aria-label=\"Produktioner\" href=\"https:\/\/cameratanordica.com\/sv\/production\/malin-broman-camerata-nordica\/\"><\/a><\/div><\/div><\/div><\/div><\/article><article class=\"wpgb-card wpgb-card-23 wpgb-post-21312\" data-col=\"1\" data-row=\"1\" data-format=\"standard\"><div class=\"wpgb-card-wrapper\"><div class=\"wpgb-card-inner\"><div class=\"wpgb-card-media wpgb-scheme-light\"><svg data-ratio style=\"padding-top:56.25%\" viewBox=\"0 0 768 432\" aria-hidden=\"true\"><\/svg><div class=\"wpgb-card-media-thumbnail\"><a href=\"https:\/\/cameratanordica.com\/wp-content\/uploads\/2026\/06\/Octet-16-9.jpg\" tabindex=\"-1\" class=\"wpgb-handle-lb wpgb-lightbox\" data-type=\"image\" data-rel=\"1\" data-title=\"Octet 16 9\" title=\"Enlarge photo\"><div style=\"background-image:url(https:\/\/cameratanordica.com\/wp-content\/uploads\/2026\/06\/Octet-16-9-768x432.jpg)\"><\/div><noscript><img decoding=\"async\" class=\"wpgb-noscript-img\" src=\"https:\/\/cameratanordica.com\/wp-content\/uploads\/2026\/06\/Octet-16-9-768x432.jpg\" alt=\"\" height=\"432\" width=\"768\"><\/noscript><\/a><\/div><\/div><div class=\"wpgb-card-content wpgb-scheme-dark\"><div class=\"wpgb-card-body\"><div class=\"wpgb-block-8\"><span class=\"wpgb-block-term\" data-id=\"197\">Oskarshamn<\/span><span class=\"wpgb-block-term\" data-id=\"198\">Kalmar<\/span><\/div><h3 class=\"wpgb-block-2\"><a href=\"https:\/\/cameratanordica.com\/sv\/production\/camerata-nordica-octet\/\">Camerata Nordica Octet<\/a><\/h3><a class=\"wpgb-block-6\" href=\"https:\/\/cameratanordica.com\/sv\/production\/camerata-nordica-octet\/\">2-6 April 2027<\/a><a class=\"wpgb-block-1\" href=\"https:\/\/cameratanordica.com\/sv\/production\/camerata-nordica-octet\/\">Shuichi Okada, ledare<\/a><a class=\"wpgb-block-5\" href=\"https:\/\/cameratanordica.com\/sv\/production\/camerata-nordica-octet\/\">Camerata Nordica Octet<\/a><div class=\"wpgb-block-3\">Efter en turn\u00e9 i USA \u00e5terv\u00e4nder \u00e5tta musiker fr\u00e5n Camerata Nordica hem \u2014 och de \u00e4r mycket glada \u00f6ver att f\u00e5 dela med sig av detta program till sin hemmapublik.<\/div><\/div><div class=\"wpgb-card-footer\" data-action><a class=\"wpgb-block-4\" href=\"https:\/\/cameratanordica.com\/sv\/production\/camerata-nordica-octet\/\">info &amp; biljetter<\/a><a class=\"wpgb-card-layer-link\" aria-label=\"Produktioner\" href=\"https:\/\/cameratanordica.com\/sv\/production\/camerata-nordica-octet\/\"><\/a><\/div><\/div><\/div><\/div><\/article><article class=\"wpgb-card wpgb-card-23 wpgb-post-21396\" data-col=\"1\" data-row=\"1\" data-format=\"standard\"><div class=\"wpgb-card-wrapper\"><div class=\"wpgb-card-inner\"><div class=\"wpgb-card-media wpgb-scheme-light\"><svg data-ratio style=\"padding-top:56.25%\" viewBox=\"0 0 768 432\" aria-hidden=\"true\"><\/svg><div class=\"wpgb-card-media-thumbnail\"><a href=\"https:\/\/cameratanordica.com\/wp-content\/uploads\/2025\/09\/CN-OCTET-1-\u00a9-Lisa-Madestam-16-9-scaled.jpg\" tabindex=\"-1\" class=\"wpgb-handle-lb wpgb-lightbox\" data-type=\"image\" data-rel=\"1\" data-title=\"CN OCTET 1 \u00a9 Lisa Madestam 16-9\" title=\"Enlarge photo\"><div style=\"background-image:url(https:\/\/cameratanordica.com\/wp-content\/uploads\/2025\/09\/CN-OCTET-1-\u00a9-Lisa-Madestam-16-9-768x432.jpg)\"><\/div><noscript><img decoding=\"async\" class=\"wpgb-noscript-img\" src=\"https:\/\/cameratanordica.com\/wp-content\/uploads\/2025\/09\/CN-OCTET-1-\u00a9-Lisa-Madestam-16-9-768x432.jpg\" alt=\"\" height=\"432\" width=\"768\"><\/noscript><\/a><\/div><\/div><div class=\"wpgb-card-content wpgb-scheme-dark\"><div class=\"wpgb-card-body\"><div class=\"wpgb-block-8\"><span class=\"wpgb-block-term\" data-id=\"467\">G\u00f6teborg<\/span><span class=\"wpgb-block-term\" data-id=\"468\">Stockholm<\/span><\/div><h3 class=\"wpgb-block-2\"><a href=\"https:\/\/cameratanordica.com\/sv\/production\/camerata-nordica-oktett-goteborg-stockholm\/\">Camerata Nordica Oktett \u2013 G\u00f6teborg &#038; Stockholm<\/a><\/h3><a class=\"wpgb-block-6\" href=\"https:\/\/cameratanordica.com\/sv\/production\/camerata-nordica-oktett-goteborg-stockholm\/\">5\u20136 april 2027<\/a><a class=\"wpgb-block-1\" href=\"https:\/\/cameratanordica.com\/sv\/production\/camerata-nordica-oktett-goteborg-stockholm\/\">Camerata Nordica Octet<\/a><div class=\"wpgb-block-3\">D\u00e4r nordiska ljudlandskap, nya best\u00e4llningsverk och m\u00e4sterverk inom kammarmusiken m\u00f6ts<\/div><\/div><div class=\"wpgb-card-footer\" data-action><a class=\"wpgb-block-4\" href=\"https:\/\/cameratanordica.com\/sv\/production\/camerata-nordica-oktett-goteborg-stockholm\/\">info &amp; biljetter<\/a><a class=\"wpgb-card-layer-link\" aria-label=\"Produktioner\" href=\"https:\/\/cameratanordica.com\/sv\/production\/camerata-nordica-oktett-goteborg-stockholm\/\"><\/a><\/div><\/div><\/div><\/div><\/article><article class=\"wpgb-card wpgb-card-23 wpgb-post-21403\" data-col=\"1\" data-row=\"1\" data-format=\"standard\"><div class=\"wpgb-card-wrapper\"><div class=\"wpgb-card-inner\"><div class=\"wpgb-card-media wpgb-scheme-light\"><svg data-ratio style=\"padding-top:66.67%\" viewBox=\"0 0 768 512\" aria-hidden=\"true\"><\/svg><div class=\"wpgb-card-media-thumbnail\"><a href=\"https:\/\/cameratanordica.com\/wp-content\/uploads\/2025\/08\/CN-OCTET-6-\u00a9-Lisa-Madestam-scaled-e1781211055532.jpg\" tabindex=\"-1\" class=\"wpgb-handle-lb wpgb-lightbox\" data-type=\"image\" data-rel=\"1\" data-title=\"CN OCTET 6 \u00a9 Lisa Madestam\" title=\"Enlarge photo\"><div style=\"background-image:url(https:\/\/cameratanordica.com\/wp-content\/uploads\/2025\/08\/CN-OCTET-6-\u00a9-Lisa-Madestam-768x512.jpg)\"><\/div><noscript><img decoding=\"async\" class=\"wpgb-noscript-img\" src=\"https:\/\/cameratanordica.com\/wp-content\/uploads\/2025\/08\/CN-OCTET-6-\u00a9-Lisa-Madestam-768x512.jpg\" alt=\"\" height=\"512\" width=\"768\"><\/noscript><\/a><\/div><\/div><div class=\"wpgb-card-content wpgb-scheme-dark\"><div class=\"wpgb-card-body\"><div class=\"wpgb-block-8\"><span class=\"wpgb-block-term\" data-id=\"436\">New-York<\/span><span class=\"wpgb-block-term\" data-id=\"503\">San Francisco<\/span><span class=\"wpgb-block-term\" data-id=\"504\">Healdsburg<\/span><span class=\"wpgb-block-term\" data-id=\"505\">Minneapolis<\/span><span class=\"wpgb-block-term\" data-id=\"506\">Laguna Woods<\/span><\/div><h3 class=\"wpgb-block-2\"><a href=\"https:\/\/cameratanordica.com\/sv\/production\/camerata-nordica-octet-usa-turne-varen-2027\/\">Camerata Nordica Octet \u2013 USA-turn\u00e9 v\u00e5ren 2027<\/a><\/h3><a class=\"wpgb-block-6\" href=\"https:\/\/cameratanordica.com\/sv\/production\/camerata-nordica-octet-usa-turne-varen-2027\/\">20 april \u2013 3 maj 2027<\/a><a class=\"wpgb-block-1\" href=\"https:\/\/cameratanordica.com\/sv\/production\/camerata-nordica-octet-usa-turne-varen-2027\/\">Camerata Nordica Chamber Ensemble<\/a><div class=\"wpgb-block-3\">Camerata Nordica \u00e5terv\u00e4nder till USA i januari 2027 f\u00f6r en omfattande turn\u00e9 med en oktett, d\u00e4r de kommer att upptr\u00e4da i flera st\u00e4der runt om i landet med ett program best\u00e5ende av skandinavisk folkmusik, nordiska landskap och m\u00e4sterverk f\u00f6r str\u00e5kkammarmusik.<\/div><\/div><div class=\"wpgb-card-footer\" data-action><a class=\"wpgb-block-4\" href=\"https:\/\/cameratanordica.com\/sv\/production\/camerata-nordica-octet-usa-turne-varen-2027\/\">info &amp; biljetter<\/a><a class=\"wpgb-card-layer-link\" aria-label=\"Produktioner\" href=\"https:\/\/cameratanordica.com\/sv\/production\/camerata-nordica-octet-usa-turne-varen-2027\/\"><\/a><\/div><\/div><\/div><\/div><\/article>\t\t<\/div>\n\t<\/div>\n\t<\/div>\n\t<\/div>\n\t\t<\/div>\n<\/div>\n<\/div><\/div><\/div><\/div><\/p>\n","protected":false},"excerpt":{"rendered":"","protected":false},"author":2,"featured_media":0,"parent":0,"menu_order":0,"comment_status":"closed","ping_status":"closed","template":"100-width.php","meta":{"_acf_changed":false,"footnotes":""},"class_list":["post-19725","page","type-page","status-publish","hentry"],"acf":[],"yoast_head":"<!-- This site is optimized with the Yoast SEO plugin v28.3 - https:\/\/yoast.com\/product\/yoast-seo-wordpress\/ -->\n<title>Program &amp; biljetter - Camerata Nordica<\/title>\n<meta name=\"robots\" content=\"index, follow, max-snippet:-1, max-image-preview:large, max-video-preview:-1\" \/>\n<link rel=\"canonical\" href=\"https:\/\/cameratanordica.com\/sv\/program-biljetter\/\" \/>\n<meta property=\"og:locale\" content=\"sv_SE\" \/>\n<meta property=\"og:type\" content=\"article\" \/>\n<meta property=\"og:title\" content=\"Program &amp; biljetter - Camerata Nordica\" \/>\n<meta property=\"og:url\" content=\"https:\/\/cameratanordica.com\/sv\/program-biljetter\/\" \/>\n<meta property=\"og:site_name\" content=\"Camerata Nordica\" \/>\n<meta property=\"article:modified_time\" content=\"2026-06-11T15:52:43+00:00\" \/>\n<meta name=\"twitter:card\" content=\"summary_large_image\" \/>\n<meta name=\"twitter:label1\" content=\"Ber\u00e4knad l\u00e4stid\" \/>\n\t<meta name=\"twitter:data1\" content=\"24 minuter\" \/>\n<script type=\"application\/ld+json\" class=\"yoast-schema-graph\">{\"@context\":\"https:\\\/\\\/schema.org\",\"@graph\":[{\"@type\":\"WebPage\",\"@id\":\"https:\\\/\\\/cameratanordica.com\\\/sv\\\/program-biljetter\\\/\",\"url\":\"https:\\\/\\\/cameratanordica.com\\\/sv\\\/program-biljetter\\\/\",\"name\":\"Program &amp; biljetter - Camerata Nordica\",\"isPartOf\":{\"@id\":\"https:\\\/\\\/cameratanordica.com\\\/#website\"},\"datePublished\":\"2023-05-27T17:00:28+00:00\",\"dateModified\":\"2026-06-11T15:52:43+00:00\",\"breadcrumb\":{\"@id\":\"https:\\\/\\\/cameratanordica.com\\\/sv\\\/program-biljetter\\\/#breadcrumb\"},\"inLanguage\":\"sv-SE\",\"potentialAction\":[{\"@type\":\"ReadAction\",\"target\":[\"https:\\\/\\\/cameratanordica.com\\\/sv\\\/program-biljetter\\\/\"]}]},{\"@type\":\"BreadcrumbList\",\"@id\":\"https:\\\/\\\/cameratanordica.com\\\/sv\\\/program-biljetter\\\/#breadcrumb\",\"itemListElement\":[{\"@type\":\"ListItem\",\"position\":1,\"name\":\"Home\",\"item\":\"https:\\\/\\\/cameratanordica.com\\\/sv\\\/hem-3\\\/\"},{\"@type\":\"ListItem\",\"position\":2,\"name\":\"Program &amp; biljetter\"}]},{\"@type\":\"WebSite\",\"@id\":\"https:\\\/\\\/cameratanordica.com\\\/#website\",\"url\":\"https:\\\/\\\/cameratanordica.com\\\/\",\"name\":\"Camerata Nordica\",\"description\":\"\",\"potentialAction\":[{\"@type\":\"SearchAction\",\"target\":{\"@type\":\"EntryPoint\",\"urlTemplate\":\"https:\\\/\\\/cameratanordica.com\\\/?s={search_term_string}\"},\"query-input\":{\"@type\":\"PropertyValueSpecification\",\"valueRequired\":true,\"valueName\":\"search_term_string\"}}],\"inLanguage\":\"sv-SE\"}]}<\/script>\n<!-- \/ Yoast SEO plugin. -->","yoast_head_json":{"title":"Program &amp; biljetter - Camerata Nordica","robots":{"index":"index","follow":"follow","max-snippet":"max-snippet:-1","max-image-preview":"max-image-preview:large","max-video-preview":"max-video-preview:-1"},"canonical":"https:\/\/cameratanordica.com\/sv\/program-biljetter\/","og_locale":"sv_SE","og_type":"article","og_title":"Program &amp; biljetter - Camerata Nordica","og_url":"https:\/\/cameratanordica.com\/sv\/program-biljetter\/","og_site_name":"Camerata Nordica","article_modified_time":"2026-06-11T15:52:43+00:00","twitter_card":"summary_large_image","twitter_misc":{"Ber\u00e4knad l\u00e4stid":"24 minuter"},"schema":{"@context":"https:\/\/schema.org","@graph":[{"@type":"WebPage","@id":"https:\/\/cameratanordica.com\/sv\/program-biljetter\/","url":"https:\/\/cameratanordica.com\/sv\/program-biljetter\/","name":"Program &amp; biljetter - Camerata Nordica","isPartOf":{"@id":"https:\/\/cameratanordica.com\/#website"},"datePublished":"2023-05-27T17:00:28+00:00","dateModified":"2026-06-11T15:52:43+00:00","breadcrumb":{"@id":"https:\/\/cameratanordica.com\/sv\/program-biljetter\/#breadcrumb"},"inLanguage":"sv-SE","potentialAction":[{"@type":"ReadAction","target":["https:\/\/cameratanordica.com\/sv\/program-biljetter\/"]}]},{"@type":"BreadcrumbList","@id":"https:\/\/cameratanordica.com\/sv\/program-biljetter\/#breadcrumb","itemListElement":[{"@type":"ListItem","position":1,"name":"Home","item":"https:\/\/cameratanordica.com\/sv\/hem-3\/"},{"@type":"ListItem","position":2,"name":"Program &amp; biljetter"}]},{"@type":"WebSite","@id":"https:\/\/cameratanordica.com\/#website","url":"https:\/\/cameratanordica.com\/","name":"Camerata Nordica","description":"","potentialAction":[{"@type":"SearchAction","target":{"@type":"EntryPoint","urlTemplate":"https:\/\/cameratanordica.com\/?s={search_term_string}"},"query-input":{"@type":"PropertyValueSpecification","valueRequired":true,"valueName":"search_term_string"}}],"inLanguage":"sv-SE"}]}},"publishpress_future_action":{"enabled":false,"date":"2026-09-07 12:02:18","action":"change-status","newStatus":"draft","terms":[],"taxonomy":"translation_priority","extraData":[]},"publishpress_future_workflow_manual_trigger":{"enabledWorkflows":[]},"_links":{"self":[{"href":"https:\/\/cameratanordica.com\/sv\/wp-json\/wp\/v2\/pages\/19725","targetHints":{"allow":["GET"]}}],"collection":[{"href":"https:\/\/cameratanordica.com\/sv\/wp-json\/wp\/v2\/pages"}],"about":[{"href":"https:\/\/cameratanordica.com\/sv\/wp-json\/wp\/v2\/types\/page"}],"author":[{"embeddable":true,"href":"https:\/\/cameratanordica.com\/sv\/wp-json\/wp\/v2\/users\/2"}],"replies":[{"embeddable":true,"href":"https:\/\/cameratanordica.com\/sv\/wp-json\/wp\/v2\/comments?post=19725"}],"version-history":[{"count":7,"href":"https:\/\/cameratanordica.com\/sv\/wp-json\/wp\/v2\/pages\/19725\/revisions"}],"predecessor-version":[{"id":21379,"href":"https:\/\/cameratanordica.com\/sv\/wp-json\/wp\/v2\/pages\/19725\/revisions\/21379"}],"wp:attachment":[{"href":"https:\/\/cameratanordica.com\/sv\/wp-json\/wp\/v2\/media?parent=19725"}],"curies":[{"name":"wp","href":"https:\/\/api.w.org\/{rel}","templated":true}]}}